{"id":1155,"date":"2024-05-29T16:12:16","date_gmt":"2024-05-29T13:12:16","guid":{"rendered":"https:\/\/damlazenar.com\/invisalign-kabellose-kieferorthopaedie\/"},"modified":"2024-06-03T20:46:53","modified_gmt":"2024-06-03T17:46:53","slug":"invisalign-kabellose-kieferorthopaedie","status":"publish","type":"page","link":"https:\/\/damlazenar.com\/de\/invisalign-kabellose-kieferorthopaedie\/","title":{"rendered":"Invisalign (Kabellose Kieferorthop\u00e4die)"},"content":{"rendered":"\n<div class=\"wp-block-media-text is-stacked-on-mobile\" style=\"grid-template-columns:58% auto\"><figure class=\"wp-block-media-text__media\"><img data-recalc-dims=\"1\" fetchpriority=\"high\" decoding=\"async\" width=\"900\" height=\"620\" src=\"https:\/\/i0.wp.com\/damlazenar.com\/wp-content\/uploads\/2024\/05\/1-24.jpg?resize=900%2C620&#038;ssl=1\" alt=\"\" class=\"wp-image-224 size-full\" srcset=\"https:\/\/i0.wp.com\/damlazenar.com\/wp-content\/uploads\/2024\/05\/1-24.jpg?w=900&amp;ssl=1 900w, https:\/\/i0.wp.com\/damlazenar.com\/wp-content\/uploads\/2024\/05\/1-24.jpg?resize=300%2C207&amp;ssl=1 300w, https:\/\/i0.wp.com\/damlazenar.com\/wp-content\/uploads\/2024\/05\/1-24.jpg?resize=768%2C529&amp;ssl=1 768w\" sizes=\"(max-width: 900px) 100vw, 900px\" \/><\/figure><div class=\"wp-block-media-text__content\">\n<p class=\"wp-block-paragraph\">Bei Patienten, die einen kieferorthop\u00e4dischen Eingriff ben\u00f6tigen, kann ein Engstand ohne Brackets und Dr\u00e4hte korrigiert werden, indem <strong>transparente Abformungen verwendet werden <\/strong>. Es ist notwendig, diese patientenspezifischen Formen, die alle zwei Wochen gewechselt werden, etwa 20 Stunden am Tag zu verwenden.  <\/p>\n\n\n\n<p class=\"wp-block-paragraph\">Die Dauer der Behandlung variiert je nach Fall zwischen 2 und 24 Monaten. W\u00e4hrend dieser Zeit sollten die Aligner nur <strong>zum Essen, Trinken oder Z\u00e4hneputzen herausgenommen werden.<\/strong><\/p>\n\n\n\n<p class=\"wp-block-paragraph\">Im Rahmen der Behandlung <strong>wird nach<\/strong> etwa <strong>zwei Wochen<\/strong> ein <strong>neuer Aligner eingesetzt<\/strong>. Der neue Aligner unterscheidet sich geringf\u00fcgig vom alten Aligner, wodurch die Z\u00e4hne gerader werden. Die Anpassung von Korrekturschienen ist ein Schritt zu einem besseren Aussehen der Z\u00e4hne.<\/p>\n<\/div><\/div>\n\n<p class=\"wp-block-paragraph\"><\/p>\n","protected":false},"excerpt":{"rendered":"<p>Bei Patienten, die einen kieferorthop\u00e4dischen Eingriff ben\u00f6tigen, kann ein Engstand ohne Brackets und Dr\u00e4hte korrigiert werden, indem transparente Abformungen verwendet werden . Es ist notwendig, diese patientenspezifischen Formen, die alle zwei Wochen gewechselt werden, etwa 20 Stunden am Tag zu verwenden. Die Dauer der Behandlung variiert je nach Fall zwischen 2 und 24 Monaten. W\u00e4hrend [&hellip;]<\/p>\n","protected":false},"author":251217416,"featured_media":940,"parent":0,"menu_order":0,"comment_status":"closed","ping_status":"closed","template":"","meta":{"advanced_seo_description":"","jetpack_seo_html_title":"","jetpack_seo_noindex":false,"jetpack_seo_schema_type":"","_wpcom_ai_launchpad_about_page":false,"_wpcom_ai_launchpad_gallery_page":false,"_wpcom_ai_launchpad_contact_page":false,"_wpcom_ai_launchpad_events_page":false,"_wpcom_ai_launchpad_video_page":false,"_wpcom_ai_launchpad_portfolio_piece":false,"footnotes":""},"class_list":["post-1155","page","type-page","status-publish","has-post-thumbnail","hentry"],"jetpack_likes_enabled":true,"jetpack_shortlink":"https:\/\/wp.me\/PfO3hG-iD","jetpack-related-posts":[{"id":1250,"url":"https:\/\/damlazenar.com\/de\/kieferorthopaedie-zahnspangenbehandlung\/","url_meta":{"origin":1155,"position":0},"title":"Kieferorthop\u00e4die (Zahnspangenbehandlung)","author":"Damla Zenar","date":"29. Mai 2024","format":false,"excerpt":"Die Kieferorthop\u00e4die ist der Zweig der Zahnheilkunde, der sich mit der Diagnose und Behandlung von Zahn- und Gesichtsanomalien besch\u00e4ftigt. Im Gegensatz zur allgemeinen Zahnheilkunde handelt es sich um einen Wissenschaftszweig mit spezifischeren Behandlungsverfahren, die von Spezialisten auf diesem Gebiet durchgef\u00fchrt werden m\u00fcssen . Warum eine kieferorthop\u00e4dische Behandlung?Engstehende Z\u00e4hne k\u00f6nnen viele\u2026","rel":"","context":"\u00c4hnlicher Beitrag","block_context":{"text":"\u00c4hnlicher Beitrag","link":""},"img":{"alt_text":"","src":"https:\/\/i0.wp.com\/damlazenar.com\/wp-content\/uploads\/2024\/05\/1-1.jpg?fit=900%2C620&ssl=1&resize=350%2C200","width":350,"height":200,"srcset":"https:\/\/i0.wp.com\/damlazenar.com\/wp-content\/uploads\/2024\/05\/1-1.jpg?fit=900%2C620&ssl=1&resize=350%2C200 1x, https:\/\/i0.wp.com\/damlazenar.com\/wp-content\/uploads\/2024\/05\/1-1.jpg?fit=900%2C620&ssl=1&resize=525%2C300 1.5x, https:\/\/i0.wp.com\/damlazenar.com\/wp-content\/uploads\/2024\/05\/1-1.jpg?fit=900%2C620&ssl=1&resize=700%2C400 2x"},"classes":[]},{"id":1358,"url":"https:\/\/damlazenar.com\/de\/paediatrische-zahnmedizin-kinderzahnheilkunde\/","url_meta":{"origin":1155,"position":1},"title":"P\u00e4diatrische Zahnmedizin (Kinderzahnheilkunde)","author":"Damla Zenar","date":"29. Mai 2024","format":false,"excerpt":"Genau wie bei den bleibenden Z\u00e4hnen kann auch bei den Milchz\u00e4hnen in der Kindheit aufgrund unzureichender Zahnpflege Karies auftreten. Manchmal kommt es durch \u00e4u\u00dfere Einfl\u00fcsse wie St\u00fcrze und St\u00f6\u00dfe zu Frakturen bei Milchz\u00e4hnen, die behandelt werden m\u00fcssen. Pr\u00e4ventive zahnmedizinische Ma\u00dfnahmen sind bei der zahn\u00e4rztlichen Behandlung von Kindern von gro\u00dfer Bedeutung.\u2026","rel":"","context":"\u00c4hnlicher Beitrag","block_context":{"text":"\u00c4hnlicher Beitrag","link":""},"img":{"alt_text":"","src":"https:\/\/i0.wp.com\/damlazenar.com\/wp-content\/uploads\/2024\/05\/3-6.jpg?resize=350%2C200&ssl=1","width":350,"height":200,"srcset":"https:\/\/i0.wp.com\/damlazenar.com\/wp-content\/uploads\/2024\/05\/3-6.jpg?resize=350%2C200&ssl=1 1x, https:\/\/i0.wp.com\/damlazenar.com\/wp-content\/uploads\/2024\/05\/3-6.jpg?resize=525%2C300&ssl=1 1.5x, https:\/\/i0.wp.com\/damlazenar.com\/wp-content\/uploads\/2024\/05\/3-6.jpg?resize=700%2C400&ssl=1 2x"},"classes":[]},{"id":1107,"url":"https:\/\/damlazenar.com\/de\/prothetik\/","url_meta":{"origin":1155,"position":2},"title":"Prothetik","author":"Damla Zenar","date":"29. Mai 2024","format":false,"excerpt":"Zahnkronen und Br\u00fccken In F\u00e4llen, in denen Implantate f\u00fcr Zahnl\u00fccken, die nach einem Zahnverlust entstanden sind, nicht geeignet sind oder nicht bevorzugt werden, kommen Zahnbr\u00fccken zum Einsatz. In F\u00e4llen, in denen die Z\u00e4hne \u00fcberm\u00e4\u00dfig besch\u00e4digt sind, sind Zahnkronen eine geeignete Option, um das L\u00e4cheln zu korrigieren und die verlorene Funktion\u2026","rel":"","context":"\u00c4hnlicher Beitrag","block_context":{"text":"\u00c4hnlicher Beitrag","link":""},"img":{"alt_text":"","src":"https:\/\/i0.wp.com\/damlazenar.com\/wp-content\/uploads\/2024\/05\/1-21.jpg?fit=900%2C620&ssl=1&resize=350%2C200","width":350,"height":200,"srcset":"https:\/\/i0.wp.com\/damlazenar.com\/wp-content\/uploads\/2024\/05\/1-21.jpg?fit=900%2C620&ssl=1&resize=350%2C200 1x, https:\/\/i0.wp.com\/damlazenar.com\/wp-content\/uploads\/2024\/05\/1-21.jpg?fit=900%2C620&ssl=1&resize=525%2C300 1.5x, https:\/\/i0.wp.com\/damlazenar.com\/wp-content\/uploads\/2024\/05\/1-21.jpg?fit=900%2C620&ssl=1&resize=700%2C400 2x"},"classes":[]},{"id":1320,"url":"https:\/\/damlazenar.com\/de\/porzellan-laminate\/","url_meta":{"origin":1155,"position":3},"title":"Porzellan Laminate","author":"Damla Zenar","date":"29. Mai 2024","format":false,"excerpt":"Was ist Porzellanlaminat (Laminatfurnier)? Es handelt sich um sehr d\u00fcnne Porzellanplatten , die auf die Vorderseiten der Z\u00e4hne geklebt werden . Jeder verdient ein sch\u00f6nes L\u00e4cheln. Porzellan-Laminate sind \u00e4sthetische, sch\u00fctzende und langlebige Versorgungen, die fast ohne einen Eingriff in die Zahnsubstanz f\u00fcr dieses L\u00e4cheln hergestellt werden k\u00f6nnen. Die Konservativit\u00e4t der\u2026","rel":"","context":"\u00c4hnlicher Beitrag","block_context":{"text":"\u00c4hnlicher Beitrag","link":""},"img":{"alt_text":"","src":"https:\/\/i0.wp.com\/damlazenar.com\/wp-content\/uploads\/2024\/05\/1-13.jpg?fit=900%2C620&ssl=1&resize=350%2C200","width":350,"height":200,"srcset":"https:\/\/i0.wp.com\/damlazenar.com\/wp-content\/uploads\/2024\/05\/1-13.jpg?fit=900%2C620&ssl=1&resize=350%2C200 1x, https:\/\/i0.wp.com\/damlazenar.com\/wp-content\/uploads\/2024\/05\/1-13.jpg?fit=900%2C620&ssl=1&resize=525%2C300 1.5x, https:\/\/i0.wp.com\/damlazenar.com\/wp-content\/uploads\/2024\/05\/1-13.jpg?fit=900%2C620&ssl=1&resize=700%2C400 2x"},"classes":[]},{"id":1157,"url":"https:\/\/damlazenar.com\/de\/chirurgische-eingriffe-und-implantate\/","url_meta":{"origin":1155,"position":4},"title":"Chirurgische Eingriffe und Implantate","author":"Damla Zenar","date":"29. Mai 2024","format":false,"excerpt":"Chirurgische Eingriffe in unserer Klinik; Mund-, Zahn- und Kieferchirurgie werden von unseren Fach\u00e4rzten durchgef\u00fchrt. Chirurgische Eingriffe werden unter lokaler Bet\u00e4ubung in unserer Klinik oder unter Sedierung \/ Vollnarkose in Vertragskrankenh\u00e4usern durchgef\u00fchrt, je nach Art des Eingriffs und den Pr\u00e4ferenzen unserer Patienten. Eingriffe in der Mund-, Zahn- und Kieferchirurgie, die in\u2026","rel":"","context":"\u00c4hnlicher Beitrag","block_context":{"text":"\u00c4hnlicher Beitrag","link":""},"img":{"alt_text":"","src":"https:\/\/i0.wp.com\/damlazenar.com\/wp-content\/uploads\/2024\/05\/1-25.jpg?fit=900%2C620&ssl=1&resize=350%2C200","width":350,"height":200,"srcset":"https:\/\/i0.wp.com\/damlazenar.com\/wp-content\/uploads\/2024\/05\/1-25.jpg?fit=900%2C620&ssl=1&resize=350%2C200 1x, https:\/\/i0.wp.com\/damlazenar.com\/wp-content\/uploads\/2024\/05\/1-25.jpg?fit=900%2C620&ssl=1&resize=525%2C300 1.5x, https:\/\/i0.wp.com\/damlazenar.com\/wp-content\/uploads\/2024\/05\/1-25.jpg?fit=900%2C620&ssl=1&resize=700%2C400 2x"},"classes":[]},{"id":1328,"url":"https:\/\/damlazenar.com\/de\/zahnaufhellung-bleaching\/","url_meta":{"origin":1155,"position":5},"title":"Zahnaufhellung (Bleaching)","author":"Damla Zenar","date":"29. Mai 2024","format":false,"excerpt":"Zahnaufhellung (Bleaching) Die Zahnaufhellung ist eine Methode zur Aufhellung von Z\u00e4hnen, deren Farbe sich aus verschiedenen Gr\u00fcnden ver\u00e4ndert hat, oder zur Aufhellung der Farbe einzelner Z\u00e4hne um einige T\u00f6ne. Es ist eine sehr praktische L\u00f6sung f\u00fcr Menschen, die mit der Farbe ihrer Z\u00e4hne nicht zufrieden sind, da sie das Ergebnis\u2026","rel":"","context":"\u00c4hnlicher Beitrag","block_context":{"text":"\u00c4hnlicher Beitrag","link":""},"img":{"alt_text":"","src":"https:\/\/i0.wp.com\/damlazenar.com\/wp-content\/uploads\/2024\/05\/4-1.jpg?resize=350%2C200&ssl=1","width":350,"height":200,"srcset":"https:\/\/i0.wp.com\/damlazenar.com\/wp-content\/uploads\/2024\/05\/4-1.jpg?resize=350%2C200&ssl=1 1x, https:\/\/i0.wp.com\/damlazenar.com\/wp-content\/uploads\/2024\/05\/4-1.jpg?resize=525%2C300&ssl=1 1.5x, https:\/\/i0.wp.com\/damlazenar.com\/wp-content\/uploads\/2024\/05\/4-1.jpg?resize=700%2C400&ssl=1 2x"},"classes":[]}],"jetpack_sharing_enabled":true,"_links":{"self":[{"href":"https:\/\/damlazenar.com\/de\/wp-json\/wp\/v2\/pages\/1155","targetHints":{"allow":["GET"]}}],"collection":[{"href":"https:\/\/damlazenar.com\/de\/wp-json\/wp\/v2\/pages"}],"about":[{"href":"https:\/\/damlazenar.com\/de\/wp-json\/wp\/v2\/types\/page"}],"author":[{"embeddable":true,"href":"https:\/\/damlazenar.com\/de\/wp-json\/wp\/v2\/users\/251217416"}],"replies":[{"embeddable":true,"href":"https:\/\/damlazenar.com\/de\/wp-json\/wp\/v2\/comments?post=1155"}],"version-history":[{"count":1,"href":"https:\/\/damlazenar.com\/de\/wp-json\/wp\/v2\/pages\/1155\/revisions"}],"predecessor-version":[{"id":1156,"href":"https:\/\/damlazenar.com\/de\/wp-json\/wp\/v2\/pages\/1155\/revisions\/1156"}],"wp:featuredmedia":[{"embeddable":true,"href":"https:\/\/damlazenar.com\/de\/wp-json\/wp\/v2\/media\/940"}],"wp:attachment":[{"href":"https:\/\/damlazenar.com\/de\/wp-json\/wp\/v2\/media?parent=1155"}],"curies":[{"name":"wp","href":"https:\/\/api.w.org\/{rel}","templated":true}]}}