{"id":1196,"date":"2024-05-30T20:58:08","date_gmt":"2024-05-30T17:58:08","guid":{"rendered":"https:\/\/damlazenar.com\/fortgeschrittene-zahnmedizin\/"},"modified":"2024-06-03T23:57:45","modified_gmt":"2024-06-03T20:57:45","slug":"fortgeschrittene-zahnmedizin","status":"publish","type":"page","link":"https:\/\/damlazenar.com\/de\/fortgeschrittene-zahnmedizin\/","title":{"rendered":"Fortgeschrittene Zahnmedizin"},"content":{"rendered":"\n<div class=\"wp-block-group alignfull has-global-padding is-content-justification-center is-layout-constrained wp-container-core-group-is-layout-4853c3a7 wp-block-group-is-layout-constrained\" style=\"margin-top:0;margin-bottom:0;padding-top:calc( 0.5 * var(u002du002dwpu002du002dstyleu002du002drootu002du002dpadding-right, var(u002du002dwpu002du002dcustomu002du002dgapu002du002dhorizontal)));padding-right:var(u002du002dwpu002du002dstyleu002du002drootu002du002dpadding-right, var(u002du002dwpu002du002dcustomu002du002dgapu002du002dhorizontal));padding-bottom:calc( 0.5 * var(u002du002dwpu002du002dstyleu002du002drootu002du002dpadding-right, var(u002du002dwpu002du002dcustomu002du002dgapu002du002dhorizontal)));padding-left:var(u002du002dwpu002du002dstyleu002du002drootu002du002dpadding-left, var(u002du002dwpu002du002dcustomu002du002dgapu002du002dhorizontal))\">\n<div style=\"height:var(--wp--preset--spacing--20)\" aria-hidden=\"true\" class=\"wp-block-spacer\"><\/div>\n\n\n\n<div class=\"wp-block-columns alignwide is-layout-flex wp-container-core-columns-is-layout-1348e3aa wp-block-columns-is-layout-flex\">\n<div class=\"wp-block-column is-layout-flow wp-block-column-is-layout-flow\">\n<figure class=\"wp-block-image size-full\"><a href=\"https:\/\/damlazenar.com\/de\/chirurgische-eingriffe-und-implantate\/\"><img data-recalc-dims=\"1\" fetchpriority=\"high\" decoding=\"async\" width=\"900\" height=\"620\" src=\"https:\/\/i0.wp.com\/damlazenar.com\/wp-content\/uploads\/2024\/05\/1-25.jpg?resize=900%2C620&#038;ssl=1\" alt=\"\" class=\"wp-image-229\" style=\"aspect-ratio:4\/3;object-fit:cover\" srcset=\"https:\/\/i0.wp.com\/damlazenar.com\/wp-content\/uploads\/2024\/05\/1-25.jpg?w=900&amp;ssl=1 900w, https:\/\/i0.wp.com\/damlazenar.com\/wp-content\/uploads\/2024\/05\/1-25.jpg?resize=300%2C207&amp;ssl=1 300w, https:\/\/i0.wp.com\/damlazenar.com\/wp-content\/uploads\/2024\/05\/1-25.jpg?resize=768%2C529&amp;ssl=1 768w\" sizes=\"(max-width: 900px) 100vw, 900px\" \/><\/a><\/figure>\n\n\n\n<div class=\"wp-block-group is-layout-flow wp-block-group-is-layout-flow\">\n<h3 class=\"wp-block-heading has-medium-font-size\"><a href=\"https:\/\/damlazenar.com\/de\/chirurgische-eingriffe-und-implantate\/\">Chirurgische Eingriffe und Implantate<\/a><\/h3>\n\n\n\n<div style=\"height:4px\" aria-hidden=\"true\" class=\"wp-block-spacer\"><\/div>\n<\/div>\n<\/div>\n\n\n\n<div class=\"wp-block-column is-layout-flow wp-block-column-is-layout-flow\">\n<figure class=\"wp-block-image size-full\"><a href=\"https:\/\/damlazenar.com\/ortodonti\/\"><img data-recalc-dims=\"1\" decoding=\"async\" width=\"900\" height=\"620\" src=\"https:\/\/i0.wp.com\/damlazenar.com\/wp-content\/uploads\/2024\/05\/1-1.jpg?resize=900%2C620&#038;ssl=1\" alt=\"\" class=\"wp-image-104\" style=\"aspect-ratio:4\/3;object-fit:cover\" srcset=\"https:\/\/i0.wp.com\/damlazenar.com\/wp-content\/uploads\/2024\/05\/1-1.jpg?w=900&amp;ssl=1 900w, https:\/\/i0.wp.com\/damlazenar.com\/wp-content\/uploads\/2024\/05\/1-1.jpg?resize=300%2C207&amp;ssl=1 300w, https:\/\/i0.wp.com\/damlazenar.com\/wp-content\/uploads\/2024\/05\/1-1.jpg?resize=768%2C529&amp;ssl=1 768w\" sizes=\"(max-width: 900px) 100vw, 900px\" \/><\/a><\/figure>\n\n\n\n<div class=\"wp-block-group is-layout-flow wp-block-group-is-layout-flow\">\n<h3 class=\"wp-block-heading has-medium-font-size\"><a href=\"https:\/\/damlazenar.com\/ortodonti\/\">Kieferorthop\u00e4die (Zahnspangenbehandlung)<\/a><\/h3>\n\n\n\n<div style=\"height:4px\" aria-hidden=\"true\" class=\"wp-block-spacer\"><\/div>\n<\/div>\n<\/div>\n\n\n\n<div class=\"wp-block-column is-layout-flow wp-block-column-is-layout-flow\">\n<figure class=\"wp-block-image size-full\"><a href=\"https:\/\/damlazenar.com\/de\/zahnbehandlung-fuer-menschen-mit-behinderungen\/\"><img data-recalc-dims=\"1\" decoding=\"async\" width=\"900\" height=\"620\" src=\"https:\/\/i0.wp.com\/damlazenar.com\/wp-content\/uploads\/2024\/05\/1-23.jpg?resize=900%2C620&#038;ssl=1\" alt=\"\" class=\"wp-image-221\" style=\"aspect-ratio:4\/3;object-fit:cover\" srcset=\"https:\/\/i0.wp.com\/damlazenar.com\/wp-content\/uploads\/2024\/05\/1-23.jpg?w=900&amp;ssl=1 900w, https:\/\/i0.wp.com\/damlazenar.com\/wp-content\/uploads\/2024\/05\/1-23.jpg?resize=300%2C207&amp;ssl=1 300w, https:\/\/i0.wp.com\/damlazenar.com\/wp-content\/uploads\/2024\/05\/1-23.jpg?resize=768%2C529&amp;ssl=1 768w\" sizes=\"(max-width: 900px) 100vw, 900px\" \/><\/a><\/figure>\n\n\n\n<div class=\"wp-block-group is-layout-flow wp-block-group-is-layout-flow\">\n<h3 class=\"wp-block-heading has-medium-font-size\"><a href=\"https:\/\/damlazenar.com\/de\/zahnbehandlung-fuer-menschen-mit-behinderungen\/\">Zahnbehandlung f\u00fcr Menschen mit Behinderungen<\/a><\/h3>\n\n\n\n<div style=\"height:4px\" aria-hidden=\"true\" class=\"wp-block-spacer\"><\/div>\n<\/div>\n<\/div>\n<\/div>\n<\/div>\n","protected":false},"excerpt":{"rendered":"<p>Chirurgische Eingriffe und Implantate Kieferorthop\u00e4die (Zahnspangenbehandlung) Zahnbehandlung f\u00fcr Menschen mit Behinderungen<\/p>\n","protected":false},"author":251217416,"featured_media":0,"parent":0,"menu_order":0,"comment_status":"closed","ping_status":"closed","template":"","meta":{"advanced_seo_description":"","jetpack_seo_html_title":"","jetpack_seo_noindex":false,"jetpack_seo_schema_type":"","_wpcom_ai_launchpad_about_page":false,"_wpcom_ai_launchpad_gallery_page":false,"_wpcom_ai_launchpad_contact_page":false,"_wpcom_ai_launchpad_events_page":false,"_wpcom_ai_launchpad_video_page":false,"_wpcom_ai_launchpad_portfolio_piece":false,"footnotes":""},"class_list":["post-1196","page","type-page","status-publish","hentry"],"jetpack_likes_enabled":true,"jetpack_shortlink":"https:\/\/wp.me\/PfO3hG-ji","jetpack-related-posts":[{"id":1163,"url":"https:\/\/damlazenar.com\/de\/allgemeine-zahnmedizin\/","url_meta":{"origin":1196,"position":0},"title":"Allgemeine Zahnmedizin","author":"Damla Zenar","date":"30. Mai 2024","format":false,"excerpt":"Zahnfleischbehandlung (Parodontologie) Prothetik P\u00e4diatrische Zahnmedizin (Kinderzahnheilkunde) Halitosis (Mundgeruch) Kieferorthop\u00e4die (Zahnspangenbehandlung) Wurzelkanalbehandlung (Endodontie) TMJ-Behandlung Zahnextraktion Restaurative Zahnmedizin","rel":"","context":"\u00c4hnlicher Beitrag","block_context":{"text":"\u00c4hnlicher Beitrag","link":""},"img":{"alt_text":"","src":"https:\/\/i0.wp.com\/damlazenar.com\/wp-content\/uploads\/2024\/05\/1-22.jpg?resize=350%2C200&ssl=1","width":350,"height":200,"srcset":"https:\/\/i0.wp.com\/damlazenar.com\/wp-content\/uploads\/2024\/05\/1-22.jpg?resize=350%2C200&ssl=1 1x, https:\/\/i0.wp.com\/damlazenar.com\/wp-content\/uploads\/2024\/05\/1-22.jpg?resize=525%2C300&ssl=1 1.5x, https:\/\/i0.wp.com\/damlazenar.com\/wp-content\/uploads\/2024\/05\/1-22.jpg?resize=700%2C400&ssl=1 2x"},"classes":[]},{"id":1190,"url":"https:\/\/damlazenar.com\/de\/aesthetische-zahnmedizin\/","url_meta":{"origin":1196,"position":1},"title":"\u00c4sthetische Zahnmedizin","author":"Damla Zenar","date":"30. Mai 2024","format":false,"excerpt":"L\u00e4cheln Design Zahnaufhellung (Bleaching) Metallisierte Beschichtungen Porzellan Laminate \u00c4sthetische F\u00fcllstoffe Zahnfleisch \u00c4sthetik","rel":"","context":"\u00c4hnlicher Beitrag","block_context":{"text":"\u00c4hnlicher Beitrag","link":""},"img":{"alt_text":"","src":"https:\/\/i0.wp.com\/damlazenar.com\/wp-content\/uploads\/2024\/05\/1-16.jpg?resize=350%2C200&ssl=1","width":350,"height":200,"srcset":"https:\/\/i0.wp.com\/damlazenar.com\/wp-content\/uploads\/2024\/05\/1-16.jpg?resize=350%2C200&ssl=1 1x, https:\/\/i0.wp.com\/damlazenar.com\/wp-content\/uploads\/2024\/05\/1-16.jpg?resize=525%2C300&ssl=1 1.5x, https:\/\/i0.wp.com\/damlazenar.com\/wp-content\/uploads\/2024\/05\/1-16.jpg?resize=700%2C400&ssl=1 2x"},"classes":[]},{"id":1184,"url":"https:\/\/damlazenar.com\/de\/unsere-behandlungen\/","url_meta":{"origin":1196,"position":2},"title":"Unsere Behandlungen","author":"Damla Zenar","date":"30. Mai 2024","format":false,"excerpt":"Invisalign (Kabellose Kieferorthop\u00e4die) Wurzelkanalbehandlung (Endodontie) Chirurgische Eingriffe und Implantate Zahnfleischbehandlung (Parodontologie) Prothetik P\u00e4diatrische Zahnmedizin (Kinderzahnheilkunde) TMJ-Behandlung Zahnextraktion Restaurative Zahnmedizin L\u00e4cheln Design Zahnaufhellung (Bleaching) Metallisierte Beschichtungen Porzellan Laminate \u00c4sthetische F\u00fcllstoffe Zahnfleisch \u00c4sthetik Zahn\u00e4rztliches Anti-Aging Dental SPA Dental Peeling Halitosis (Mundgeruch) Zahnbehandlung f\u00fcr Menschen mit Behinderungen Mousse f\u00fcr die Z\u00e4hne Kieferorthop\u00e4die (Zahnspangenbehandlung)","rel":"","context":"\u00c4hnlicher Beitrag","block_context":{"text":"\u00c4hnlicher Beitrag","link":""},"img":{"alt_text":"","src":"https:\/\/i0.wp.com\/damlazenar.com\/wp-content\/uploads\/2024\/05\/1-24.jpg?resize=350%2C200&ssl=1","width":350,"height":200,"srcset":"https:\/\/i0.wp.com\/damlazenar.com\/wp-content\/uploads\/2024\/05\/1-24.jpg?resize=350%2C200&ssl=1 1x, https:\/\/i0.wp.com\/damlazenar.com\/wp-content\/uploads\/2024\/05\/1-24.jpg?resize=525%2C300&ssl=1 1.5x, https:\/\/i0.wp.com\/damlazenar.com\/wp-content\/uploads\/2024\/05\/1-24.jpg?resize=700%2C400&ssl=1 2x"},"classes":[]},{"id":1274,"url":"https:\/\/damlazenar.com\/de\/halitosis-mundgeruch\/","url_meta":{"origin":1196,"position":3},"title":"Halitosis (Mundgeruch)","author":"Damla Zenar","date":"29. Mai 2024","format":false,"excerpt":"Halitosis ist ein schlechter Atemgeruch aus dem Mund oder dem Magen, der sowohl die Person selbst als auch die Menschen in ihrer Umgebung st\u00f6rt. Mundgeruch wirkt sich negativ auf das soziale Leben der Person aus und schafft Probleme mit dem Selbstvertrauen. Mundgeruch wird gr\u00f6\u00dftenteils durch das Innere des Mundes verursacht.\u2026","rel":"","context":"\u00c4hnlicher Beitrag","block_context":{"text":"\u00c4hnlicher Beitrag","link":""},"img":{"alt_text":"","src":"https:\/\/i0.wp.com\/damlazenar.com\/wp-content\/uploads\/2024\/05\/1-6.jpg?resize=350%2C200&ssl=1","width":350,"height":200,"srcset":"https:\/\/i0.wp.com\/damlazenar.com\/wp-content\/uploads\/2024\/05\/1-6.jpg?resize=350%2C200&ssl=1 1x, https:\/\/i0.wp.com\/damlazenar.com\/wp-content\/uploads\/2024\/05\/1-6.jpg?resize=525%2C300&ssl=1 1.5x, https:\/\/i0.wp.com\/damlazenar.com\/wp-content\/uploads\/2024\/05\/1-6.jpg?resize=700%2C400&ssl=1 2x"},"classes":[]},{"id":1334,"url":"https:\/\/damlazenar.com\/de\/restaurative-zahnmedizin\/","url_meta":{"origin":1196,"position":4},"title":"Restaurative Zahnmedizin","author":"Damla Zenar","date":"29. Mai 2024","format":false,"excerpt":"In der restaurativen Zahnheilkunde wird Karies durch intraorale und r\u00f6ntgenologische Untersuchungen festgestellt, die Karies unter lokaler An\u00e4sthesie schmerzfrei gereinigt und die entstandene Kavit\u00e4t mit Komposit- oder Porzellanmaterialien restauriert. Komposit-F\u00fcllungen Kompositf\u00fcllungen, die zur Reparatur kari\u00f6ser, abgebrochener oder deformierter Z\u00e4hne verwendet werden, beseitigen \u00e4sthetische Bedenken, da sie zahnfarben sind. Kompositf\u00fcllungen, die erfolgreich\u2026","rel":"","context":"\u00c4hnlicher Beitrag","block_context":{"text":"\u00c4hnlicher Beitrag","link":""},"img":{"alt_text":"","src":"https:\/\/i0.wp.com\/damlazenar.com\/wp-content\/uploads\/2024\/05\/1-17.jpg?fit=900%2C620&ssl=1&resize=350%2C200","width":350,"height":200,"srcset":"https:\/\/i0.wp.com\/damlazenar.com\/wp-content\/uploads\/2024\/05\/1-17.jpg?fit=900%2C620&ssl=1&resize=350%2C200 1x, https:\/\/i0.wp.com\/damlazenar.com\/wp-content\/uploads\/2024\/05\/1-17.jpg?fit=900%2C620&ssl=1&resize=525%2C300 1.5x, https:\/\/i0.wp.com\/damlazenar.com\/wp-content\/uploads\/2024\/05\/1-17.jpg?fit=900%2C620&ssl=1&resize=700%2C400 2x"},"classes":[]},{"id":1422,"url":"https:\/\/damlazenar.com\/de\/ueber-uns\/","url_meta":{"origin":1196,"position":5},"title":"\u00dcber uns","author":"Damla Zenar","date":"28. Mai 2024","format":false,"excerpt":"Willkommen in unserer Praxis! Unsere Praxis wurde mit der Vision einer patientenorientierten digitalen Zahnmedizin unter der Koordination von Zahn\u00e4rztin Damla Zenar gegr\u00fcndet. Unsere Praxis, in der die Gesunderhaltung und die pr\u00e4ventive Zahnheilkunde im Vordergrund stehen, ber\u00fccksichtigt auch alle Innovationen, die sich in der globalen Arena entwickeln. In unserer Praxis wird\u2026","rel":"","context":"\u00c4hnlicher Beitrag","block_context":{"text":"\u00c4hnlicher Beitrag","link":""},"img":{"alt_text":"","src":"https:\/\/i0.wp.com\/damlazenar.com\/wp-content\/uploads\/2024\/05\/damla-zenar2.jpg?fit=1200%2C1200&ssl=1&resize=350%2C200","width":350,"height":200,"srcset":"https:\/\/i0.wp.com\/damlazenar.com\/wp-content\/uploads\/2024\/05\/damla-zenar2.jpg?fit=1200%2C1200&ssl=1&resize=350%2C200 1x, https:\/\/i0.wp.com\/damlazenar.com\/wp-content\/uploads\/2024\/05\/damla-zenar2.jpg?fit=1200%2C1200&ssl=1&resize=525%2C300 1.5x, https:\/\/i0.wp.com\/damlazenar.com\/wp-content\/uploads\/2024\/05\/damla-zenar2.jpg?fit=1200%2C1200&ssl=1&resize=700%2C400 2x, https:\/\/i0.wp.com\/damlazenar.com\/wp-content\/uploads\/2024\/05\/damla-zenar2.jpg?fit=1200%2C1200&ssl=1&resize=1050%2C600 3x"},"classes":[]}],"jetpack_sharing_enabled":true,"_links":{"self":[{"href":"https:\/\/damlazenar.com\/de\/wp-json\/wp\/v2\/pages\/1196","targetHints":{"allow":["GET"]}}],"collection":[{"href":"https:\/\/damlazenar.com\/de\/wp-json\/wp\/v2\/pages"}],"about":[{"href":"https:\/\/damlazenar.com\/de\/wp-json\/wp\/v2\/types\/page"}],"author":[{"embeddable":true,"href":"https:\/\/damlazenar.com\/de\/wp-json\/wp\/v2\/users\/251217416"}],"replies":[{"embeddable":true,"href":"https:\/\/damlazenar.com\/de\/wp-json\/wp\/v2\/comments?post=1196"}],"version-history":[{"count":1,"href":"https:\/\/damlazenar.com\/de\/wp-json\/wp\/v2\/pages\/1196\/revisions"}],"predecessor-version":[{"id":1197,"href":"https:\/\/damlazenar.com\/de\/wp-json\/wp\/v2\/pages\/1196\/revisions\/1197"}],"wp:attachment":[{"href":"https:\/\/damlazenar.com\/de\/wp-json\/wp\/v2\/media?parent=1196"}],"curies":[{"name":"wp","href":"https:\/\/api.w.org\/{rel}","templated":true}]}}