{"id":1308,"date":"2024-05-29T14:47:22","date_gmt":"2024-05-29T11:47:22","guid":{"rendered":"https:\/\/damlazenar.com\/dental-peeling\/"},"modified":"2024-06-04T00:46:52","modified_gmt":"2024-06-03T21:46:52","slug":"dental-peeling","status":"publish","type":"page","link":"https:\/\/damlazenar.com\/de\/dental-peeling\/","title":{"rendered":"Dental Peeling"},"content":{"rendered":"\n<div class=\"wp-block-media-text is-stacked-on-mobile\"><figure class=\"wp-block-media-text__media\"><img data-recalc-dims=\"1\" fetchpriority=\"high\" decoding=\"async\" width=\"900\" height=\"620\" src=\"https:\/\/i0.wp.com\/damlazenar.com\/wp-content\/uploads\/2024\/05\/1-7.jpg?resize=900%2C620&#038;ssl=1\" alt=\"\" class=\"wp-image-133 size-full\" srcset=\"https:\/\/i0.wp.com\/damlazenar.com\/wp-content\/uploads\/2024\/05\/1-7.jpg?w=900&amp;ssl=1 900w, https:\/\/i0.wp.com\/damlazenar.com\/wp-content\/uploads\/2024\/05\/1-7.jpg?resize=300%2C207&amp;ssl=1 300w, https:\/\/i0.wp.com\/damlazenar.com\/wp-content\/uploads\/2024\/05\/1-7.jpg?resize=768%2C529&amp;ssl=1 768w\" sizes=\"(max-width: 900px) 100vw, 900px\" \/><\/figure><div class=\"wp-block-media-text__content\">\n<p class=\"wp-block-paragraph\">Die <strong>schwarz-braunen Farben<\/strong>, die sich im Zahnfleisch bilden, haben nichts mit den Zellen zu tun, die dem K\u00f6rper Farbe geben, und schaden der Gesundheit nicht. Es ist jedoch m\u00f6glich, Flecken, die \u00e4sthetisch st\u00f6ren, mit <strong>&#8218;Peeling&#8216;<\/strong> zu entfernen.<\/p>\n\n\n\n<p class=\"wp-block-paragraph\">Das von Dermatologen im Gesicht durchgef\u00fchrte<strong> Hautpeeling <\/strong>kann auch an solchen Stellen im Mund angewendet werden. Auch die Haut im Inneren des Mundes besteht aus mehreren Schichten. Durch schrittweises Ausd\u00fcnnen und Sch\u00e4len dieser Schichten mit dem Laser kann die obere farbige Schicht entfernt werden und <strong>ein \u00e4sthetischeres Aussehen<\/strong> erzielt werden.<\/p>\n<\/div><\/div>\n\n<p class=\"wp-block-paragraph\"><\/p>\n","protected":false},"excerpt":{"rendered":"<p>Die schwarz-braunen Farben, die sich im Zahnfleisch bilden, haben nichts mit den Zellen zu tun, die dem K\u00f6rper Farbe geben, und schaden der Gesundheit nicht. Es ist jedoch m\u00f6glich, Flecken, die \u00e4sthetisch st\u00f6ren, mit &#8218;Peeling&#8216; zu entfernen. Das von Dermatologen im Gesicht durchgef\u00fchrte Hautpeeling kann auch an solchen Stellen im Mund angewendet werden. Auch die [&hellip;]<\/p>\n","protected":false},"author":251217416,"featured_media":0,"parent":0,"menu_order":0,"comment_status":"closed","ping_status":"closed","template":"","meta":{"advanced_seo_description":"","jetpack_seo_html_title":"","jetpack_seo_noindex":false,"jetpack_seo_schema_type":"","_wpcom_ai_launchpad_about_page":false,"_wpcom_ai_launchpad_gallery_page":false,"_wpcom_ai_launchpad_contact_page":false,"_wpcom_ai_launchpad_events_page":false,"_wpcom_ai_launchpad_video_page":false,"_wpcom_ai_launchpad_portfolio_piece":false,"footnotes":""},"class_list":["post-1308","page","type-page","status-publish","hentry"],"jetpack_likes_enabled":true,"jetpack_shortlink":"https:\/\/wp.me\/PfO3hG-l6","jetpack-related-posts":[{"id":1326,"url":"https:\/\/damlazenar.com\/de\/laecheln-design\/","url_meta":{"origin":1308,"position":0},"title":"L\u00e4cheln Design","author":"Damla Zenar","date":"29. Mai 2024","format":false,"excerpt":"Untersuchungen haben ergeben, dass das Erste, worauf Menschen schauen, wenn sie sich treffen, Ihr L\u00e4cheln ist. Bei einem unharmonischen L\u00e4cheln konzentrieren sich Ihre Augen sofort auf die Z\u00e4hne der Person. Wir alle tun das, es ist Teil unserer sozialen Natur. Bei einem harmonischen L\u00e4cheln registriert Ihr Gehirn, dass die Person\u2026","rel":"","context":"\u00c4hnlicher Beitrag","block_context":{"text":"\u00c4hnlicher Beitrag","link":""},"img":{"alt_text":"","src":"https:\/\/i0.wp.com\/damlazenar.com\/wp-content\/uploads\/2024\/05\/4-2.jpg?resize=350%2C200&ssl=1","width":350,"height":200,"srcset":"https:\/\/i0.wp.com\/damlazenar.com\/wp-content\/uploads\/2024\/05\/4-2.jpg?resize=350%2C200&ssl=1 1x, https:\/\/i0.wp.com\/damlazenar.com\/wp-content\/uploads\/2024\/05\/4-2.jpg?resize=525%2C300&ssl=1 1.5x, https:\/\/i0.wp.com\/damlazenar.com\/wp-content\/uploads\/2024\/05\/4-2.jpg?resize=700%2C400&ssl=1 2x"},"classes":[]},{"id":1107,"url":"https:\/\/damlazenar.com\/de\/prothetik\/","url_meta":{"origin":1308,"position":1},"title":"Prothetik","author":"Damla Zenar","date":"29. Mai 2024","format":false,"excerpt":"Zahnkronen und Br\u00fccken In F\u00e4llen, in denen Implantate f\u00fcr Zahnl\u00fccken, die nach einem Zahnverlust entstanden sind, nicht geeignet sind oder nicht bevorzugt werden, kommen Zahnbr\u00fccken zum Einsatz. In F\u00e4llen, in denen die Z\u00e4hne \u00fcberm\u00e4\u00dfig besch\u00e4digt sind, sind Zahnkronen eine geeignete Option, um das L\u00e4cheln zu korrigieren und die verlorene Funktion\u2026","rel":"","context":"\u00c4hnlicher Beitrag","block_context":{"text":"\u00c4hnlicher Beitrag","link":""},"img":{"alt_text":"","src":"https:\/\/i0.wp.com\/damlazenar.com\/wp-content\/uploads\/2024\/05\/1-21.jpg?fit=900%2C620&ssl=1&resize=350%2C200","width":350,"height":200,"srcset":"https:\/\/i0.wp.com\/damlazenar.com\/wp-content\/uploads\/2024\/05\/1-21.jpg?fit=900%2C620&ssl=1&resize=350%2C200 1x, https:\/\/i0.wp.com\/damlazenar.com\/wp-content\/uploads\/2024\/05\/1-21.jpg?fit=900%2C620&ssl=1&resize=525%2C300 1.5x, https:\/\/i0.wp.com\/damlazenar.com\/wp-content\/uploads\/2024\/05\/1-21.jpg?fit=900%2C620&ssl=1&resize=700%2C400 2x"},"classes":[]},{"id":1324,"url":"https:\/\/damlazenar.com\/de\/metallisierte-beschichtungen\/","url_meta":{"origin":1308,"position":2},"title":"Metallisierte Beschichtungen","author":"Damla Zenar","date":"29. Mai 2024","format":false,"excerpt":"Warum sollte ich eine \u00e4sthetische F\u00fcllung einer Metallf\u00fcllung (Amalgam) vorziehen? Im Einklang mit der sich entwickelnden Zahntechnik, der Forschung \u00fcber die Nachsorge von Patienten und den steigenden Erwartungen der Patienten sind Metall-\/Amalgamf\u00fcllungen , die in der Vergangenheit viel h\u00e4ufiger waren, heute durch \u00e4sthetische F\u00fcllungen ersetzt worden. Amalgamf\u00fcllungen k\u00f6nnen keine vollst\u00e4ndige\u2026","rel":"","context":"\u00c4hnlicher Beitrag","block_context":{"text":"\u00c4hnlicher Beitrag","link":""},"img":{"alt_text":"","src":"https:\/\/i0.wp.com\/damlazenar.com\/wp-content\/uploads\/2024\/05\/3-2.jpg?resize=350%2C200&ssl=1","width":350,"height":200,"srcset":"https:\/\/i0.wp.com\/damlazenar.com\/wp-content\/uploads\/2024\/05\/3-2.jpg?resize=350%2C200&ssl=1 1x, https:\/\/i0.wp.com\/damlazenar.com\/wp-content\/uploads\/2024\/05\/3-2.jpg?resize=525%2C300&ssl=1 1.5x, https:\/\/i0.wp.com\/damlazenar.com\/wp-content\/uploads\/2024\/05\/3-2.jpg?resize=700%2C400&ssl=1 2x"},"classes":[]},{"id":1316,"url":"https:\/\/damlazenar.com\/de\/zahnaerztliches-anti-aging\/","url_meta":{"origin":1308,"position":3},"title":"Zahn\u00e4rztliches Anti-Aging","author":"Damla Zenar","date":"29. Mai 2024","format":false,"excerpt":"Viele Produkte und Anwendungen lassen uns heute j\u00fcnger aussehen. Die Verj\u00fcngung des L\u00e4chelns ist eine der effektivsten dieser Anwendungen. Mit den Jahren k\u00f6nnen wir beobachten, dass die Farbe unserer Z\u00e4hne dunkler wird, ihre L\u00e4nge sich verk\u00fcrzt und unser L\u00e4cheln dadurch blasser wird. Dank der korrekten Anwendung der \u00e4sthetischen Zahnmedizin k\u00f6nnen\u2026","rel":"","context":"\u00c4hnlicher Beitrag","block_context":{"text":"\u00c4hnlicher Beitrag","link":""},"img":{"alt_text":"","src":"https:\/\/i0.wp.com\/damlazenar.com\/wp-content\/uploads\/2024\/05\/1-10.jpg?resize=350%2C200&ssl=1","width":350,"height":200,"srcset":"https:\/\/i0.wp.com\/damlazenar.com\/wp-content\/uploads\/2024\/05\/1-10.jpg?resize=350%2C200&ssl=1 1x, https:\/\/i0.wp.com\/damlazenar.com\/wp-content\/uploads\/2024\/05\/1-10.jpg?resize=525%2C300&ssl=1 1.5x, https:\/\/i0.wp.com\/damlazenar.com\/wp-content\/uploads\/2024\/05\/1-10.jpg?resize=700%2C400&ssl=1 2x"},"classes":[]},{"id":1354,"url":"https:\/\/damlazenar.com\/de\/zahnfleisch-aesthetik\/","url_meta":{"origin":1308,"position":4},"title":"Zahnfleisch \u00c4sthetik","author":"Damla Zenar","date":"29. Mai 2024","format":false,"excerpt":"Die Gesundheit und das Aussehen des Zahnfleischgewebes, das den Zahn umgibt, ist f\u00fcr die \u00c4sthetik ebenso wichtig wie das Aussehen der Z\u00e4hne. Egal wie sch\u00f6n unsere Z\u00e4hne sind, ein ungesunder Zustand oder ein \u00e4sthetisches Problem des Zahnfleischs wird immer ein negatives Image erzeugen. Das h\u00e4ufigste Problem sind Blutungen, Schwellungen, Bluterg\u00fcsse\u2026","rel":"","context":"\u00c4hnlicher Beitrag","block_context":{"text":"\u00c4hnlicher Beitrag","link":""},"img":{"alt_text":"","src":"https:\/\/i0.wp.com\/damlazenar.com\/wp-content\/uploads\/2024\/05\/2-1.jpg?resize=350%2C200&ssl=1","width":350,"height":200,"srcset":"https:\/\/i0.wp.com\/damlazenar.com\/wp-content\/uploads\/2024\/05\/2-1.jpg?resize=350%2C200&ssl=1 1x, https:\/\/i0.wp.com\/damlazenar.com\/wp-content\/uploads\/2024\/05\/2-1.jpg?resize=525%2C300&ssl=1 1.5x, https:\/\/i0.wp.com\/damlazenar.com\/wp-content\/uploads\/2024\/05\/2-1.jpg?resize=700%2C400&ssl=1 2x"},"classes":[]},{"id":1328,"url":"https:\/\/damlazenar.com\/de\/zahnaufhellung-bleaching\/","url_meta":{"origin":1308,"position":5},"title":"Zahnaufhellung (Bleaching)","author":"Damla Zenar","date":"29. Mai 2024","format":false,"excerpt":"Zahnaufhellung (Bleaching) Die Zahnaufhellung ist eine Methode zur Aufhellung von Z\u00e4hnen, deren Farbe sich aus verschiedenen Gr\u00fcnden ver\u00e4ndert hat, oder zur Aufhellung der Farbe einzelner Z\u00e4hne um einige T\u00f6ne. Es ist eine sehr praktische L\u00f6sung f\u00fcr Menschen, die mit der Farbe ihrer Z\u00e4hne nicht zufrieden sind, da sie das Ergebnis\u2026","rel":"","context":"\u00c4hnlicher Beitrag","block_context":{"text":"\u00c4hnlicher Beitrag","link":""},"img":{"alt_text":"","src":"https:\/\/i0.wp.com\/damlazenar.com\/wp-content\/uploads\/2024\/05\/4-1.jpg?resize=350%2C200&ssl=1","width":350,"height":200,"srcset":"https:\/\/i0.wp.com\/damlazenar.com\/wp-content\/uploads\/2024\/05\/4-1.jpg?resize=350%2C200&ssl=1 1x, https:\/\/i0.wp.com\/damlazenar.com\/wp-content\/uploads\/2024\/05\/4-1.jpg?resize=525%2C300&ssl=1 1.5x, https:\/\/i0.wp.com\/damlazenar.com\/wp-content\/uploads\/2024\/05\/4-1.jpg?resize=700%2C400&ssl=1 2x"},"classes":[]}],"jetpack_sharing_enabled":true,"_links":{"self":[{"href":"https:\/\/damlazenar.com\/de\/wp-json\/wp\/v2\/pages\/1308","targetHints":{"allow":["GET"]}}],"collection":[{"href":"https:\/\/damlazenar.com\/de\/wp-json\/wp\/v2\/pages"}],"about":[{"href":"https:\/\/damlazenar.com\/de\/wp-json\/wp\/v2\/types\/page"}],"author":[{"embeddable":true,"href":"https:\/\/damlazenar.com\/de\/wp-json\/wp\/v2\/users\/251217416"}],"replies":[{"embeddable":true,"href":"https:\/\/damlazenar.com\/de\/wp-json\/wp\/v2\/comments?post=1308"}],"version-history":[{"count":1,"href":"https:\/\/damlazenar.com\/de\/wp-json\/wp\/v2\/pages\/1308\/revisions"}],"predecessor-version":[{"id":1309,"href":"https:\/\/damlazenar.com\/de\/wp-json\/wp\/v2\/pages\/1308\/revisions\/1309"}],"wp:attachment":[{"href":"https:\/\/damlazenar.com\/de\/wp-json\/wp\/v2\/media?parent=1308"}],"curies":[{"name":"wp","href":"https:\/\/api.w.org\/{rel}","templated":true}]}}