{"id":1328,"date":"2024-05-29T15:36:14","date_gmt":"2024-05-29T12:36:14","guid":{"rendered":"https:\/\/damlazenar.com\/zahnaufhellung-bleaching\/"},"modified":"2024-06-04T00:51:09","modified_gmt":"2024-06-03T21:51:09","slug":"zahnaufhellung-bleaching","status":"publish","type":"page","link":"https:\/\/damlazenar.com\/de\/zahnaufhellung-bleaching\/","title":{"rendered":"Zahnaufhellung (Bleaching)"},"content":{"rendered":"\n<figure class=\"wp-block-image size-full is-resized\"><img data-recalc-dims=\"1\" fetchpriority=\"high\" decoding=\"async\" width=\"900\" height=\"620\" src=\"https:\/\/i0.wp.com\/damlazenar.com\/wp-content\/uploads\/2024\/05\/1-15.jpg?resize=900%2C620&#038;ssl=1\" alt=\"\" class=\"wp-image-168\" style=\"width:756px;height:auto\" srcset=\"https:\/\/i0.wp.com\/damlazenar.com\/wp-content\/uploads\/2024\/05\/1-15.jpg?w=900&amp;ssl=1 900w, https:\/\/i0.wp.com\/damlazenar.com\/wp-content\/uploads\/2024\/05\/1-15.jpg?resize=300%2C207&amp;ssl=1 300w, https:\/\/i0.wp.com\/damlazenar.com\/wp-content\/uploads\/2024\/05\/1-15.jpg?resize=768%2C529&amp;ssl=1 768w\" sizes=\"(max-width: 900px) 100vw, 900px\" \/><\/figure>\n\n<p class=\"wp-block-paragraph\"><strong><u>Zahnaufhellung (Bleaching)<\/u><\/strong><\/p>\n\n<p class=\"wp-block-paragraph\">Die Zahnaufhellung ist eine Methode zur Aufhellung von Z\u00e4hnen, deren Farbe sich aus verschiedenen Gr\u00fcnden ver\u00e4ndert hat, oder zur Aufhellung der Farbe einzelner Z\u00e4hne um einige T\u00f6ne. Es ist eine sehr praktische L\u00f6sung f\u00fcr Menschen, die mit der Farbe ihrer Z\u00e4hne nicht zufrieden sind, <strong>da sie das Ergebnis sofort sehen k\u00f6nnen<\/strong>.<\/p>\n\n<p class=\"wp-block-paragraph\"><br\/>Die nat\u00fcrliche Farbe der Z\u00e4hne verdunkelt sich mit den Jahren, durch \u00e4u\u00dfere Faktoren und unsere Ess- und Trinkgewohnheiten. Mit der Zahnaufhellung, die in der Klinik oder zu Hause durchgef\u00fchrt werden kann, werden die Z\u00e4hne um <strong>2 &#8211; 10 T\u00f6ne<\/strong> aufgehellt und eine zufriedenstellende Aufhellung und ein sch\u00f6nes L\u00e4cheln erzielt. <strong>Das Bleaching-Verfahren muss unter professioneller Kontrolle durchgef\u00fchrt werden.<\/strong><\/p>\n\n<p class=\"wp-block-paragraph\">Das Bleichverfahren wird auf zwei Arten angewendet:<\/p>\n\n<figure class=\"wp-block-image size-full is-resized\"><img data-recalc-dims=\"1\" decoding=\"async\" width=\"1000\" height=\"600\" src=\"https:\/\/i0.wp.com\/damlazenar.com\/wp-content\/uploads\/2024\/05\/2-4.jpg?resize=1000%2C600&#038;ssl=1\" alt=\"\" class=\"wp-image-170\" style=\"width:758px;height:auto\" srcset=\"https:\/\/i0.wp.com\/damlazenar.com\/wp-content\/uploads\/2024\/05\/2-4.jpg?w=1000&amp;ssl=1 1000w, https:\/\/i0.wp.com\/damlazenar.com\/wp-content\/uploads\/2024\/05\/2-4.jpg?resize=300%2C180&amp;ssl=1 300w, https:\/\/i0.wp.com\/damlazenar.com\/wp-content\/uploads\/2024\/05\/2-4.jpg?resize=768%2C461&amp;ssl=1 768w\" sizes=\"(max-width: 1000px) 100vw, 1000px\" \/><figcaption class=\"wp-element-caption\">Bleaching-Behandlung in der Klinik<\/figcaption><\/figure>\n\n<p class=\"wp-block-paragraph\"><strong>1. b\u00fcrobleaching<\/strong><\/p>\n\n<p class=\"wp-block-paragraph\">Es handelt sich um eine Behandlung, die vom Arzt in einer klinischen Umgebung durchgef\u00fchrt wird, indem er das Bleichgel und die Lichtquelle, die dieses Gel aktiviert, auftr\u00e4gt. Die Behandlung <strong>dauert<\/strong> insgesamt etwa <strong>1 Stunde<\/strong> <strong>mit 15-min\u00fctigen Sitzungen<\/strong>. W\u00e4hrend der Anwendung wird Ihr Zahnfleisch mit einem speziellen Barrierematerial gesch\u00fctzt und das Aufhellungsgel auf Ihre Z\u00e4hne aufgetragen und mit einer Lichtquelle aktiviert. Ihr Zahnarzt kann Ihnen <strong>verschiedene L\u00f6sungen<\/strong> und <strong>spezielle Zahnpasten<\/strong> verschreiben, um die Empfindlichkeit nach der Anwendung zu verhindern und das angewandte Wei\u00df zu erhalten.<\/p>\n\n<figure class=\"wp-block-image size-full is-resized\"><img data-recalc-dims=\"1\" decoding=\"async\" width=\"1000\" height=\"600\" src=\"https:\/\/i0.wp.com\/damlazenar.com\/wp-content\/uploads\/2024\/05\/3-3.jpg?resize=1000%2C600&#038;ssl=1\" alt=\"\" class=\"wp-image-171\" style=\"width:763px;height:auto\" srcset=\"https:\/\/i0.wp.com\/damlazenar.com\/wp-content\/uploads\/2024\/05\/3-3.jpg?w=1000&amp;ssl=1 1000w, https:\/\/i0.wp.com\/damlazenar.com\/wp-content\/uploads\/2024\/05\/3-3.jpg?resize=300%2C180&amp;ssl=1 300w, https:\/\/i0.wp.com\/damlazenar.com\/wp-content\/uploads\/2024\/05\/3-3.jpg?resize=768%2C461&amp;ssl=1 768w\" sizes=\"(max-width: 1000px) 100vw, 1000px\" \/><figcaption class=\"wp-element-caption\">Zahnschienen f\u00fcr die Bleaching-Behandlung zu Hause<\/figcaption><\/figure>\n\n<p class=\"wp-block-paragraph\"><strong><br\/><\/strong><strong>2. home Bleaching<\/strong><strong><\/strong><\/p>\n\n<p class=\"wp-block-paragraph\">Home Bleaching ist eine Methode <strong>, bei der<\/strong> die Zahnaufhellung <strong>zu Hause und nicht in einer Klinik durchgef\u00fchrt<\/strong> wird. Personalisierte Aligner werden anhand eines einfachen Abdrucks aus dem Mund hergestellt. Die Schienen mit dem Bleaching-Gel werden je nach Zahnfarbe <strong>4 &#8211; 8 Stunden pro Tag getragen<\/strong>, und die <strong>gew\u00fcnschte Aufhellung wird <\/strong> in durchschnittlich 10 &#8211; 15 Tagen <strong>erreicht <\/strong>.  <\/p>\n\n<p class=\"wp-block-paragraph\">W\u00e4hrend der Anwendung <strong>sollten<\/strong> <strong>f\u00e4rbende Substanzen<\/strong> (Tee, Kaffee, Zigaretten, Wein, medizinische Mundsp\u00fclungen usw.) so weit wie m\u00f6glich vermieden werden <strong>.<\/strong> F\u00fcr eine dauerhafte F\u00e4rbung muss der Vorgang m\u00f6glicherweise von Zeit zu Zeit wiederholt werden.<\/p>\n\n<p class=\"wp-block-paragraph\"><strong>Ist eine Zahnaufhellung sch\u00e4dlich?<\/strong><\/p>\n\n<p class=\"wp-block-paragraph\">Bleaching ist <strong>eine harmlose und sehr effektive Methode<\/strong>, wenn sie von einem Arzt durchgef\u00fchrt wird, der mit dem Verfahren vertraut ist. W\u00e4hrend oder nach dem Bleaching kann es zu einer leichten oder m\u00e4\u00dfigen Empfindlichkeit kommen. Diese Empfindlichkeit verschwindet innerhalb von 1 &#8211; 2 Tagen vollst\u00e4ndig.  <\/p>\n\n<p class=\"wp-block-paragraph\"><strong>Was sind die Unterschiede zwischen Office Bleaching und Home Bleaching?<\/strong><\/p>\n\n<p class=\"wp-block-paragraph\">Die <strong>Wirkung<\/strong> des <strong>Home Bleaching<\/strong> ist <strong>viel geringer<\/strong> als die des Bleachings in der Klinik <strong>.<\/strong> Ihr Zahnarzt kann das Home Bleaching auch als zweite Anwendung nach dem Office Bleaching empfehlen, um das Wei\u00df dauerhaft zu erhalten.<\/p>\n\n<figure class=\"wp-block-image size-full is-resized\"><img data-recalc-dims=\"1\" loading=\"lazy\" decoding=\"async\" width=\"1000\" height=\"600\" src=\"https:\/\/i0.wp.com\/damlazenar.com\/wp-content\/uploads\/2024\/05\/4-1.jpg?resize=1000%2C600&#038;ssl=1\" alt=\"\" class=\"wp-image-172\" style=\"width:768px;height:auto\" srcset=\"https:\/\/i0.wp.com\/damlazenar.com\/wp-content\/uploads\/2024\/05\/4-1.jpg?w=1000&amp;ssl=1 1000w, https:\/\/i0.wp.com\/damlazenar.com\/wp-content\/uploads\/2024\/05\/4-1.jpg?resize=300%2C180&amp;ssl=1 300w, https:\/\/i0.wp.com\/damlazenar.com\/wp-content\/uploads\/2024\/05\/4-1.jpg?resize=768%2C461&amp;ssl=1 768w\" sizes=\"(max-width: 1000px) 100vw, 1000px\" \/><\/figure>\n\n<p class=\"wp-block-paragraph\"><strong>Welche anderen Arten von Verf\u00e4rbungen k\u00f6nnen mit einer Zahnaufhellung entfernt werden?<\/strong><\/p>\n\n<ul class=\"wp-block-list\">\n<li>Angeborene F\u00e4rbung<\/li>\n\n\n\n<li>F\u00e4rbung aufgrund l\u00e4ngerer Einnahme von Antibiotika<\/li>\n\n\n\n<li>F\u00e4rbung durch \u00fcberm\u00e4\u00dfige Fluoraufnahme<\/li>\n\n\n\n<li>Verf\u00e4rbungen, die nach einer Wurzelbehandlung auftreten k\u00f6nnen<\/li>\n\n\n\n<li>F\u00e4rbung, die als Folge eines Traumas auftreten kann<\/li>\n\n\n\n<li>F\u00e4rbung, die altersbedingt auftreten kann<\/li>\n<\/ul>\n\n<p class=\"wp-block-paragraph\"><strong>Ist die Zahnaufhellung dasselbe Verfahren wie die Entfernung von Flecken auf der Zahnoberfl\u00e4che?<\/strong><\/p>\n\n<p class=\"wp-block-paragraph\">Es ist nicht derselbe Prozess. Diese Flecken sind Verf\u00e4rbungen auf der \u00e4u\u00dferen Oberfl\u00e4che des Zahns und k\u00f6nnen durch mechanische Reinigung entfernt werden. Wenn ein Bleaching durchgef\u00fchrt werden soll, <strong>m\u00fcssen<\/strong> diese <strong>Flecken<\/strong> auf der Au\u00dfenfl\u00e4che des Zahns <strong>vor dem Bleichen entfernt werden.<\/strong><\/p>\n\n<p class=\"wp-block-paragraph\"><strong>Welche Lebensmittel sollten nach der Zahnaufhellung vermieden werden?<\/strong><\/p>\n\n<p class=\"wp-block-paragraph\">Der Konsum von farbigen Lebensmitteln wie Kaffee, Cola, Tee und Wein sowie das Rauchen sollten reduziert werden.  <\/p>\n\n<p class=\"wp-block-paragraph\"><\/p>\n","protected":false},"excerpt":{"rendered":"<p>Zahnaufhellung (Bleaching) Die Zahnaufhellung ist eine Methode zur Aufhellung von Z\u00e4hnen, deren Farbe sich aus verschiedenen Gr\u00fcnden ver\u00e4ndert hat, oder zur Aufhellung der Farbe einzelner Z\u00e4hne um einige T\u00f6ne. Es ist eine sehr praktische L\u00f6sung f\u00fcr Menschen, die mit der Farbe ihrer Z\u00e4hne nicht zufrieden sind, da sie das Ergebnis sofort sehen k\u00f6nnen. Die nat\u00fcrliche [&hellip;]<\/p>\n","protected":false},"author":251217416,"featured_media":0,"parent":0,"menu_order":0,"comment_status":"closed","ping_status":"closed","template":"","meta":{"advanced_seo_description":"","jetpack_seo_html_title":"","jetpack_seo_noindex":false,"jetpack_seo_schema_type":"","_wpcom_ai_launchpad_about_page":false,"_wpcom_ai_launchpad_gallery_page":false,"_wpcom_ai_launchpad_contact_page":false,"_wpcom_ai_launchpad_events_page":false,"_wpcom_ai_launchpad_video_page":false,"_wpcom_ai_launchpad_portfolio_piece":false,"footnotes":""},"class_list":["post-1328","page","type-page","status-publish","hentry"],"jetpack_likes_enabled":true,"jetpack_shortlink":"https:\/\/wp.me\/PfO3hG-lq","jetpack-related-posts":[{"id":1326,"url":"https:\/\/damlazenar.com\/de\/laecheln-design\/","url_meta":{"origin":1328,"position":0},"title":"L\u00e4cheln Design","author":"Damla Zenar","date":"29. Mai 2024","format":false,"excerpt":"Untersuchungen haben ergeben, dass das Erste, worauf Menschen schauen, wenn sie sich treffen, Ihr L\u00e4cheln ist. Bei einem unharmonischen L\u00e4cheln konzentrieren sich Ihre Augen sofort auf die Z\u00e4hne der Person. Wir alle tun das, es ist Teil unserer sozialen Natur. Bei einem harmonischen L\u00e4cheln registriert Ihr Gehirn, dass die Person\u2026","rel":"","context":"\u00c4hnlicher Beitrag","block_context":{"text":"\u00c4hnlicher Beitrag","link":""},"img":{"alt_text":"","src":"https:\/\/i0.wp.com\/damlazenar.com\/wp-content\/uploads\/2024\/05\/4-2.jpg?resize=350%2C200&ssl=1","width":350,"height":200,"srcset":"https:\/\/i0.wp.com\/damlazenar.com\/wp-content\/uploads\/2024\/05\/4-2.jpg?resize=350%2C200&ssl=1 1x, https:\/\/i0.wp.com\/damlazenar.com\/wp-content\/uploads\/2024\/05\/4-2.jpg?resize=525%2C300&ssl=1 1.5x, https:\/\/i0.wp.com\/damlazenar.com\/wp-content\/uploads\/2024\/05\/4-2.jpg?resize=700%2C400&ssl=1 2x"},"classes":[]},{"id":1334,"url":"https:\/\/damlazenar.com\/de\/restaurative-zahnmedizin\/","url_meta":{"origin":1328,"position":1},"title":"Restaurative Zahnmedizin","author":"Damla Zenar","date":"29. Mai 2024","format":false,"excerpt":"In der restaurativen Zahnheilkunde wird Karies durch intraorale und r\u00f6ntgenologische Untersuchungen festgestellt, die Karies unter lokaler An\u00e4sthesie schmerzfrei gereinigt und die entstandene Kavit\u00e4t mit Komposit- oder Porzellanmaterialien restauriert. Komposit-F\u00fcllungen Kompositf\u00fcllungen, die zur Reparatur kari\u00f6ser, abgebrochener oder deformierter Z\u00e4hne verwendet werden, beseitigen \u00e4sthetische Bedenken, da sie zahnfarben sind. Kompositf\u00fcllungen, die erfolgreich\u2026","rel":"","context":"\u00c4hnlicher Beitrag","block_context":{"text":"\u00c4hnlicher Beitrag","link":""},"img":{"alt_text":"","src":"https:\/\/i0.wp.com\/damlazenar.com\/wp-content\/uploads\/2024\/05\/1-17.jpg?fit=900%2C620&ssl=1&resize=350%2C200","width":350,"height":200,"srcset":"https:\/\/i0.wp.com\/damlazenar.com\/wp-content\/uploads\/2024\/05\/1-17.jpg?fit=900%2C620&ssl=1&resize=350%2C200 1x, https:\/\/i0.wp.com\/damlazenar.com\/wp-content\/uploads\/2024\/05\/1-17.jpg?fit=900%2C620&ssl=1&resize=525%2C300 1.5x, https:\/\/i0.wp.com\/damlazenar.com\/wp-content\/uploads\/2024\/05\/1-17.jpg?fit=900%2C620&ssl=1&resize=700%2C400 2x"},"classes":[]},{"id":1354,"url":"https:\/\/damlazenar.com\/de\/zahnfleisch-aesthetik\/","url_meta":{"origin":1328,"position":2},"title":"Zahnfleisch \u00c4sthetik","author":"Damla Zenar","date":"29. Mai 2024","format":false,"excerpt":"Die Gesundheit und das Aussehen des Zahnfleischgewebes, das den Zahn umgibt, ist f\u00fcr die \u00c4sthetik ebenso wichtig wie das Aussehen der Z\u00e4hne. Egal wie sch\u00f6n unsere Z\u00e4hne sind, ein ungesunder Zustand oder ein \u00e4sthetisches Problem des Zahnfleischs wird immer ein negatives Image erzeugen. Das h\u00e4ufigste Problem sind Blutungen, Schwellungen, Bluterg\u00fcsse\u2026","rel":"","context":"\u00c4hnlicher Beitrag","block_context":{"text":"\u00c4hnlicher Beitrag","link":""},"img":{"alt_text":"","src":"https:\/\/i0.wp.com\/damlazenar.com\/wp-content\/uploads\/2024\/05\/2-1.jpg?resize=350%2C200&ssl=1","width":350,"height":200,"srcset":"https:\/\/i0.wp.com\/damlazenar.com\/wp-content\/uploads\/2024\/05\/2-1.jpg?resize=350%2C200&ssl=1 1x, https:\/\/i0.wp.com\/damlazenar.com\/wp-content\/uploads\/2024\/05\/2-1.jpg?resize=525%2C300&ssl=1 1.5x, https:\/\/i0.wp.com\/damlazenar.com\/wp-content\/uploads\/2024\/05\/2-1.jpg?resize=700%2C400&ssl=1 2x"},"classes":[]},{"id":1316,"url":"https:\/\/damlazenar.com\/de\/zahnaerztliches-anti-aging\/","url_meta":{"origin":1328,"position":3},"title":"Zahn\u00e4rztliches Anti-Aging","author":"Damla Zenar","date":"29. Mai 2024","format":false,"excerpt":"Viele Produkte und Anwendungen lassen uns heute j\u00fcnger aussehen. Die Verj\u00fcngung des L\u00e4chelns ist eine der effektivsten dieser Anwendungen. Mit den Jahren k\u00f6nnen wir beobachten, dass die Farbe unserer Z\u00e4hne dunkler wird, ihre L\u00e4nge sich verk\u00fcrzt und unser L\u00e4cheln dadurch blasser wird. Dank der korrekten Anwendung der \u00e4sthetischen Zahnmedizin k\u00f6nnen\u2026","rel":"","context":"\u00c4hnlicher Beitrag","block_context":{"text":"\u00c4hnlicher Beitrag","link":""},"img":{"alt_text":"","src":"https:\/\/i0.wp.com\/damlazenar.com\/wp-content\/uploads\/2024\/05\/1-10.jpg?resize=350%2C200&ssl=1","width":350,"height":200,"srcset":"https:\/\/i0.wp.com\/damlazenar.com\/wp-content\/uploads\/2024\/05\/1-10.jpg?resize=350%2C200&ssl=1 1x, https:\/\/i0.wp.com\/damlazenar.com\/wp-content\/uploads\/2024\/05\/1-10.jpg?resize=525%2C300&ssl=1 1.5x, https:\/\/i0.wp.com\/damlazenar.com\/wp-content\/uploads\/2024\/05\/1-10.jpg?resize=700%2C400&ssl=1 2x"},"classes":[]},{"id":1324,"url":"https:\/\/damlazenar.com\/de\/metallisierte-beschichtungen\/","url_meta":{"origin":1328,"position":4},"title":"Metallisierte Beschichtungen","author":"Damla Zenar","date":"29. Mai 2024","format":false,"excerpt":"Warum sollte ich eine \u00e4sthetische F\u00fcllung einer Metallf\u00fcllung (Amalgam) vorziehen? Im Einklang mit der sich entwickelnden Zahntechnik, der Forschung \u00fcber die Nachsorge von Patienten und den steigenden Erwartungen der Patienten sind Metall-\/Amalgamf\u00fcllungen , die in der Vergangenheit viel h\u00e4ufiger waren, heute durch \u00e4sthetische F\u00fcllungen ersetzt worden. Amalgamf\u00fcllungen k\u00f6nnen keine vollst\u00e4ndige\u2026","rel":"","context":"\u00c4hnlicher Beitrag","block_context":{"text":"\u00c4hnlicher Beitrag","link":""},"img":{"alt_text":"","src":"https:\/\/i0.wp.com\/damlazenar.com\/wp-content\/uploads\/2024\/05\/3-2.jpg?resize=350%2C200&ssl=1","width":350,"height":200,"srcset":"https:\/\/i0.wp.com\/damlazenar.com\/wp-content\/uploads\/2024\/05\/3-2.jpg?resize=350%2C200&ssl=1 1x, https:\/\/i0.wp.com\/damlazenar.com\/wp-content\/uploads\/2024\/05\/3-2.jpg?resize=525%2C300&ssl=1 1.5x, https:\/\/i0.wp.com\/damlazenar.com\/wp-content\/uploads\/2024\/05\/3-2.jpg?resize=700%2C400&ssl=1 2x"},"classes":[]},{"id":1107,"url":"https:\/\/damlazenar.com\/de\/prothetik\/","url_meta":{"origin":1328,"position":5},"title":"Prothetik","author":"Damla Zenar","date":"29. Mai 2024","format":false,"excerpt":"Zahnkronen und Br\u00fccken In F\u00e4llen, in denen Implantate f\u00fcr Zahnl\u00fccken, die nach einem Zahnverlust entstanden sind, nicht geeignet sind oder nicht bevorzugt werden, kommen Zahnbr\u00fccken zum Einsatz. In F\u00e4llen, in denen die Z\u00e4hne \u00fcberm\u00e4\u00dfig besch\u00e4digt sind, sind Zahnkronen eine geeignete Option, um das L\u00e4cheln zu korrigieren und die verlorene Funktion\u2026","rel":"","context":"\u00c4hnlicher Beitrag","block_context":{"text":"\u00c4hnlicher Beitrag","link":""},"img":{"alt_text":"","src":"https:\/\/i0.wp.com\/damlazenar.com\/wp-content\/uploads\/2024\/05\/1-21.jpg?fit=900%2C620&ssl=1&resize=350%2C200","width":350,"height":200,"srcset":"https:\/\/i0.wp.com\/damlazenar.com\/wp-content\/uploads\/2024\/05\/1-21.jpg?fit=900%2C620&ssl=1&resize=350%2C200 1x, https:\/\/i0.wp.com\/damlazenar.com\/wp-content\/uploads\/2024\/05\/1-21.jpg?fit=900%2C620&ssl=1&resize=525%2C300 1.5x, https:\/\/i0.wp.com\/damlazenar.com\/wp-content\/uploads\/2024\/05\/1-21.jpg?fit=900%2C620&ssl=1&resize=700%2C400 2x"},"classes":[]}],"jetpack_sharing_enabled":true,"_links":{"self":[{"href":"https:\/\/damlazenar.com\/de\/wp-json\/wp\/v2\/pages\/1328","targetHints":{"allow":["GET"]}}],"collection":[{"href":"https:\/\/damlazenar.com\/de\/wp-json\/wp\/v2\/pages"}],"about":[{"href":"https:\/\/damlazenar.com\/de\/wp-json\/wp\/v2\/types\/page"}],"author":[{"embeddable":true,"href":"https:\/\/damlazenar.com\/de\/wp-json\/wp\/v2\/users\/251217416"}],"replies":[{"embeddable":true,"href":"https:\/\/damlazenar.com\/de\/wp-json\/wp\/v2\/comments?post=1328"}],"version-history":[{"count":1,"href":"https:\/\/damlazenar.com\/de\/wp-json\/wp\/v2\/pages\/1328\/revisions"}],"predecessor-version":[{"id":1329,"href":"https:\/\/damlazenar.com\/de\/wp-json\/wp\/v2\/pages\/1328\/revisions\/1329"}],"wp:attachment":[{"href":"https:\/\/damlazenar.com\/de\/wp-json\/wp\/v2\/media?parent=1328"}],"curies":[{"name":"wp","href":"https:\/\/api.w.org\/{rel}","templated":true}]}}