{"id":1338,"date":"2024-05-29T15:55:03","date_gmt":"2024-05-29T12:55:03","guid":{"rendered":"https:\/\/damlazenar.com\/wurzelkanalbehandlung-endodontie\/"},"modified":"2024-06-04T00:53:18","modified_gmt":"2024-06-03T21:53:18","slug":"wurzelkanalbehandlung-endodontie","status":"publish","type":"page","link":"https:\/\/damlazenar.com\/de\/wurzelkanalbehandlung-endodontie\/","title":{"rendered":"Wurzelkanalbehandlung (Endodontie)"},"content":{"rendered":"\n<figure class=\"wp-block-image size-full is-resized\"><img data-recalc-dims=\"1\" fetchpriority=\"high\" decoding=\"async\" width=\"900\" height=\"620\" src=\"https:\/\/i0.wp.com\/damlazenar.com\/wp-content\/uploads\/2024\/05\/1-18.jpg?resize=900%2C620&#038;ssl=1\" alt=\"\" class=\"wp-image-193\" style=\"width:811px;height:auto\" srcset=\"https:\/\/i0.wp.com\/damlazenar.com\/wp-content\/uploads\/2024\/05\/1-18.jpg?w=900&amp;ssl=1 900w, https:\/\/i0.wp.com\/damlazenar.com\/wp-content\/uploads\/2024\/05\/1-18.jpg?resize=300%2C207&amp;ssl=1 300w, https:\/\/i0.wp.com\/damlazenar.com\/wp-content\/uploads\/2024\/05\/1-18.jpg?resize=768%2C529&amp;ssl=1 768w\" sizes=\"(max-width: 900px) 100vw, 900px\" \/><\/figure>\n\n<p class=\"wp-block-paragraph\">Wenn die Probleme im Zahn bis in den Bereich vorgedrungen sind, den wir <strong>Pulpa<\/strong> nennen und der sich im Innersten und in der Mitte des Zahns befindet, sollte der Zahn <strong>kanalisiert<\/strong> werden.<\/p>\n\n<p class=\"wp-block-paragraph\">Eine <strong>Wurzelbehandlung wird<\/strong> bei Schmerzen, starker K\u00e4lte-W\u00e4rme-Empfindlichkeit, Zahnabszessen, Unfallsch\u00e4den und verf\u00e4rbten Z\u00e4hnen <strong>durchgef\u00fchrt<\/strong>. Bei dieser Behandlung wird entz\u00fcndetes oder abgestorbenes Zahngewebe entfernt, die Kavit\u00e4t geformt, der Kanal sterilisiert und mit k\u00f6rpervertr\u00e4glichem F\u00fcllmaterial gef\u00fcllt.<\/p>\n\n<figure class=\"wp-block-image size-full is-resized\"><img data-recalc-dims=\"1\" decoding=\"async\" width=\"1000\" height=\"600\" src=\"https:\/\/i0.wp.com\/damlazenar.com\/wp-content\/uploads\/2024\/05\/2-7.jpg?resize=1000%2C600&#038;ssl=1\" alt=\"\" class=\"wp-image-194\" style=\"width:823px;height:auto\" srcset=\"https:\/\/i0.wp.com\/damlazenar.com\/wp-content\/uploads\/2024\/05\/2-7.jpg?w=1000&amp;ssl=1 1000w, https:\/\/i0.wp.com\/damlazenar.com\/wp-content\/uploads\/2024\/05\/2-7.jpg?resize=300%2C180&amp;ssl=1 300w, https:\/\/i0.wp.com\/damlazenar.com\/wp-content\/uploads\/2024\/05\/2-7.jpg?resize=768%2C461&amp;ssl=1 768w\" sizes=\"(max-width: 1000px) 100vw, 1000px\" \/><figcaption class=\"wp-element-caption\">Etappen der Wurzelbehandlung<\/figcaption><\/figure>\n\n<p class=\"wp-block-paragraph\">Eine <strong>Verz\u00f6gerung der endodontischen Behandlung<\/strong> kann zu einer Entz\u00fcndung um die Zahnwurzel herum und zu einer Sch\u00e4digung des Kieferknochens f\u00fchren; zus\u00e4tzlich zur Wurzelbehandlung kann ein chirurgischer Eingriff oder die Extraktion des Zahns erforderlich sein.<\/p>\n\n<p class=\"wp-block-paragraph\">Die Wurzelbehandlung ist dank der modernen An\u00e4sthesietechniken schmerzfrei und angenehm, und <strong>der Eingriff wird<\/strong> oft <strong>in einer einzigen Sitzung abgeschlossen<\/strong>. Nach der Behandlung kann es einige Tage lang zu leichten Empfindlichkeiten und Schmerzen an den Z\u00e4hnen kommen.<\/p>\n\n<figure class=\"wp-block-image size-full is-resized\"><img data-recalc-dims=\"1\" decoding=\"async\" width=\"1000\" height=\"600\" src=\"https:\/\/i0.wp.com\/damlazenar.com\/wp-content\/uploads\/2024\/05\/3-5.jpg?resize=1000%2C600&#038;ssl=1\" alt=\"\" class=\"wp-image-195\" style=\"width:828px;height:auto\" srcset=\"https:\/\/i0.wp.com\/damlazenar.com\/wp-content\/uploads\/2024\/05\/3-5.jpg?w=1000&amp;ssl=1 1000w, https:\/\/i0.wp.com\/damlazenar.com\/wp-content\/uploads\/2024\/05\/3-5.jpg?resize=300%2C180&amp;ssl=1 300w, https:\/\/i0.wp.com\/damlazenar.com\/wp-content\/uploads\/2024\/05\/3-5.jpg?resize=768%2C461&amp;ssl=1 768w\" sizes=\"(max-width: 1000px) 100vw, 1000px\" \/><figcaption class=\"wp-element-caption\">Faserpost<\/figcaption><\/figure>\n\n<p class=\"wp-block-paragraph\"><strong>Was ist Fibre Post?<\/strong><\/p>\n\n<p class=\"wp-block-paragraph\">Bei der Faser-Post-Behandlung; In F\u00e4llen, in denen der Materialverlust der Z\u00e4hne hoch ist, werden nach der Wurzelkanalbehandlung <strong>spezielle Faserverst\u00e4rkungen in die Wurzel eingesetzt.<\/strong> Auf diese Weise wird die <strong>Haltbarkeit des Zahns erh\u00f6ht<\/strong>, indem er sowohl von der Wurzel als auch vom oberen Teil des Zahns unterst\u00fctzt wird <strong>.<\/strong><\/p>\n","protected":false},"excerpt":{"rendered":"<p>Wenn die Probleme im Zahn bis in den Bereich vorgedrungen sind, den wir Pulpa nennen und der sich im Innersten und in der Mitte des Zahns befindet, sollte der Zahn kanalisiert werden. Eine Wurzelbehandlung wird bei Schmerzen, starker K\u00e4lte-W\u00e4rme-Empfindlichkeit, Zahnabszessen, Unfallsch\u00e4den und verf\u00e4rbten Z\u00e4hnen durchgef\u00fchrt. Bei dieser Behandlung wird entz\u00fcndetes oder abgestorbenes Zahngewebe entfernt, die [&hellip;]<\/p>\n","protected":false},"author":251217416,"featured_media":888,"parent":0,"menu_order":0,"comment_status":"closed","ping_status":"closed","template":"","meta":{"advanced_seo_description":"","jetpack_seo_html_title":"","jetpack_seo_noindex":false,"jetpack_seo_schema_type":"","_wpcom_ai_launchpad_about_page":false,"_wpcom_ai_launchpad_gallery_page":false,"_wpcom_ai_launchpad_contact_page":false,"_wpcom_ai_launchpad_events_page":false,"_wpcom_ai_launchpad_video_page":false,"_wpcom_ai_launchpad_portfolio_piece":false,"footnotes":""},"class_list":["post-1338","page","type-page","status-publish","has-post-thumbnail","hentry"],"jetpack_likes_enabled":true,"jetpack_shortlink":"https:\/\/wp.me\/PfO3hG-lA","jetpack-related-posts":[{"id":1107,"url":"https:\/\/damlazenar.com\/de\/prothetik\/","url_meta":{"origin":1338,"position":0},"title":"Prothetik","author":"Damla Zenar","date":"29. Mai 2024","format":false,"excerpt":"Zahnkronen und Br\u00fccken In F\u00e4llen, in denen Implantate f\u00fcr Zahnl\u00fccken, die nach einem Zahnverlust entstanden sind, nicht geeignet sind oder nicht bevorzugt werden, kommen Zahnbr\u00fccken zum Einsatz. In F\u00e4llen, in denen die Z\u00e4hne \u00fcberm\u00e4\u00dfig besch\u00e4digt sind, sind Zahnkronen eine geeignete Option, um das L\u00e4cheln zu korrigieren und die verlorene Funktion\u2026","rel":"","context":"\u00c4hnlicher Beitrag","block_context":{"text":"\u00c4hnlicher Beitrag","link":""},"img":{"alt_text":"","src":"https:\/\/i0.wp.com\/damlazenar.com\/wp-content\/uploads\/2024\/05\/1-21.jpg?fit=900%2C620&ssl=1&resize=350%2C200","width":350,"height":200,"srcset":"https:\/\/i0.wp.com\/damlazenar.com\/wp-content\/uploads\/2024\/05\/1-21.jpg?fit=900%2C620&ssl=1&resize=350%2C200 1x, https:\/\/i0.wp.com\/damlazenar.com\/wp-content\/uploads\/2024\/05\/1-21.jpg?fit=900%2C620&ssl=1&resize=525%2C300 1.5x, https:\/\/i0.wp.com\/damlazenar.com\/wp-content\/uploads\/2024\/05\/1-21.jpg?fit=900%2C620&ssl=1&resize=700%2C400 2x"},"classes":[]},{"id":1157,"url":"https:\/\/damlazenar.com\/de\/chirurgische-eingriffe-und-implantate\/","url_meta":{"origin":1338,"position":1},"title":"Chirurgische Eingriffe und Implantate","author":"Damla Zenar","date":"29. Mai 2024","format":false,"excerpt":"Chirurgische Eingriffe in unserer Klinik; Mund-, Zahn- und Kieferchirurgie werden von unseren Fach\u00e4rzten durchgef\u00fchrt. Chirurgische Eingriffe werden unter lokaler Bet\u00e4ubung in unserer Klinik oder unter Sedierung \/ Vollnarkose in Vertragskrankenh\u00e4usern durchgef\u00fchrt, je nach Art des Eingriffs und den Pr\u00e4ferenzen unserer Patienten. Eingriffe in der Mund-, Zahn- und Kieferchirurgie, die in\u2026","rel":"","context":"\u00c4hnlicher Beitrag","block_context":{"text":"\u00c4hnlicher Beitrag","link":""},"img":{"alt_text":"","src":"https:\/\/i0.wp.com\/damlazenar.com\/wp-content\/uploads\/2024\/05\/1-25.jpg?fit=900%2C620&ssl=1&resize=350%2C200","width":350,"height":200,"srcset":"https:\/\/i0.wp.com\/damlazenar.com\/wp-content\/uploads\/2024\/05\/1-25.jpg?fit=900%2C620&ssl=1&resize=350%2C200 1x, https:\/\/i0.wp.com\/damlazenar.com\/wp-content\/uploads\/2024\/05\/1-25.jpg?fit=900%2C620&ssl=1&resize=525%2C300 1.5x, https:\/\/i0.wp.com\/damlazenar.com\/wp-content\/uploads\/2024\/05\/1-25.jpg?fit=900%2C620&ssl=1&resize=700%2C400 2x"},"classes":[]},{"id":1334,"url":"https:\/\/damlazenar.com\/de\/restaurative-zahnmedizin\/","url_meta":{"origin":1338,"position":2},"title":"Restaurative Zahnmedizin","author":"Damla Zenar","date":"29. Mai 2024","format":false,"excerpt":"In der restaurativen Zahnheilkunde wird Karies durch intraorale und r\u00f6ntgenologische Untersuchungen festgestellt, die Karies unter lokaler An\u00e4sthesie schmerzfrei gereinigt und die entstandene Kavit\u00e4t mit Komposit- oder Porzellanmaterialien restauriert. Komposit-F\u00fcllungen Kompositf\u00fcllungen, die zur Reparatur kari\u00f6ser, abgebrochener oder deformierter Z\u00e4hne verwendet werden, beseitigen \u00e4sthetische Bedenken, da sie zahnfarben sind. Kompositf\u00fcllungen, die erfolgreich\u2026","rel":"","context":"\u00c4hnlicher Beitrag","block_context":{"text":"\u00c4hnlicher Beitrag","link":""},"img":{"alt_text":"","src":"https:\/\/i0.wp.com\/damlazenar.com\/wp-content\/uploads\/2024\/05\/1-17.jpg?fit=900%2C620&ssl=1&resize=350%2C200","width":350,"height":200,"srcset":"https:\/\/i0.wp.com\/damlazenar.com\/wp-content\/uploads\/2024\/05\/1-17.jpg?fit=900%2C620&ssl=1&resize=350%2C200 1x, https:\/\/i0.wp.com\/damlazenar.com\/wp-content\/uploads\/2024\/05\/1-17.jpg?fit=900%2C620&ssl=1&resize=525%2C300 1.5x, https:\/\/i0.wp.com\/damlazenar.com\/wp-content\/uploads\/2024\/05\/1-17.jpg?fit=900%2C620&ssl=1&resize=700%2C400 2x"},"classes":[]},{"id":1324,"url":"https:\/\/damlazenar.com\/de\/metallisierte-beschichtungen\/","url_meta":{"origin":1338,"position":3},"title":"Metallisierte Beschichtungen","author":"Damla Zenar","date":"29. Mai 2024","format":false,"excerpt":"Warum sollte ich eine \u00e4sthetische F\u00fcllung einer Metallf\u00fcllung (Amalgam) vorziehen? Im Einklang mit der sich entwickelnden Zahntechnik, der Forschung \u00fcber die Nachsorge von Patienten und den steigenden Erwartungen der Patienten sind Metall-\/Amalgamf\u00fcllungen , die in der Vergangenheit viel h\u00e4ufiger waren, heute durch \u00e4sthetische F\u00fcllungen ersetzt worden. Amalgamf\u00fcllungen k\u00f6nnen keine vollst\u00e4ndige\u2026","rel":"","context":"\u00c4hnlicher Beitrag","block_context":{"text":"\u00c4hnlicher Beitrag","link":""},"img":{"alt_text":"","src":"https:\/\/i0.wp.com\/damlazenar.com\/wp-content\/uploads\/2024\/05\/3-2.jpg?resize=350%2C200&ssl=1","width":350,"height":200,"srcset":"https:\/\/i0.wp.com\/damlazenar.com\/wp-content\/uploads\/2024\/05\/3-2.jpg?resize=350%2C200&ssl=1 1x, https:\/\/i0.wp.com\/damlazenar.com\/wp-content\/uploads\/2024\/05\/3-2.jpg?resize=525%2C300&ssl=1 1.5x, https:\/\/i0.wp.com\/damlazenar.com\/wp-content\/uploads\/2024\/05\/3-2.jpg?resize=700%2C400&ssl=1 2x"},"classes":[]},{"id":1358,"url":"https:\/\/damlazenar.com\/de\/paediatrische-zahnmedizin-kinderzahnheilkunde\/","url_meta":{"origin":1338,"position":4},"title":"P\u00e4diatrische Zahnmedizin (Kinderzahnheilkunde)","author":"Damla Zenar","date":"29. Mai 2024","format":false,"excerpt":"Genau wie bei den bleibenden Z\u00e4hnen kann auch bei den Milchz\u00e4hnen in der Kindheit aufgrund unzureichender Zahnpflege Karies auftreten. Manchmal kommt es durch \u00e4u\u00dfere Einfl\u00fcsse wie St\u00fcrze und St\u00f6\u00dfe zu Frakturen bei Milchz\u00e4hnen, die behandelt werden m\u00fcssen. Pr\u00e4ventive zahnmedizinische Ma\u00dfnahmen sind bei der zahn\u00e4rztlichen Behandlung von Kindern von gro\u00dfer Bedeutung.\u2026","rel":"","context":"\u00c4hnlicher Beitrag","block_context":{"text":"\u00c4hnlicher Beitrag","link":""},"img":{"alt_text":"","src":"https:\/\/i0.wp.com\/damlazenar.com\/wp-content\/uploads\/2024\/05\/3-6.jpg?resize=350%2C200&ssl=1","width":350,"height":200,"srcset":"https:\/\/i0.wp.com\/damlazenar.com\/wp-content\/uploads\/2024\/05\/3-6.jpg?resize=350%2C200&ssl=1 1x, https:\/\/i0.wp.com\/damlazenar.com\/wp-content\/uploads\/2024\/05\/3-6.jpg?resize=525%2C300&ssl=1 1.5x, https:\/\/i0.wp.com\/damlazenar.com\/wp-content\/uploads\/2024\/05\/3-6.jpg?resize=700%2C400&ssl=1 2x"},"classes":[]},{"id":1320,"url":"https:\/\/damlazenar.com\/de\/porzellan-laminate\/","url_meta":{"origin":1338,"position":5},"title":"Porzellan Laminate","author":"Damla Zenar","date":"29. Mai 2024","format":false,"excerpt":"Was ist Porzellanlaminat (Laminatfurnier)? Es handelt sich um sehr d\u00fcnne Porzellanplatten , die auf die Vorderseiten der Z\u00e4hne geklebt werden . Jeder verdient ein sch\u00f6nes L\u00e4cheln. Porzellan-Laminate sind \u00e4sthetische, sch\u00fctzende und langlebige Versorgungen, die fast ohne einen Eingriff in die Zahnsubstanz f\u00fcr dieses L\u00e4cheln hergestellt werden k\u00f6nnen. Die Konservativit\u00e4t der\u2026","rel":"","context":"\u00c4hnlicher Beitrag","block_context":{"text":"\u00c4hnlicher Beitrag","link":""},"img":{"alt_text":"","src":"https:\/\/i0.wp.com\/damlazenar.com\/wp-content\/uploads\/2024\/05\/1-13.jpg?fit=900%2C620&ssl=1&resize=350%2C200","width":350,"height":200,"srcset":"https:\/\/i0.wp.com\/damlazenar.com\/wp-content\/uploads\/2024\/05\/1-13.jpg?fit=900%2C620&ssl=1&resize=350%2C200 1x, https:\/\/i0.wp.com\/damlazenar.com\/wp-content\/uploads\/2024\/05\/1-13.jpg?fit=900%2C620&ssl=1&resize=525%2C300 1.5x, https:\/\/i0.wp.com\/damlazenar.com\/wp-content\/uploads\/2024\/05\/1-13.jpg?fit=900%2C620&ssl=1&resize=700%2C400 2x"},"classes":[]}],"jetpack_sharing_enabled":true,"_links":{"self":[{"href":"https:\/\/damlazenar.com\/de\/wp-json\/wp\/v2\/pages\/1338","targetHints":{"allow":["GET"]}}],"collection":[{"href":"https:\/\/damlazenar.com\/de\/wp-json\/wp\/v2\/pages"}],"about":[{"href":"https:\/\/damlazenar.com\/de\/wp-json\/wp\/v2\/types\/page"}],"author":[{"embeddable":true,"href":"https:\/\/damlazenar.com\/de\/wp-json\/wp\/v2\/users\/251217416"}],"replies":[{"embeddable":true,"href":"https:\/\/damlazenar.com\/de\/wp-json\/wp\/v2\/comments?post=1338"}],"version-history":[{"count":1,"href":"https:\/\/damlazenar.com\/de\/wp-json\/wp\/v2\/pages\/1338\/revisions"}],"predecessor-version":[{"id":1339,"href":"https:\/\/damlazenar.com\/de\/wp-json\/wp\/v2\/pages\/1338\/revisions\/1339"}],"wp:featuredmedia":[{"embeddable":true,"href":"https:\/\/damlazenar.com\/de\/wp-json\/wp\/v2\/media\/888"}],"wp:attachment":[{"href":"https:\/\/damlazenar.com\/de\/wp-json\/wp\/v2\/media?parent=1338"}],"curies":[{"name":"wp","href":"https:\/\/api.w.org\/{rel}","templated":true}]}}