{"id":1354,"date":"2024-05-29T14:58:23","date_gmt":"2024-05-29T11:58:23","guid":{"rendered":"https:\/\/damlazenar.com\/zahnfleisch-aesthetik\/"},"modified":"2024-06-04T00:56:12","modified_gmt":"2024-06-03T21:56:12","slug":"zahnfleisch-aesthetik","status":"publish","type":"page","link":"https:\/\/damlazenar.com\/de\/zahnfleisch-aesthetik\/","title":{"rendered":"Zahnfleisch \u00c4sthetik"},"content":{"rendered":"\n<figure class=\"wp-block-image size-full is-resized\"><img data-recalc-dims=\"1\" fetchpriority=\"high\" decoding=\"async\" width=\"900\" height=\"620\" src=\"https:\/\/i0.wp.com\/damlazenar.com\/wp-content\/uploads\/2024\/05\/1-11.jpg?resize=900%2C620&#038;ssl=1\" alt=\"\" class=\"wp-image-146\" style=\"width:736px;height:auto\" srcset=\"https:\/\/i0.wp.com\/damlazenar.com\/wp-content\/uploads\/2024\/05\/1-11.jpg?w=900&amp;ssl=1 900w, https:\/\/i0.wp.com\/damlazenar.com\/wp-content\/uploads\/2024\/05\/1-11.jpg?resize=300%2C207&amp;ssl=1 300w, https:\/\/i0.wp.com\/damlazenar.com\/wp-content\/uploads\/2024\/05\/1-11.jpg?resize=768%2C529&amp;ssl=1 768w\" sizes=\"(max-width: 900px) 100vw, 900px\" \/><\/figure>\n\n<p class=\"wp-block-paragraph\">Die Gesundheit und das Aussehen des Zahnfleischgewebes, das den Zahn umgibt, ist f\u00fcr <strong>die \u00c4sthetik ebenso wichtig wie das Aussehen der Z\u00e4hne.<\/strong> Egal wie sch\u00f6n unsere Z\u00e4hne sind, ein ungesunder Zustand oder ein \u00e4sthetisches Problem des Zahnfleischs wird immer ein negatives Image erzeugen.  <\/p>\n\n<p class=\"wp-block-paragraph\">Das h\u00e4ufigste Problem sind <strong>Blutungen, Schwellungen, Bluterg\u00fcsse und gl\u00e4nzendes Zahnfleisch <\/strong>aufgrund von Gingivitis <strong>. <\/strong>Nach einer korrekten Behandlung durch den Arzt kann das Problem leicht gel\u00f6st werden, wenn der Patient auf die Mundhygiene achtet.  <\/p>\n\n<figure class=\"wp-block-image size-full is-resized\"><img data-recalc-dims=\"1\" decoding=\"async\" width=\"1000\" height=\"600\" src=\"https:\/\/i0.wp.com\/damlazenar.com\/wp-content\/uploads\/2024\/05\/2-1.jpg?resize=1000%2C600&#038;ssl=1\" alt=\"\" class=\"wp-image-147\" style=\"width:800px;height:auto\" srcset=\"https:\/\/i0.wp.com\/damlazenar.com\/wp-content\/uploads\/2024\/05\/2-1.jpg?w=1000&amp;ssl=1 1000w, https:\/\/i0.wp.com\/damlazenar.com\/wp-content\/uploads\/2024\/05\/2-1.jpg?resize=300%2C180&amp;ssl=1 300w, https:\/\/i0.wp.com\/damlazenar.com\/wp-content\/uploads\/2024\/05\/2-1.jpg?resize=768%2C461&amp;ssl=1 768w\" sizes=\"(max-width: 1000px) 100vw, 1000px\" \/><figcaption class=\"wp-element-caption\">Gummy Smile<\/figcaption><\/figure>\n\n<h5 class=\"wp-block-heading\"><strong>Gummy Smile<\/strong><\/h5>\n\n<p class=\"wp-block-paragraph\">Es handelt sich um einen Zustand <strong>, bei dem<\/strong> das Zahnfleisch w\u00e4hrend des L\u00e4chelns <strong>mehr als normal erscheint<\/strong>. F\u00fcr die Behandlung wird zun\u00e4chst der <strong>L\u00e4chelentwurf<\/strong> erstellt und der \u00dcberschuss im Zahnfleisch bestimmt. Anschlie\u00dfend wird das Zahnfleisch mit dem Laser schmerzfrei und fast ohne Blutung auf die gew\u00fcnschten Ma\u00dfe gebracht. Der Einsatz von Lasertechnologie w\u00e4hrend des chirurgischen Eingriffs reduziert Blutungen und <strong>verk\u00fcrzt den Heilungsprozess<\/strong>. Das <strong>soziale Leben<\/strong> des Patienten <strong>wird nicht beeintr\u00e4chtigt.<\/strong><\/p>\n\n<h5 class=\"wp-block-heading\"><strong>Kaugummi-Rezession  <\/strong><\/h5>\n\n<p class=\"wp-block-paragraph\">Zahnfleischr\u00fcckgang kann durch Gingivitis oder Alterung entstehen. Das gr\u00f6\u00dfte Problem dabei sind <strong>die schwarzen L\u00fccken zwischen den Z\u00e4hnen.<\/strong> Au\u00dferdem wirkt sich das <strong>verl\u00e4ngerte Aussehen der Z\u00e4hne<\/strong> durch den R\u00fcckgang des Zahnfleischs negativ auf die \u00c4sthetik aus. In solchen F\u00e4llen k\u00f6nnen wir <strong>diese Bereiche schlie\u00dfen <\/strong>, indem wir den Patienten am Zahnfleisch operieren. Die Weiterentwicklung der chirurgischen Techniken und der technologische Fortschritt erh\u00f6hen die Erfolgschancen dieser Behandlungsform.<\/p>\n\n<h5 class=\"wp-block-heading\"><strong>Farbe Probleme  <\/strong><\/h5>\n\n<p class=\"wp-block-paragraph\">Ein Problem, mit dem vor allem dunkelh\u00e4utige Menschen zu k\u00e4mpfen haben, ist die <strong>Verdunkelung<\/strong> der <strong>rosa Farbe des Zahnfleisches<\/strong> in bestimmten Bereichen oder im gesamten Zahnfleischbereich. Die Behandlung dieses Problems, das <strong>Melaninpigmentierung<\/strong> genannt wird, ist dank der sich entwickelnden zahnmedizinischen Technologie heute <strong>m\u00f6glich geworden<\/strong>. Nach einer 15-min\u00fctigen Laserbehandlung k\u00f6nnen diese Verf\u00e4rbungen leicht entfernt werden. Der Patient kann eine gesunde und <strong>\u00e4sthetischere Zahnfleischfarbe<\/strong> haben.<\/p>\n\n<p class=\"wp-block-paragraph\"><\/p>\n","protected":false},"excerpt":{"rendered":"<p>Die Gesundheit und das Aussehen des Zahnfleischgewebes, das den Zahn umgibt, ist f\u00fcr die \u00c4sthetik ebenso wichtig wie das Aussehen der Z\u00e4hne. Egal wie sch\u00f6n unsere Z\u00e4hne sind, ein ungesunder Zustand oder ein \u00e4sthetisches Problem des Zahnfleischs wird immer ein negatives Image erzeugen. Das h\u00e4ufigste Problem sind Blutungen, Schwellungen, Bluterg\u00fcsse und gl\u00e4nzendes Zahnfleisch aufgrund von [&hellip;]<\/p>\n","protected":false},"author":251217416,"featured_media":0,"parent":0,"menu_order":0,"comment_status":"closed","ping_status":"closed","template":"","meta":{"advanced_seo_description":"","jetpack_seo_html_title":"","jetpack_seo_noindex":false,"jetpack_seo_schema_type":"","_wpcom_ai_launchpad_about_page":false,"_wpcom_ai_launchpad_gallery_page":false,"_wpcom_ai_launchpad_contact_page":false,"_wpcom_ai_launchpad_events_page":false,"_wpcom_ai_launchpad_video_page":false,"_wpcom_ai_launchpad_portfolio_piece":false,"footnotes":""},"class_list":["post-1354","page","type-page","status-publish","hentry"],"jetpack_likes_enabled":true,"jetpack_shortlink":"https:\/\/wp.me\/PfO3hG-lQ","jetpack-related-posts":[{"id":1326,"url":"https:\/\/damlazenar.com\/de\/laecheln-design\/","url_meta":{"origin":1354,"position":0},"title":"L\u00e4cheln Design","author":"Damla Zenar","date":"29. Mai 2024","format":false,"excerpt":"Untersuchungen haben ergeben, dass das Erste, worauf Menschen schauen, wenn sie sich treffen, Ihr L\u00e4cheln ist. Bei einem unharmonischen L\u00e4cheln konzentrieren sich Ihre Augen sofort auf die Z\u00e4hne der Person. Wir alle tun das, es ist Teil unserer sozialen Natur. Bei einem harmonischen L\u00e4cheln registriert Ihr Gehirn, dass die Person\u2026","rel":"","context":"\u00c4hnlicher Beitrag","block_context":{"text":"\u00c4hnlicher Beitrag","link":""},"img":{"alt_text":"","src":"https:\/\/i0.wp.com\/damlazenar.com\/wp-content\/uploads\/2024\/05\/4-2.jpg?resize=350%2C200&ssl=1","width":350,"height":200,"srcset":"https:\/\/i0.wp.com\/damlazenar.com\/wp-content\/uploads\/2024\/05\/4-2.jpg?resize=350%2C200&ssl=1 1x, https:\/\/i0.wp.com\/damlazenar.com\/wp-content\/uploads\/2024\/05\/4-2.jpg?resize=525%2C300&ssl=1 1.5x, https:\/\/i0.wp.com\/damlazenar.com\/wp-content\/uploads\/2024\/05\/4-2.jpg?resize=700%2C400&ssl=1 2x"},"classes":[]},{"id":1107,"url":"https:\/\/damlazenar.com\/de\/prothetik\/","url_meta":{"origin":1354,"position":1},"title":"Prothetik","author":"Damla Zenar","date":"29. Mai 2024","format":false,"excerpt":"Zahnkronen und Br\u00fccken In F\u00e4llen, in denen Implantate f\u00fcr Zahnl\u00fccken, die nach einem Zahnverlust entstanden sind, nicht geeignet sind oder nicht bevorzugt werden, kommen Zahnbr\u00fccken zum Einsatz. In F\u00e4llen, in denen die Z\u00e4hne \u00fcberm\u00e4\u00dfig besch\u00e4digt sind, sind Zahnkronen eine geeignete Option, um das L\u00e4cheln zu korrigieren und die verlorene Funktion\u2026","rel":"","context":"\u00c4hnlicher Beitrag","block_context":{"text":"\u00c4hnlicher Beitrag","link":""},"img":{"alt_text":"","src":"https:\/\/i0.wp.com\/damlazenar.com\/wp-content\/uploads\/2024\/05\/1-21.jpg?fit=900%2C620&ssl=1&resize=350%2C200","width":350,"height":200,"srcset":"https:\/\/i0.wp.com\/damlazenar.com\/wp-content\/uploads\/2024\/05\/1-21.jpg?fit=900%2C620&ssl=1&resize=350%2C200 1x, https:\/\/i0.wp.com\/damlazenar.com\/wp-content\/uploads\/2024\/05\/1-21.jpg?fit=900%2C620&ssl=1&resize=525%2C300 1.5x, https:\/\/i0.wp.com\/damlazenar.com\/wp-content\/uploads\/2024\/05\/1-21.jpg?fit=900%2C620&ssl=1&resize=700%2C400 2x"},"classes":[]},{"id":1157,"url":"https:\/\/damlazenar.com\/de\/chirurgische-eingriffe-und-implantate\/","url_meta":{"origin":1354,"position":2},"title":"Chirurgische Eingriffe und Implantate","author":"Damla Zenar","date":"29. Mai 2024","format":false,"excerpt":"Chirurgische Eingriffe in unserer Klinik; Mund-, Zahn- und Kieferchirurgie werden von unseren Fach\u00e4rzten durchgef\u00fchrt. Chirurgische Eingriffe werden unter lokaler Bet\u00e4ubung in unserer Klinik oder unter Sedierung \/ Vollnarkose in Vertragskrankenh\u00e4usern durchgef\u00fchrt, je nach Art des Eingriffs und den Pr\u00e4ferenzen unserer Patienten. Eingriffe in der Mund-, Zahn- und Kieferchirurgie, die in\u2026","rel":"","context":"\u00c4hnlicher Beitrag","block_context":{"text":"\u00c4hnlicher Beitrag","link":""},"img":{"alt_text":"","src":"https:\/\/i0.wp.com\/damlazenar.com\/wp-content\/uploads\/2024\/05\/1-25.jpg?fit=900%2C620&ssl=1&resize=350%2C200","width":350,"height":200,"srcset":"https:\/\/i0.wp.com\/damlazenar.com\/wp-content\/uploads\/2024\/05\/1-25.jpg?fit=900%2C620&ssl=1&resize=350%2C200 1x, https:\/\/i0.wp.com\/damlazenar.com\/wp-content\/uploads\/2024\/05\/1-25.jpg?fit=900%2C620&ssl=1&resize=525%2C300 1.5x, https:\/\/i0.wp.com\/damlazenar.com\/wp-content\/uploads\/2024\/05\/1-25.jpg?fit=900%2C620&ssl=1&resize=700%2C400 2x"},"classes":[]},{"id":1250,"url":"https:\/\/damlazenar.com\/de\/kieferorthopaedie-zahnspangenbehandlung\/","url_meta":{"origin":1354,"position":3},"title":"Kieferorthop\u00e4die (Zahnspangenbehandlung)","author":"Damla Zenar","date":"29. Mai 2024","format":false,"excerpt":"Die Kieferorthop\u00e4die ist der Zweig der Zahnheilkunde, der sich mit der Diagnose und Behandlung von Zahn- und Gesichtsanomalien besch\u00e4ftigt. Im Gegensatz zur allgemeinen Zahnheilkunde handelt es sich um einen Wissenschaftszweig mit spezifischeren Behandlungsverfahren, die von Spezialisten auf diesem Gebiet durchgef\u00fchrt werden m\u00fcssen . Warum eine kieferorthop\u00e4dische Behandlung?Engstehende Z\u00e4hne k\u00f6nnen viele\u2026","rel":"","context":"\u00c4hnlicher Beitrag","block_context":{"text":"\u00c4hnlicher Beitrag","link":""},"img":{"alt_text":"","src":"https:\/\/i0.wp.com\/damlazenar.com\/wp-content\/uploads\/2024\/05\/1-1.jpg?fit=900%2C620&ssl=1&resize=350%2C200","width":350,"height":200,"srcset":"https:\/\/i0.wp.com\/damlazenar.com\/wp-content\/uploads\/2024\/05\/1-1.jpg?fit=900%2C620&ssl=1&resize=350%2C200 1x, https:\/\/i0.wp.com\/damlazenar.com\/wp-content\/uploads\/2024\/05\/1-1.jpg?fit=900%2C620&ssl=1&resize=525%2C300 1.5x, https:\/\/i0.wp.com\/damlazenar.com\/wp-content\/uploads\/2024\/05\/1-1.jpg?fit=900%2C620&ssl=1&resize=700%2C400 2x"},"classes":[]},{"id":1358,"url":"https:\/\/damlazenar.com\/de\/paediatrische-zahnmedizin-kinderzahnheilkunde\/","url_meta":{"origin":1354,"position":4},"title":"P\u00e4diatrische Zahnmedizin (Kinderzahnheilkunde)","author":"Damla Zenar","date":"29. Mai 2024","format":false,"excerpt":"Genau wie bei den bleibenden Z\u00e4hnen kann auch bei den Milchz\u00e4hnen in der Kindheit aufgrund unzureichender Zahnpflege Karies auftreten. Manchmal kommt es durch \u00e4u\u00dfere Einfl\u00fcsse wie St\u00fcrze und St\u00f6\u00dfe zu Frakturen bei Milchz\u00e4hnen, die behandelt werden m\u00fcssen. Pr\u00e4ventive zahnmedizinische Ma\u00dfnahmen sind bei der zahn\u00e4rztlichen Behandlung von Kindern von gro\u00dfer Bedeutung.\u2026","rel":"","context":"\u00c4hnlicher Beitrag","block_context":{"text":"\u00c4hnlicher Beitrag","link":""},"img":{"alt_text":"","src":"https:\/\/i0.wp.com\/damlazenar.com\/wp-content\/uploads\/2024\/05\/3-6.jpg?resize=350%2C200&ssl=1","width":350,"height":200,"srcset":"https:\/\/i0.wp.com\/damlazenar.com\/wp-content\/uploads\/2024\/05\/3-6.jpg?resize=350%2C200&ssl=1 1x, https:\/\/i0.wp.com\/damlazenar.com\/wp-content\/uploads\/2024\/05\/3-6.jpg?resize=525%2C300&ssl=1 1.5x, https:\/\/i0.wp.com\/damlazenar.com\/wp-content\/uploads\/2024\/05\/3-6.jpg?resize=700%2C400&ssl=1 2x"},"classes":[]},{"id":1328,"url":"https:\/\/damlazenar.com\/de\/zahnaufhellung-bleaching\/","url_meta":{"origin":1354,"position":5},"title":"Zahnaufhellung (Bleaching)","author":"Damla Zenar","date":"29. Mai 2024","format":false,"excerpt":"Zahnaufhellung (Bleaching) Die Zahnaufhellung ist eine Methode zur Aufhellung von Z\u00e4hnen, deren Farbe sich aus verschiedenen Gr\u00fcnden ver\u00e4ndert hat, oder zur Aufhellung der Farbe einzelner Z\u00e4hne um einige T\u00f6ne. Es ist eine sehr praktische L\u00f6sung f\u00fcr Menschen, die mit der Farbe ihrer Z\u00e4hne nicht zufrieden sind, da sie das Ergebnis\u2026","rel":"","context":"\u00c4hnlicher Beitrag","block_context":{"text":"\u00c4hnlicher Beitrag","link":""},"img":{"alt_text":"","src":"https:\/\/i0.wp.com\/damlazenar.com\/wp-content\/uploads\/2024\/05\/4-1.jpg?resize=350%2C200&ssl=1","width":350,"height":200,"srcset":"https:\/\/i0.wp.com\/damlazenar.com\/wp-content\/uploads\/2024\/05\/4-1.jpg?resize=350%2C200&ssl=1 1x, https:\/\/i0.wp.com\/damlazenar.com\/wp-content\/uploads\/2024\/05\/4-1.jpg?resize=525%2C300&ssl=1 1.5x, https:\/\/i0.wp.com\/damlazenar.com\/wp-content\/uploads\/2024\/05\/4-1.jpg?resize=700%2C400&ssl=1 2x"},"classes":[]}],"jetpack_sharing_enabled":true,"_links":{"self":[{"href":"https:\/\/damlazenar.com\/de\/wp-json\/wp\/v2\/pages\/1354","targetHints":{"allow":["GET"]}}],"collection":[{"href":"https:\/\/damlazenar.com\/de\/wp-json\/wp\/v2\/pages"}],"about":[{"href":"https:\/\/damlazenar.com\/de\/wp-json\/wp\/v2\/types\/page"}],"author":[{"embeddable":true,"href":"https:\/\/damlazenar.com\/de\/wp-json\/wp\/v2\/users\/251217416"}],"replies":[{"embeddable":true,"href":"https:\/\/damlazenar.com\/de\/wp-json\/wp\/v2\/comments?post=1354"}],"version-history":[{"count":1,"href":"https:\/\/damlazenar.com\/de\/wp-json\/wp\/v2\/pages\/1354\/revisions"}],"predecessor-version":[{"id":1355,"href":"https:\/\/damlazenar.com\/de\/wp-json\/wp\/v2\/pages\/1354\/revisions\/1355"}],"wp:attachment":[{"href":"https:\/\/damlazenar.com\/de\/wp-json\/wp\/v2\/media?parent=1354"}],"curies":[{"name":"wp","href":"https:\/\/api.w.org\/{rel}","templated":true}]}}