{"id":1358,"date":"2024-05-29T16:03:19","date_gmt":"2024-05-29T13:03:19","guid":{"rendered":"https:\/\/damlazenar.com\/paediatrische-zahnmedizin-kinderzahnheilkunde\/"},"modified":"2024-06-04T00:56:58","modified_gmt":"2024-06-03T21:56:58","slug":"paediatrische-zahnmedizin-kinderzahnheilkunde","status":"publish","type":"page","link":"https:\/\/damlazenar.com\/de\/paediatrische-zahnmedizin-kinderzahnheilkunde\/","title":{"rendered":"P\u00e4diatrische Zahnmedizin (Kinderzahnheilkunde)"},"content":{"rendered":"\n<figure class=\"wp-block-image size-full is-resized\"><img data-recalc-dims=\"1\" fetchpriority=\"high\" decoding=\"async\" width=\"900\" height=\"620\" src=\"https:\/\/i0.wp.com\/damlazenar.com\/wp-content\/uploads\/2024\/05\/1-20.jpg?resize=900%2C620&#038;ssl=1\" alt=\"\" class=\"wp-image-204\" style=\"width:825px;height:auto\" srcset=\"https:\/\/i0.wp.com\/damlazenar.com\/wp-content\/uploads\/2024\/05\/1-20.jpg?w=900&amp;ssl=1 900w, https:\/\/i0.wp.com\/damlazenar.com\/wp-content\/uploads\/2024\/05\/1-20.jpg?resize=300%2C207&amp;ssl=1 300w, https:\/\/i0.wp.com\/damlazenar.com\/wp-content\/uploads\/2024\/05\/1-20.jpg?resize=768%2C529&amp;ssl=1 768w\" sizes=\"(max-width: 900px) 100vw, 900px\" \/><\/figure>\n\n<p class=\"wp-block-paragraph\">Genau wie bei den bleibenden Z\u00e4hnen <strong>kann<\/strong> auch <strong>bei den Milchz\u00e4hnen<\/strong> in der Kindheit aufgrund unzureichender Zahnpflege <strong>Karies auftreten<\/strong>. Manchmal kommt es durch \u00e4u\u00dfere Einfl\u00fcsse wie St\u00fcrze und St\u00f6\u00dfe zu Frakturen bei Milchz\u00e4hnen, die behandelt werden m\u00fcssen.<\/p>\n\n<p class=\"wp-block-paragraph\"><strong>Pr\u00e4ventive zahnmedizinische Ma\u00dfnahmen<\/strong> sind bei der zahn\u00e4rztlichen Behandlung von Kindern von gro\u00dfer Bedeutung. Da sie schmerzfrei und kurzzeitig sind und keine Zahnarztphobie ausl\u00f6sen, werden pr\u00e4ventive zahnmedizinische Anwendungen <strong>bei den ersten Begegnungen von Kindern mit dem Zahnarzt<\/strong> bevorzugt.<\/p>\n\n<p class=\"wp-block-paragraph\">Die Anwendungen der pr\u00e4ventiven Zahnmedizin in unserer Klinik sind wie folgt:<\/p>\n\n<h5 class=\"wp-block-heading has-black-color has-text-color has-link-color wp-elements-1\"><strong>Erziehung zur Mundhygiene und Regulierung der Ern\u00e4hrung<\/strong><\/h5>\n\n<p class=\"wp-block-paragraph\">Die <strong>Hygieneerziehung<\/strong>, zu der das Erlernen des <strong>Z\u00e4hneputzens<\/strong> und der <strong>Verwendung von Zahnseide<\/strong>, die \u00dcberpr\u00fcfung der Essgewohnheiten und die Aufkl\u00e4rung \u00fcber die Bedeutung der Mund- und Zahngesundheit geh\u00f6ren, ist f\u00fcr Erwachsene ebenso wichtig wie f\u00fcr Kinder.<\/p>\n\n<h5 class=\"wp-block-heading has-black-color has-text-color has-link-color wp-elements-2\"><strong>Bestimmung der Kariesrisikogruppe<\/strong><\/h5>\n\n<p class=\"wp-block-paragraph\">Mit Hilfe verschiedener Techniken werden Kariesrisikogruppen von Kindern bestimmt und <strong>ihre Anf\u00e4lligkeit f\u00fcr Karies ermittelt<\/strong>. Das Ziel ist es, die Faktoren, die Karies verursachen, zu identifizieren und zu korrigieren, anstatt Karies zu behandeln.<\/p>\n\n<figure class=\"wp-block-image size-full is-resized\"><img data-recalc-dims=\"1\" decoding=\"async\" width=\"1000\" height=\"600\" src=\"https:\/\/i0.wp.com\/damlazenar.com\/wp-content\/uploads\/2024\/05\/2-9.jpg?resize=1000%2C600&#038;ssl=1\" alt=\"\" class=\"wp-image-205\" style=\"width:830px;height:auto\" srcset=\"https:\/\/i0.wp.com\/damlazenar.com\/wp-content\/uploads\/2024\/05\/2-9.jpg?w=1000&amp;ssl=1 1000w, https:\/\/i0.wp.com\/damlazenar.com\/wp-content\/uploads\/2024\/05\/2-9.jpg?resize=300%2C180&amp;ssl=1 300w, https:\/\/i0.wp.com\/damlazenar.com\/wp-content\/uploads\/2024\/05\/2-9.jpg?resize=768%2C461&amp;ssl=1 768w\" sizes=\"(max-width: 1000px) 100vw, 1000px\" \/><\/figure>\n\n<h5 class=\"wp-block-heading\">Anwendung der Fissurenversiegelung<\/h5>\n\n<p class=\"wp-block-paragraph\">Zahnkaries beginnt in der Regel in den Furchen, den so genannten<strong>&#8222;Fissuren&#8220;<\/strong>, auf den Kaufl\u00e4chen der Molaren und Pr\u00e4molaren. Fissurenversiegelungen schaffen eine Oberfl\u00e4che <strong>, die das Anhaften von N\u00e4hrstoffen<\/strong> auf den Z\u00e4hnen <strong>verringert und das Z\u00e4hneputzen erleichtert<\/strong>. Auf diese Weise wird verhindert, dass Keime und Speisereste in diesen Bereich eindringen, und der Entstehung von Karies wird vorgebeugt. Dieses Verfahren sollte bei allen neu durchgebrochenen Molaren und Pr\u00e4molaren angewandt werden <strong>, bevor die Karies begonnen hat<\/strong>.<\/p>\n\n<h5 class=\"wp-block-heading\">Fluor Anwendung<\/h5>\n\n<p class=\"wp-block-paragraph\">Fluor st\u00e4rkt den Zahnschmelz, <strong>sch\u00fctzt den Zahn vor S\u00e4ureangriffen<\/strong> und hilft, Karies zu verhindern. Die oberfl\u00e4chliche Anwendung von Fluorid ist eine pr\u00e4ventive Methode, die nur von Zahn\u00e4rzten durchgef\u00fchrt werden kann. F\u00fcr Kinder ist es in verschiedenen Formen wie Gel, Mundsp\u00fclung, Lack und verschiedenen Geschmacksrichtungen wie Erdbeere, Aprikose, Orange erh\u00e4ltlich.<br\/>Fluorid sollte regelm\u00e4\u00dfig <strong>in Abst\u00e4nden von 3 oder 6 Monaten<\/strong> entsprechend der Kariesrisikogruppe des kindlichen Patienten angewendet werden.<\/p>\n\n<h5 class=\"wp-block-heading\">Was ist Tooth Mousse?<\/h5>\n\n<p class=\"wp-block-paragraph\">Es ist eine wasserbasierte, zuckerfreie, oberfl\u00e4chlich aufgetragene Creme, die der Kariesbildung vorbeugt, indem sie f\u00fcr einen intraoralen S\u00e4ureausgleich sorgt. Dank des Milchproteins Kasein, Kalzium- und Phosphationen wird es als <strong>Schutz vor Kariesbildung<\/strong> empfohlen.<\/p>\n\n<h5 class=\"wp-block-heading\">Was ist eine Platzhalteranwendung?<\/h5>\n\n<p class=\"wp-block-paragraph\">Kari\u00f6se Milchz\u00e4hne, die nicht behandelt werden k\u00f6nnen, sollten extrahiert und aus dem Mund entfernt werden. Da ein bleibender Zahn nach einiger Zeit die aus dem Mund entfernten Milchz\u00e4hne ersetzen wird, ist es notwendig, den Abstand dieser L\u00fccke beizubehalten. Zu diesem Zweck sollten in die Kavit\u00e4ten der extrahierten Milchz\u00e4hne Apparate, sogenannte <strong>Platzhalter <\/strong>, eingesetzt werden. Andernfalls schieben sich die Z\u00e4hne rechts und links der Kavit\u00e4t in die Kavit\u00e4t des extrahierten Milchzahns und verschlie\u00dfen die Stelle, an der der bleibende Zahn ausbrechen wird. In sp\u00e4teren Jahren k\u00f6nnen sehr langwierige und kostspielige Behandlungen erforderlich sein, um die Zahnstellung zu korrigieren. Der Zeit- und Kostenaufwand f\u00fcr den Einbau eines kleinen Raumpflegerger\u00e4tes ist jedoch viel geringer als bei den anderen.<\/p>\n\n<figure class=\"wp-block-image size-full is-resized\"><img data-recalc-dims=\"1\" decoding=\"async\" width=\"1000\" height=\"600\" src=\"https:\/\/i0.wp.com\/damlazenar.com\/wp-content\/uploads\/2024\/05\/3-6.jpg?resize=1000%2C600&#038;ssl=1\" alt=\"\" class=\"wp-image-207\" style=\"width:850px;height:auto\" srcset=\"https:\/\/i0.wp.com\/damlazenar.com\/wp-content\/uploads\/2024\/05\/3-6.jpg?w=1000&amp;ssl=1 1000w, https:\/\/i0.wp.com\/damlazenar.com\/wp-content\/uploads\/2024\/05\/3-6.jpg?resize=300%2C180&amp;ssl=1 300w, https:\/\/i0.wp.com\/damlazenar.com\/wp-content\/uploads\/2024\/05\/3-6.jpg?resize=768%2C461&amp;ssl=1 768w\" sizes=\"(max-width: 1000px) 100vw, 1000px\" \/><\/figure>\n\n<h3 class=\"wp-block-heading\">Orale Gewohnheiten, die die Kieferentwicklung bei Kindern st\u00f6ren k\u00f6nnen<\/h3>\n\n<h5 class=\"wp-block-heading\">Finger-Schnuller lutschen<\/h5>\n\n<p class=\"wp-block-paragraph\">Bis zum Alter von zwei Jahren sind alle Lutschgewohnheiten normal und werden normalerweise spontan beendet. Da Lutschgewohnheiten, die <strong>bis zum Alter von vier Jahren <\/strong>fortbestehen, zu <strong>dauerhaften Verformungen der Z\u00e4hne und Kiefer<\/strong> f\u00fchren k\u00f6nnen, sollte die Gewohnheit so schnell wie m\u00f6glich beendet werden.<\/p>\n\n<p class=\"wp-block-paragraph\">Der Finger, der zwischen den vorderen Schneidez\u00e4hnen platziert wird, bewirkt, dass die oberen vorderen Z\u00e4hne nach vorne kippen und die Z\u00e4hne auf Abstand stehen, w\u00e4hrend die unteren vorderen Schneidez\u00e4hne nach hinten gestellt werden. Wenn das Kind 7-8 Jahre alt ist, kann ein spezielles Ger\u00e4t namens <strong>Habit Breaker<\/strong>eingesetzt werden.<\/p>\n\n<h5 class=\"wp-block-heading\">Mundatmung<\/h5>\n\n<p class=\"wp-block-paragraph\">Atemprobleme wirken sich negativ auf die Entwicklung des Kiefers aus. Wenn die Atmung nicht durch die Nase, sondern nur durch den Mund erfolgt (dies ist im Schlaf besser zu verstehen), sollte ein HNO-Arzt konsultiert werden. Anhaltende Mundatmung verursacht sowohl <strong>kieferorthop\u00e4dische Probleme<\/strong> als auch <strong>eine Zunahme von Zahnkaries<\/strong> aufgrund von Mundtrockenheit.<\/p>\n","protected":false},"excerpt":{"rendered":"<p>Genau wie bei den bleibenden Z\u00e4hnen kann auch bei den Milchz\u00e4hnen in der Kindheit aufgrund unzureichender Zahnpflege Karies auftreten. Manchmal kommt es durch \u00e4u\u00dfere Einfl\u00fcsse wie St\u00fcrze und St\u00f6\u00dfe zu Frakturen bei Milchz\u00e4hnen, die behandelt werden m\u00fcssen. Pr\u00e4ventive zahnmedizinische Ma\u00dfnahmen sind bei der zahn\u00e4rztlichen Behandlung von Kindern von gro\u00dfer Bedeutung. Da sie schmerzfrei und kurzzeitig [&hellip;]<\/p>\n","protected":false},"author":251217416,"featured_media":0,"parent":0,"menu_order":0,"comment_status":"closed","ping_status":"closed","template":"","meta":{"advanced_seo_description":"","jetpack_seo_html_title":"","jetpack_seo_noindex":false,"jetpack_seo_schema_type":"","_wpcom_ai_launchpad_about_page":false,"_wpcom_ai_launchpad_gallery_page":false,"_wpcom_ai_launchpad_contact_page":false,"_wpcom_ai_launchpad_events_page":false,"_wpcom_ai_launchpad_video_page":false,"_wpcom_ai_launchpad_portfolio_piece":false,"footnotes":""},"class_list":["post-1358","page","type-page","status-publish","hentry"],"jetpack_likes_enabled":true,"jetpack_shortlink":"https:\/\/wp.me\/PfO3hG-lU","jetpack-related-posts":[{"id":1157,"url":"https:\/\/damlazenar.com\/de\/chirurgische-eingriffe-und-implantate\/","url_meta":{"origin":1358,"position":0},"title":"Chirurgische Eingriffe und Implantate","author":"Damla Zenar","date":"29. Mai 2024","format":false,"excerpt":"Chirurgische Eingriffe in unserer Klinik; Mund-, Zahn- und Kieferchirurgie werden von unseren Fach\u00e4rzten durchgef\u00fchrt. Chirurgische Eingriffe werden unter lokaler Bet\u00e4ubung in unserer Klinik oder unter Sedierung \/ Vollnarkose in Vertragskrankenh\u00e4usern durchgef\u00fchrt, je nach Art des Eingriffs und den Pr\u00e4ferenzen unserer Patienten. Eingriffe in der Mund-, Zahn- und Kieferchirurgie, die in\u2026","rel":"","context":"\u00c4hnlicher Beitrag","block_context":{"text":"\u00c4hnlicher Beitrag","link":""},"img":{"alt_text":"","src":"https:\/\/i0.wp.com\/damlazenar.com\/wp-content\/uploads\/2024\/05\/1-25.jpg?fit=900%2C620&ssl=1&resize=350%2C200","width":350,"height":200,"srcset":"https:\/\/i0.wp.com\/damlazenar.com\/wp-content\/uploads\/2024\/05\/1-25.jpg?fit=900%2C620&ssl=1&resize=350%2C200 1x, https:\/\/i0.wp.com\/damlazenar.com\/wp-content\/uploads\/2024\/05\/1-25.jpg?fit=900%2C620&ssl=1&resize=525%2C300 1.5x, https:\/\/i0.wp.com\/damlazenar.com\/wp-content\/uploads\/2024\/05\/1-25.jpg?fit=900%2C620&ssl=1&resize=700%2C400 2x"},"classes":[]},{"id":1326,"url":"https:\/\/damlazenar.com\/de\/laecheln-design\/","url_meta":{"origin":1358,"position":1},"title":"L\u00e4cheln Design","author":"Damla Zenar","date":"29. Mai 2024","format":false,"excerpt":"Untersuchungen haben ergeben, dass das Erste, worauf Menschen schauen, wenn sie sich treffen, Ihr L\u00e4cheln ist. Bei einem unharmonischen L\u00e4cheln konzentrieren sich Ihre Augen sofort auf die Z\u00e4hne der Person. Wir alle tun das, es ist Teil unserer sozialen Natur. Bei einem harmonischen L\u00e4cheln registriert Ihr Gehirn, dass die Person\u2026","rel":"","context":"\u00c4hnlicher Beitrag","block_context":{"text":"\u00c4hnlicher Beitrag","link":""},"img":{"alt_text":"","src":"https:\/\/i0.wp.com\/damlazenar.com\/wp-content\/uploads\/2024\/05\/4-2.jpg?resize=350%2C200&ssl=1","width":350,"height":200,"srcset":"https:\/\/i0.wp.com\/damlazenar.com\/wp-content\/uploads\/2024\/05\/4-2.jpg?resize=350%2C200&ssl=1 1x, https:\/\/i0.wp.com\/damlazenar.com\/wp-content\/uploads\/2024\/05\/4-2.jpg?resize=525%2C300&ssl=1 1.5x, https:\/\/i0.wp.com\/damlazenar.com\/wp-content\/uploads\/2024\/05\/4-2.jpg?resize=700%2C400&ssl=1 2x"},"classes":[]},{"id":1320,"url":"https:\/\/damlazenar.com\/de\/porzellan-laminate\/","url_meta":{"origin":1358,"position":2},"title":"Porzellan Laminate","author":"Damla Zenar","date":"29. Mai 2024","format":false,"excerpt":"Was ist Porzellanlaminat (Laminatfurnier)? Es handelt sich um sehr d\u00fcnne Porzellanplatten , die auf die Vorderseiten der Z\u00e4hne geklebt werden . Jeder verdient ein sch\u00f6nes L\u00e4cheln. Porzellan-Laminate sind \u00e4sthetische, sch\u00fctzende und langlebige Versorgungen, die fast ohne einen Eingriff in die Zahnsubstanz f\u00fcr dieses L\u00e4cheln hergestellt werden k\u00f6nnen. Die Konservativit\u00e4t der\u2026","rel":"","context":"\u00c4hnlicher Beitrag","block_context":{"text":"\u00c4hnlicher Beitrag","link":""},"img":{"alt_text":"","src":"https:\/\/i0.wp.com\/damlazenar.com\/wp-content\/uploads\/2024\/05\/1-13.jpg?fit=900%2C620&ssl=1&resize=350%2C200","width":350,"height":200,"srcset":"https:\/\/i0.wp.com\/damlazenar.com\/wp-content\/uploads\/2024\/05\/1-13.jpg?fit=900%2C620&ssl=1&resize=350%2C200 1x, https:\/\/i0.wp.com\/damlazenar.com\/wp-content\/uploads\/2024\/05\/1-13.jpg?fit=900%2C620&ssl=1&resize=525%2C300 1.5x, https:\/\/i0.wp.com\/damlazenar.com\/wp-content\/uploads\/2024\/05\/1-13.jpg?fit=900%2C620&ssl=1&resize=700%2C400 2x"},"classes":[]},{"id":1250,"url":"https:\/\/damlazenar.com\/de\/kieferorthopaedie-zahnspangenbehandlung\/","url_meta":{"origin":1358,"position":3},"title":"Kieferorthop\u00e4die (Zahnspangenbehandlung)","author":"Damla Zenar","date":"29. Mai 2024","format":false,"excerpt":"Die Kieferorthop\u00e4die ist der Zweig der Zahnheilkunde, der sich mit der Diagnose und Behandlung von Zahn- und Gesichtsanomalien besch\u00e4ftigt. Im Gegensatz zur allgemeinen Zahnheilkunde handelt es sich um einen Wissenschaftszweig mit spezifischeren Behandlungsverfahren, die von Spezialisten auf diesem Gebiet durchgef\u00fchrt werden m\u00fcssen . Warum eine kieferorthop\u00e4dische Behandlung?Engstehende Z\u00e4hne k\u00f6nnen viele\u2026","rel":"","context":"\u00c4hnlicher Beitrag","block_context":{"text":"\u00c4hnlicher Beitrag","link":""},"img":{"alt_text":"","src":"https:\/\/i0.wp.com\/damlazenar.com\/wp-content\/uploads\/2024\/05\/1-1.jpg?fit=900%2C620&ssl=1&resize=350%2C200","width":350,"height":200,"srcset":"https:\/\/i0.wp.com\/damlazenar.com\/wp-content\/uploads\/2024\/05\/1-1.jpg?fit=900%2C620&ssl=1&resize=350%2C200 1x, https:\/\/i0.wp.com\/damlazenar.com\/wp-content\/uploads\/2024\/05\/1-1.jpg?fit=900%2C620&ssl=1&resize=525%2C300 1.5x, https:\/\/i0.wp.com\/damlazenar.com\/wp-content\/uploads\/2024\/05\/1-1.jpg?fit=900%2C620&ssl=1&resize=700%2C400 2x"},"classes":[]},{"id":1107,"url":"https:\/\/damlazenar.com\/de\/prothetik\/","url_meta":{"origin":1358,"position":4},"title":"Prothetik","author":"Damla Zenar","date":"29. Mai 2024","format":false,"excerpt":"Zahnkronen und Br\u00fccken In F\u00e4llen, in denen Implantate f\u00fcr Zahnl\u00fccken, die nach einem Zahnverlust entstanden sind, nicht geeignet sind oder nicht bevorzugt werden, kommen Zahnbr\u00fccken zum Einsatz. In F\u00e4llen, in denen die Z\u00e4hne \u00fcberm\u00e4\u00dfig besch\u00e4digt sind, sind Zahnkronen eine geeignete Option, um das L\u00e4cheln zu korrigieren und die verlorene Funktion\u2026","rel":"","context":"\u00c4hnlicher Beitrag","block_context":{"text":"\u00c4hnlicher Beitrag","link":""},"img":{"alt_text":"","src":"https:\/\/i0.wp.com\/damlazenar.com\/wp-content\/uploads\/2024\/05\/1-21.jpg?fit=900%2C620&ssl=1&resize=350%2C200","width":350,"height":200,"srcset":"https:\/\/i0.wp.com\/damlazenar.com\/wp-content\/uploads\/2024\/05\/1-21.jpg?fit=900%2C620&ssl=1&resize=350%2C200 1x, https:\/\/i0.wp.com\/damlazenar.com\/wp-content\/uploads\/2024\/05\/1-21.jpg?fit=900%2C620&ssl=1&resize=525%2C300 1.5x, https:\/\/i0.wp.com\/damlazenar.com\/wp-content\/uploads\/2024\/05\/1-21.jpg?fit=900%2C620&ssl=1&resize=700%2C400 2x"},"classes":[]},{"id":1342,"url":"https:\/\/damlazenar.com\/de\/tmj-behandlung\/","url_meta":{"origin":1358,"position":5},"title":"TMJ-Behandlung","author":"Damla Zenar","date":"29. Mai 2024","format":false,"excerpt":"Behandlung des Kiefergelenks (TMJ) Kiefergelenkserkrankungen sind St\u00f6rungen der Gelenkfunktion als Folge von intra- oder extraartikul\u00e4ren Pathologien. Als Ergebnis der klinischen und r\u00f6ntgenologischen Untersuchungen wird bei unseren Patienten, bei denen eine Kiefergelenkserkrankung diagnostiziert wurde, eine Schutzplatte (Schiene) eingesetzt. Diese Mundschutzplatten, die speziell f\u00fcr jeden Patienten angefertigt werden, werden verwendet, um die\u2026","rel":"","context":"\u00c4hnlicher Beitrag","block_context":{"text":"\u00c4hnlicher Beitrag","link":""},"img":{"alt_text":"","src":"https:\/\/i0.wp.com\/damlazenar.com\/wp-content\/uploads\/2024\/05\/2-8.jpg?resize=350%2C200&ssl=1","width":350,"height":200,"srcset":"https:\/\/i0.wp.com\/damlazenar.com\/wp-content\/uploads\/2024\/05\/2-8.jpg?resize=350%2C200&ssl=1 1x, https:\/\/i0.wp.com\/damlazenar.com\/wp-content\/uploads\/2024\/05\/2-8.jpg?resize=525%2C300&ssl=1 1.5x, https:\/\/i0.wp.com\/damlazenar.com\/wp-content\/uploads\/2024\/05\/2-8.jpg?resize=700%2C400&ssl=1 2x"},"classes":[]}],"jetpack_sharing_enabled":true,"_links":{"self":[{"href":"https:\/\/damlazenar.com\/de\/wp-json\/wp\/v2\/pages\/1358","targetHints":{"allow":["GET"]}}],"collection":[{"href":"https:\/\/damlazenar.com\/de\/wp-json\/wp\/v2\/pages"}],"about":[{"href":"https:\/\/damlazenar.com\/de\/wp-json\/wp\/v2\/types\/page"}],"author":[{"embeddable":true,"href":"https:\/\/damlazenar.com\/de\/wp-json\/wp\/v2\/users\/251217416"}],"replies":[{"embeddable":true,"href":"https:\/\/damlazenar.com\/de\/wp-json\/wp\/v2\/comments?post=1358"}],"version-history":[{"count":1,"href":"https:\/\/damlazenar.com\/de\/wp-json\/wp\/v2\/pages\/1358\/revisions"}],"predecessor-version":[{"id":1359,"href":"https:\/\/damlazenar.com\/de\/wp-json\/wp\/v2\/pages\/1358\/revisions\/1359"}],"wp:attachment":[{"href":"https:\/\/damlazenar.com\/de\/wp-json\/wp\/v2\/media?parent=1358"}],"curies":[{"name":"wp","href":"https:\/\/api.w.org\/{rel}","templated":true}]}}