{"id":1422,"date":"2024-05-28T21:43:27","date_gmt":"2024-05-28T18:43:27","guid":{"rendered":"https:\/\/damlazenar.com\/ueber-uns\/"},"modified":"2024-11-08T14:06:45","modified_gmt":"2024-11-08T11:06:45","slug":"ueber-uns","status":"publish","type":"page","link":"https:\/\/damlazenar.com\/de\/ueber-uns\/","title":{"rendered":"\u00dcber uns"},"content":{"rendered":"\n<div class=\"wp-block-group about-us is-nowrap is-layout-flex wp-container-core-group-is-layout-ec6f27bb wp-block-group-is-layout-flex\" style=\"border-style:none;border-width:0px;min-height:530px;margin-top:0;margin-bottom:0;padding-top:0;padding-right:0;padding-bottom:0;padding-left:0\">\n<div class=\"wp-block-columns is-layout-flex wp-container-core-columns-is-layout-676bb0ec wp-block-columns-is-layout-flex\">\n<div class=\"wp-block-column is-vertically-aligned-center about-img wow zoomIn is-layout-flow wp-block-column-is-layout-flow\" style=\"flex-basis:60%\">\n<div class=\"wp-block-group is-nowrap is-layout-flex wp-container-core-group-is-layout-7387b849 wp-block-group-is-layout-flex\">\n<figure class=\"wp-block-image aligncenter size-full is-resized has-custom-border about-img1 is-style-default\"><img data-recalc-dims=\"1\" fetchpriority=\"high\" decoding=\"async\" width=\"5714\" height=\"4000\" src=\"https:\/\/i0.wp.com\/damlazenar.com\/wp-content\/uploads\/2024\/05\/1.jpg?resize=5714%2C4000&#038;ssl=1\" alt=\"\" class=\"wp-image-52\" style=\"border-style:none;border-width:0px;border-radius:100px;width:580px;height:auto\" srcset=\"https:\/\/i0.wp.com\/damlazenar.com\/wp-content\/uploads\/2024\/05\/1.jpg?w=5714&amp;ssl=1 5714w, https:\/\/i0.wp.com\/damlazenar.com\/wp-content\/uploads\/2024\/05\/1.jpg?resize=300%2C210&amp;ssl=1 300w, https:\/\/i0.wp.com\/damlazenar.com\/wp-content\/uploads\/2024\/05\/1.jpg?resize=1024%2C717&amp;ssl=1 1024w, https:\/\/i0.wp.com\/damlazenar.com\/wp-content\/uploads\/2024\/05\/1.jpg?resize=768%2C538&amp;ssl=1 768w, https:\/\/i0.wp.com\/damlazenar.com\/wp-content\/uploads\/2024\/05\/1.jpg?resize=1536%2C1075&amp;ssl=1 1536w, https:\/\/i0.wp.com\/damlazenar.com\/wp-content\/uploads\/2024\/05\/1.jpg?resize=2048%2C1434&amp;ssl=1 2048w, https:\/\/i0.wp.com\/damlazenar.com\/wp-content\/uploads\/2024\/05\/1.jpg?resize=1200%2C840&amp;ssl=1 1200w, https:\/\/i0.wp.com\/damlazenar.com\/wp-content\/uploads\/2024\/05\/1.jpg?w=3000&amp;ssl=1 3000w\" sizes=\"(max-width: 1000px) 100vw, 1000px\" \/><\/figure>\n<\/div>\n<\/div>\n\n\n\n<div class=\"wp-block-column is-vertically-aligned-center aboutus-content is-layout-flow wp-block-column-is-layout-flow\" style=\"flex-basis:40%\">\n<div class=\"wp-block-group has-global-padding is-layout-constrained wp-block-group-is-layout-constrained\" style=\"border-radius:0px;min-height:0px\">\n<h2 class=\"wp-block-heading has-text-align-right\" style=\"font-size:35px\">Willkommen in unserer Praxis!<\/h2>\n\n\n\n<p class=\"has-text-align-right wp-block-paragraph\">Unsere Praxis wurde mit der Vision einer patientenorientierten <strong>digitalen Zahnmedizin<\/strong> unter der Koordination von <strong>Zahn\u00e4rztin Damla Zenar<\/strong> gegr\u00fcndet. Unsere Praxis, in der die Gesunderhaltung und die pr\u00e4ventive Zahnheilkunde im Vordergrund stehen, ber\u00fccksichtigt auch<strong> alle Innovationen<\/strong>, die sich in der globalen Arena entwickeln.  <\/p>\n\n\n\n<p class=\"has-text-align-right wp-block-paragraph\">In unserer Praxis wird die gesamte Behandlungsplanung und Nachsorge von unseren <strong>spezialisierten<\/strong> und kompetenten \u00c4rzten organisiert.<\/p>\n\n\n\n<div style=\"height:4px\" aria-hidden=\"true\" class=\"wp-block-spacer\"><\/div>\n\n\n\n<h5 class=\"wp-block-heading has-text-align-right has-text-color has-link-color wp-elements-1\" style=\"color:#51cf9d\"><strong>Behandlungsdienste<\/strong><\/h5>\n\n\n\n<p class=\"has-text-align-right wp-block-paragraph\">\u00dcber die Dienstleistungen, die wir in unserer Praxis in mehr als 20 Niederlassungen anbieten <strong>\n  <a href=\"https:\/\/damlazenar.com\/de\/unsere-behandlungen\/\" data-type=\"page\" data-id=\"234\" target=\"_blank\" rel=\"noreferrer noopener\">erkundigen Sie sich.<\/a>\n<\/strong><\/p>\n\n\n\n<div style=\"height:4px\" aria-hidden=\"true\" class=\"wp-block-spacer\"><\/div>\n<\/div>\n<\/div>\n<\/div>\n<\/div>\n\n<div class=\"wp-block-group about-us is-vertical is-layout-flex wp-container-core-group-is-layout-2c90304e wp-block-group-is-layout-flex\" style=\"min-height:409px\">\n<div class=\"wp-block-columns are-vertically-aligned-center is-layout-flex wp-container-core-columns-is-layout-2f882b46 wp-block-columns-is-layout-flex\">\n<div class=\"wp-block-column is-vertically-aligned-center about-img wow zoomIn is-layout-flow wp-block-column-is-layout-flow\" style=\"flex-basis:50%\">\n<h5 class=\"wp-block-heading has-text-color has-link-color wp-elements-2\" style=\"color:#51cf9d\">Unser Gr\u00fcndungsarzt<\/h5>\n\n\n\n<h2 class=\"wp-block-heading has-text-align-left\" style=\"font-size:33px\">Dt. Damla Zenar<\/h2>\n\n\n\n<p class=\"wp-block-paragraph\">Damla Zenar schloss 2003 ihr Studium an der <strong>Fakult\u00e4t f\u00fcr Zahnmedizin der Universit\u00e4t Ankara<\/strong>ab. Im Jahr 2024 erhielt sie vom<strong> London Dental Institute<\/strong> ein <strong>postgraduales<\/strong> Diplom in <strong>\u00e4sthetischer und restaurativer Zahnmedizin.<\/strong> Zus\u00e4tzlich zu seiner<strong> 21-j\u00e4hrigen <\/strong><strong>Erfahrung<\/strong> im \u00f6ffentlichen und privaten Sektor verf\u00fcgt er \u00fcber weltweit g\u00fcltige Zertifikate in den Bereichen <strong>\u00e4sthetische Zahnmedizin<\/strong>, <strong>Implantologie<\/strong> und <strong>Endodontie<\/strong>. <\/p>\n\n\n\n<p class=\"wp-block-paragraph\">Neben den Gr\u00fcnderzahn\u00e4rzten besteht unsere Praxis aus kompetenten Zahnarzthelferinnen und Spezialisten auf ihrem Gebiet (Parodontologe, Chirurg-Implantologe, Kieferorthop\u00e4de und Kinderzahnarzt).<\/p>\n<\/div>\n\n\n\n<div class=\"wp-block-column is-vertically-aligned-center is-layout-flow wp-block-column-is-layout-flow\">\n<figure class=\"wp-block-image size-large is-resized has-custom-border wp-container-content-9cfa9a5a\"><img data-recalc-dims=\"1\" decoding=\"async\" width=\"1024\" height=\"1024\" src=\"https:\/\/i0.wp.com\/damlazenar.com\/wp-content\/uploads\/2024\/05\/damla-zenar2-1.jpg?resize=1024%2C1024&#038;ssl=1\" alt=\"\" class=\"wp-image-66\" style=\"border-radius:100px;width:534px;height:auto\" srcset=\"https:\/\/i0.wp.com\/damlazenar.com\/wp-content\/uploads\/2024\/05\/damla-zenar2-1.jpg?resize=1024%2C1024&amp;ssl=1 1024w, https:\/\/i0.wp.com\/damlazenar.com\/wp-content\/uploads\/2024\/05\/damla-zenar2-1.jpg?resize=300%2C300&amp;ssl=1 300w, https:\/\/i0.wp.com\/damlazenar.com\/wp-content\/uploads\/2024\/05\/damla-zenar2-1.jpg?resize=150%2C150&amp;ssl=1 150w, https:\/\/i0.wp.com\/damlazenar.com\/wp-content\/uploads\/2024\/05\/damla-zenar2-1.jpg?resize=768%2C768&amp;ssl=1 768w, https:\/\/i0.wp.com\/damlazenar.com\/wp-content\/uploads\/2024\/05\/damla-zenar2-1.jpg?resize=1536%2C1536&amp;ssl=1 1536w, https:\/\/i0.wp.com\/damlazenar.com\/wp-content\/uploads\/2024\/05\/damla-zenar2-1.jpg?resize=2048%2C2048&amp;ssl=1 2048w, https:\/\/i0.wp.com\/damlazenar.com\/wp-content\/uploads\/2024\/05\/damla-zenar2-1.jpg?resize=1200%2C1200&amp;ssl=1 1200w, https:\/\/i0.wp.com\/damlazenar.com\/wp-content\/uploads\/2024\/05\/damla-zenar2-1.jpg?resize=800%2C800&amp;ssl=1 800w, https:\/\/i0.wp.com\/damlazenar.com\/wp-content\/uploads\/2024\/05\/damla-zenar2-1.jpg?resize=600%2C600&amp;ssl=1 600w, https:\/\/i0.wp.com\/damlazenar.com\/wp-content\/uploads\/2024\/05\/damla-zenar2-1.jpg?resize=400%2C400&amp;ssl=1 400w, https:\/\/i0.wp.com\/damlazenar.com\/wp-content\/uploads\/2024\/05\/damla-zenar2-1.jpg?resize=200%2C200&amp;ssl=1 200w\" sizes=\"(max-width: 1000px) 100vw, 1000px\" \/><\/figure>\n<\/div>\n<\/div>\n<\/div>\n\n<div style=\"height:auto;width:484px\" aria-hidden=\"true\" class=\"wp-block-spacer\"><\/div>\n\n<hr class=\"wp-block-separator has-alpha-channel-opacity\"\/>\n\n<div style=\"height:9px\" aria-hidden=\"true\" class=\"wp-block-spacer\"><\/div>\n\n<h3 class=\"wp-block-heading has-text-align-center\">PRIVILEGIEN, DIE WIR ANBIETEN<\/h3>\n\n<p class=\"has-text-align-center has-medium-font-size wp-block-paragraph\">Innovative L\u00f6sungen erwarten Sie in unserer Praxis, die wir mit den neuesten technischen Ger\u00e4ten ausstatten.<\/p>\n\n<div style=\"height:12px\" aria-hidden=\"true\" class=\"wp-block-spacer\"><\/div>\n\n<div class=\"wp-block-columns is-layout-flex wp-container-core-columns-is-layout-676bb0ec wp-block-columns-is-layout-flex\">\n<div class=\"wp-block-column is-layout-flow wp-block-column-is-layout-flow\" style=\"flex-basis:100%\">\n<div class=\"wp-block-group wp-container-content-69bc4bdf is-vertical is-content-justification-left is-layout-flex wp-container-core-group-is-layout-adff9063 wp-block-group-is-layout-flex\">\n<div class=\"wp-block-group is-nowrap is-layout-flex wp-container-core-group-is-layout-7387b849 wp-block-group-is-layout-flex\">\n<figure class=\"wp-block-image size-full wp-container-content-69bc4bdf\"><img data-recalc-dims=\"1\" decoding=\"async\" width=\"50\" height=\"50\" src=\"https:\/\/i0.wp.com\/damlazenar.com\/wp-content\/uploads\/2024\/05\/icons8-dental-50.png?resize=50%2C50&#038;ssl=1\" alt=\"\" class=\"wp-image-83\"\/><\/figure>\n\n\n\n<h4 class=\"wp-block-heading wp-container-content-69bc4bdf\">Solution Partner Zahnarzt<\/h4>\n<\/div>\n\n\n\n<p class=\"wp-block-paragraph\">Bei unserem ersten Treffen in unserer Klinik f\u00fcllen wir gemeinsam mit Ihnen das Patienteninformationsformular aus, das Ihre pers\u00f6nlichen Daten, allgemeine Gesundheitsinformationen und Ihre \u00e4sthetischen Erwartungen enth\u00e4lt, damit wir Sie besser kennenlernen und Ihnen ma\u00dfgeschneiderte L\u00f6sungen anbieten k\u00f6nnen.<br\/><br\/><\/p>\n<\/div>\n<\/div>\n\n\n\n<div class=\"wp-block-column is-layout-flow wp-block-column-is-layout-flow\" style=\"flex-basis:100%\">\n<div class=\"wp-block-group is-vertical is-layout-flex wp-container-core-group-is-layout-2c90304e wp-block-group-is-layout-flex\">\n<div class=\"wp-block-group is-nowrap is-layout-flex wp-container-core-group-is-layout-7387b849 wp-block-group-is-layout-flex\">\n<figure class=\"wp-block-image size-full wp-container-content-69bc4bdf\"><img data-recalc-dims=\"1\" decoding=\"async\" width=\"50\" height=\"50\" src=\"https:\/\/i0.wp.com\/damlazenar.com\/wp-content\/uploads\/2024\/05\/icons8-dental-50.png?resize=50%2C50&#038;ssl=1\" alt=\"\" class=\"wp-image-83\"\/><\/figure>\n\n\n\n<h4 class=\"wp-block-heading\">Neueste Technologie Zahnmedizinische Ausr\u00fcstung<\/h4>\n<\/div>\n\n\n\n<p class=\"wp-block-paragraph\">In unserer Praxis, die \u00fcber die modernsten und digitalsten Systeme der Branche verf\u00fcgt, werden Ihre R\u00f6ntgenaufnahmen mit der digitalen Panoramakamera ausgewertet, bestehende und m\u00f6gliche Probleme mit der intraoralen Kameraanwendung aufgezeigt, Ihnen erkl\u00e4rt, welche Art von Behandlung in Frage kommt, und Ihnen alternative Behandlungsmethoden angeboten, die Sie bevorzugen.<\/p>\n<\/div>\n<\/div>\n<\/div>\n\n<div class=\"wp-block-columns is-layout-flex wp-container-core-columns-is-layout-676bb0ec wp-block-columns-is-layout-flex\">\n<div class=\"wp-block-column is-layout-flow wp-block-column-is-layout-flow\" style=\"flex-basis:100%\">\n<div class=\"wp-block-group wp-container-content-69bc4bdf is-vertical is-content-justification-left is-layout-flex wp-container-core-group-is-layout-adff9063 wp-block-group-is-layout-flex\">\n<div class=\"wp-block-group is-nowrap is-layout-flex wp-container-core-group-is-layout-7387b849 wp-block-group-is-layout-flex\">\n<figure class=\"wp-block-image size-full wp-container-content-69bc4bdf\"><img data-recalc-dims=\"1\" decoding=\"async\" width=\"50\" height=\"50\" src=\"https:\/\/i0.wp.com\/damlazenar.com\/wp-content\/uploads\/2024\/05\/icons8-dental-50.png?resize=50%2C50&#038;ssl=1\" alt=\"\" class=\"wp-image-83\"\/><\/figure>\n\n\n\n<h4 class=\"wp-block-heading wp-container-content-69bc4bdf\"><br\/>Vorl\u00e4ufige Gehaltsinformationen<\/h4>\n<\/div>\n\n\n\n<p class=\"wp-block-paragraph\">In unserer Praxis werden die Inhalte und der Zeitplan der Behandlung in Abstimmung mit Ihnen festgelegt und Sie werden vor Behandlungsbeginn \u00fcber Geb\u00fchren, Behandlungspakete und Familienmitgliedschaften informiert.<br\/><\/p>\n<\/div>\n<\/div>\n\n\n\n<div class=\"wp-block-column is-layout-flow wp-block-column-is-layout-flow\" style=\"flex-basis:100%\">\n<div class=\"wp-block-group is-vertical is-layout-flex wp-container-core-group-is-layout-2c90304e wp-block-group-is-layout-flex\">\n<div class=\"wp-block-group is-nowrap is-layout-flex wp-container-core-group-is-layout-7387b849 wp-block-group-is-layout-flex\">\n<figure class=\"wp-block-image size-full wp-container-content-69bc4bdf\"><img data-recalc-dims=\"1\" decoding=\"async\" width=\"50\" height=\"50\" src=\"https:\/\/i0.wp.com\/damlazenar.com\/wp-content\/uploads\/2024\/05\/icons8-dental-50.png?resize=50%2C50&#038;ssl=1\" alt=\"\" class=\"wp-image-83\"\/><\/figure>\n\n\n\n<h4 class=\"wp-block-heading\">Online-Terminvereinbarungssystem<\/h4>\n<\/div>\n\n\n\n<p class=\"wp-block-paragraph\">Sie k\u00f6nnen Ihre Termine per Telefon oder \u00fcber unser Online-Terminvereinbarungssystem vereinbaren. Sie werden 1 Tag vor dem von Ihnen angegebenen Termin angerufen und erhalten eine gegenseitige Best\u00e4tigung Ihres Termins.<br\/><br\/><br\/><\/p>\n<\/div>\n<\/div>\n<\/div>\n\n<div class=\"wp-block-columns is-layout-flex wp-container-core-columns-is-layout-676bb0ec wp-block-columns-is-layout-flex\">\n<div class=\"wp-block-column is-layout-flow wp-block-column-is-layout-flow\" style=\"flex-basis:100%\">\n<div class=\"wp-block-group wp-container-content-69bc4bdf is-vertical is-content-justification-left is-layout-flex wp-container-core-group-is-layout-adff9063 wp-block-group-is-layout-flex\">\n<div class=\"wp-block-group is-nowrap is-layout-flex wp-container-core-group-is-layout-7387b849 wp-block-group-is-layout-flex\">\n<figure class=\"wp-block-image size-full wp-container-content-69bc4bdf\"><img data-recalc-dims=\"1\" decoding=\"async\" width=\"50\" height=\"50\" src=\"https:\/\/i0.wp.com\/damlazenar.com\/wp-content\/uploads\/2024\/05\/icons8-dental-50.png?resize=50%2C50&#038;ssl=1\" alt=\"\" class=\"wp-image-83\"\/><\/figure>\n\n\n\n<h4 class=\"wp-block-heading wp-container-content-69bc4bdf\"><br\/>Dringende Terminanfrage<\/h4>\n<\/div>\n\n\n\n<p class=\"wp-block-paragraph\">In dringenden F\u00e4llen k\u00f6nnen Sie rund um die Uhr einen Notfalltermin vereinbaren, indem Sie unsere Nummer 0 546 519 30 30 anrufen.<br\/><br\/><br\/><\/p>\n<\/div>\n<\/div>\n\n\n\n<div class=\"wp-block-column is-layout-flow wp-block-column-is-layout-flow\" style=\"flex-basis:100%\">\n<div class=\"wp-block-group is-vertical is-layout-flex wp-container-core-group-is-layout-2c90304e wp-block-group-is-layout-flex\">\n<div class=\"wp-block-group is-nowrap is-layout-flex wp-container-core-group-is-layout-7387b849 wp-block-group-is-layout-flex\">\n<figure class=\"wp-block-image size-full wp-container-content-69bc4bdf\"><img data-recalc-dims=\"1\" decoding=\"async\" width=\"50\" height=\"50\" src=\"https:\/\/i0.wp.com\/damlazenar.com\/wp-content\/uploads\/2024\/05\/icons8-dental-50.png?resize=50%2C50&#038;ssl=1\" alt=\"\" class=\"wp-image-83\"\/><\/figure>\n\n\n\n<h4 class=\"wp-block-heading\">Vorteilhafte Gesundheitspakete<\/h4>\n<\/div>\n\n\n\n<p class=\"wp-block-paragraph\">Sie k\u00f6nnen sich \u00fcber unsere Kommunikationskan\u00e4le an uns wenden, um detaillierte Informationen \u00fcber unseren Family Health Plan und unsere Loyalit\u00e4tsprogramme zu erhalten, die wir f\u00fcr Zahlungserleichterungen und vorteilhafte Gesundheitspakete eingef\u00fchrt haben.<br\/><br\/><\/p>\n<\/div>\n<\/div>\n<\/div>\n\n<figure class=\"wp-block-gallery has-nested-images columns-3 is-cropped has-base-background-color has-background wp-block-gallery-1 is-layout-flex wp-block-gallery-is-layout-flex\">\n<figure class=\"wp-block-image size-large\"><a href=\"https:\/\/i0.wp.com\/damlazenar.com\/wp-content\/uploads\/2024\/05\/DSC8303-kopya-1024x682.jpg?ssl=1\"><img data-recalc-dims=\"1\" loading=\"lazy\" decoding=\"async\" width=\"1024\" height=\"682\" data-id=\"475\" src=\"https:\/\/i0.wp.com\/damlazenar.com\/wp-content\/uploads\/2024\/05\/DSC8303-kopya.jpg?resize=1024%2C682&#038;ssl=1\" alt=\"\" class=\"wp-image-475\" srcset=\"https:\/\/i0.wp.com\/damlazenar.com\/wp-content\/uploads\/2024\/05\/DSC8303-kopya.jpg?resize=1024%2C682&amp;ssl=1 1024w, https:\/\/i0.wp.com\/damlazenar.com\/wp-content\/uploads\/2024\/05\/DSC8303-kopya.jpg?resize=300%2C200&amp;ssl=1 300w, https:\/\/i0.wp.com\/damlazenar.com\/wp-content\/uploads\/2024\/05\/DSC8303-kopya.jpg?resize=768%2C512&amp;ssl=1 768w, https:\/\/i0.wp.com\/damlazenar.com\/wp-content\/uploads\/2024\/05\/DSC8303-kopya.jpg?resize=1536%2C1024&amp;ssl=1 1536w, https:\/\/i0.wp.com\/damlazenar.com\/wp-content\/uploads\/2024\/05\/DSC8303-kopya.jpg?resize=18%2C12&amp;ssl=1 18w, https:\/\/i0.wp.com\/damlazenar.com\/wp-content\/uploads\/2024\/05\/DSC8303-kopya.jpg?resize=1200%2C800&amp;ssl=1 1200w, https:\/\/i0.wp.com\/damlazenar.com\/wp-content\/uploads\/2024\/05\/DSC8303-kopya.jpg?w=2000&amp;ssl=1 2000w\" sizes=\"(max-width: 1000px) 100vw, 1000px\" \/><\/a><figcaption class=\"wp-element-caption\">Praxis Patientenempfang<\/figcaption><\/figure>\n\n\n\n<figure class=\"wp-block-image size-large\"><a href=\"https:\/\/i0.wp.com\/damlazenar.com\/wp-content\/uploads\/2024\/05\/diplomalar-1024x682.jpg?ssl=1\"><img data-recalc-dims=\"1\" loading=\"lazy\" decoding=\"async\" width=\"1024\" height=\"682\" data-id=\"477\" src=\"https:\/\/i0.wp.com\/damlazenar.com\/wp-content\/uploads\/2024\/05\/diplomalar.jpg?resize=1024%2C682&#038;ssl=1\" alt=\"\" class=\"wp-image-477\" srcset=\"https:\/\/i0.wp.com\/damlazenar.com\/wp-content\/uploads\/2024\/05\/diplomalar.jpg?resize=1024%2C682&amp;ssl=1 1024w, https:\/\/i0.wp.com\/damlazenar.com\/wp-content\/uploads\/2024\/05\/diplomalar.jpg?resize=300%2C200&amp;ssl=1 300w, https:\/\/i0.wp.com\/damlazenar.com\/wp-content\/uploads\/2024\/05\/diplomalar.jpg?resize=768%2C512&amp;ssl=1 768w, https:\/\/i0.wp.com\/damlazenar.com\/wp-content\/uploads\/2024\/05\/diplomalar.jpg?resize=1536%2C1024&amp;ssl=1 1536w, https:\/\/i0.wp.com\/damlazenar.com\/wp-content\/uploads\/2024\/05\/diplomalar.jpg?resize=18%2C12&amp;ssl=1 18w, https:\/\/i0.wp.com\/damlazenar.com\/wp-content\/uploads\/2024\/05\/diplomalar.jpg?resize=1200%2C800&amp;ssl=1 1200w, https:\/\/i0.wp.com\/damlazenar.com\/wp-content\/uploads\/2024\/05\/diplomalar.jpg?w=2000&amp;ssl=1 2000w\" sizes=\"(max-width: 1000px) 100vw, 1000px\" \/><\/a><figcaption class=\"wp-element-caption\">Zertifikate<\/figcaption><\/figure>\n\n\n\n<figure class=\"wp-block-image size-large\"><a href=\"https:\/\/i0.wp.com\/damlazenar.com\/wp-content\/uploads\/2024\/05\/klinik4-1024x682.jpg?ssl=1\"><img data-recalc-dims=\"1\" loading=\"lazy\" decoding=\"async\" width=\"1024\" height=\"682\" data-id=\"480\" src=\"https:\/\/i0.wp.com\/damlazenar.com\/wp-content\/uploads\/2024\/05\/klinik4.jpg?resize=1024%2C682&#038;ssl=1\" alt=\"\" class=\"wp-image-480\" srcset=\"https:\/\/i0.wp.com\/damlazenar.com\/wp-content\/uploads\/2024\/05\/klinik4.jpg?resize=1024%2C682&amp;ssl=1 1024w, https:\/\/i0.wp.com\/damlazenar.com\/wp-content\/uploads\/2024\/05\/klinik4.jpg?resize=300%2C200&amp;ssl=1 300w, https:\/\/i0.wp.com\/damlazenar.com\/wp-content\/uploads\/2024\/05\/klinik4.jpg?resize=768%2C512&amp;ssl=1 768w, https:\/\/i0.wp.com\/damlazenar.com\/wp-content\/uploads\/2024\/05\/klinik4.jpg?resize=1536%2C1024&amp;ssl=1 1536w, https:\/\/i0.wp.com\/damlazenar.com\/wp-content\/uploads\/2024\/05\/klinik4.jpg?resize=18%2C12&amp;ssl=1 18w, https:\/\/i0.wp.com\/damlazenar.com\/wp-content\/uploads\/2024\/05\/klinik4.jpg?resize=1200%2C800&amp;ssl=1 1200w, https:\/\/i0.wp.com\/damlazenar.com\/wp-content\/uploads\/2024\/05\/klinik4.jpg?w=2000&amp;ssl=1 2000w\" sizes=\"(max-width: 1000px) 100vw, 1000px\" \/><\/a><figcaption class=\"wp-element-caption\">Kliniken<\/figcaption><\/figure>\n\n\n\n<figure class=\"wp-block-image size-large\"><a href=\"https:\/\/i0.wp.com\/damlazenar.com\/wp-content\/uploads\/2024\/05\/klinik2-1024x682.jpg?ssl=1\"><img data-recalc-dims=\"1\" loading=\"lazy\" decoding=\"async\" width=\"1024\" height=\"682\" data-id=\"478\" src=\"https:\/\/i0.wp.com\/damlazenar.com\/wp-content\/uploads\/2024\/05\/klinik2.jpg?resize=1024%2C682&#038;ssl=1\" alt=\"\" class=\"wp-image-478\" srcset=\"https:\/\/i0.wp.com\/damlazenar.com\/wp-content\/uploads\/2024\/05\/klinik2.jpg?resize=1024%2C682&amp;ssl=1 1024w, https:\/\/i0.wp.com\/damlazenar.com\/wp-content\/uploads\/2024\/05\/klinik2.jpg?resize=300%2C200&amp;ssl=1 300w, https:\/\/i0.wp.com\/damlazenar.com\/wp-content\/uploads\/2024\/05\/klinik2.jpg?resize=768%2C512&amp;ssl=1 768w, https:\/\/i0.wp.com\/damlazenar.com\/wp-content\/uploads\/2024\/05\/klinik2.jpg?resize=1536%2C1024&amp;ssl=1 1536w, https:\/\/i0.wp.com\/damlazenar.com\/wp-content\/uploads\/2024\/05\/klinik2.jpg?resize=18%2C12&amp;ssl=1 18w, https:\/\/i0.wp.com\/damlazenar.com\/wp-content\/uploads\/2024\/05\/klinik2.jpg?resize=1200%2C800&amp;ssl=1 1200w, https:\/\/i0.wp.com\/damlazenar.com\/wp-content\/uploads\/2024\/05\/klinik2.jpg?w=2000&amp;ssl=1 2000w\" sizes=\"(max-width: 1000px) 100vw, 1000px\" \/><\/a><figcaption class=\"wp-element-caption\">Sterile klinische Umgebung<\/figcaption><\/figure>\n\n\n\n<figure class=\"wp-block-image size-medium\"><a href=\"https:\/\/i0.wp.com\/damlazenar.com\/wp-content\/uploads\/2024\/05\/rontgen-odasi-300x180.png?ssl=1\"><img data-recalc-dims=\"1\" loading=\"lazy\" decoding=\"async\" width=\"300\" height=\"180\" data-id=\"481\" src=\"https:\/\/i0.wp.com\/damlazenar.com\/wp-content\/uploads\/2024\/05\/rontgen-odasi.png?resize=300%2C180&#038;ssl=1\" alt=\"\" class=\"wp-image-481\" srcset=\"https:\/\/i0.wp.com\/damlazenar.com\/wp-content\/uploads\/2024\/05\/rontgen-odasi.png?resize=300%2C180&amp;ssl=1 300w, https:\/\/i0.wp.com\/damlazenar.com\/wp-content\/uploads\/2024\/05\/rontgen-odasi.png?resize=768%2C461&amp;ssl=1 768w, https:\/\/i0.wp.com\/damlazenar.com\/wp-content\/uploads\/2024\/05\/rontgen-odasi.png?resize=18%2C12&amp;ssl=1 18w, https:\/\/i0.wp.com\/damlazenar.com\/wp-content\/uploads\/2024\/05\/rontgen-odasi.png?w=1000&amp;ssl=1 1000w\" sizes=\"(max-width: 300px) 100vw, 300px\" \/><\/a><figcaption class=\"wp-element-caption\">R\u00f6ntgenraum<\/figcaption><\/figure>\n<\/figure>\n","protected":false},"excerpt":{"rendered":"<p>Willkommen in unserer Praxis! Unsere Praxis wurde mit der Vision einer patientenorientierten digitalen Zahnmedizin unter der Koordination von Zahn\u00e4rztin Damla Zenar gegr\u00fcndet. Unsere Praxis, in der die Gesunderhaltung und die pr\u00e4ventive Zahnheilkunde im Vordergrund stehen, ber\u00fccksichtigt auch alle Innovationen, die sich in der globalen Arena entwickeln. In unserer Praxis wird die gesamte Behandlungsplanung und Nachsorge [&hellip;]<\/p>\n","protected":false},"author":251217416,"featured_media":732,"parent":0,"menu_order":0,"comment_status":"closed","ping_status":"closed","template":"","meta":{"advanced_seo_description":"","jetpack_seo_html_title":"","jetpack_seo_noindex":false,"jetpack_seo_schema_type":"","_wpcom_ai_launchpad_about_page":false,"_wpcom_ai_launchpad_gallery_page":false,"_wpcom_ai_launchpad_contact_page":false,"_wpcom_ai_launchpad_events_page":false,"_wpcom_ai_launchpad_video_page":false,"_wpcom_ai_launchpad_portfolio_piece":false,"footnotes":""},"class_list":["post-1422","page","type-page","status-publish","has-post-thumbnail","hentry"],"jetpack_likes_enabled":true,"jetpack_shortlink":"https:\/\/wp.me\/PfO3hG-mW","jetpack-related-posts":[{"id":1320,"url":"https:\/\/damlazenar.com\/de\/porzellan-laminate\/","url_meta":{"origin":1422,"position":0},"title":"Porzellan Laminate","author":"Damla Zenar","date":"29. Mai 2024","format":false,"excerpt":"Was ist Porzellanlaminat (Laminatfurnier)? Es handelt sich um sehr d\u00fcnne Porzellanplatten , die auf die Vorderseiten der Z\u00e4hne geklebt werden . Jeder verdient ein sch\u00f6nes L\u00e4cheln. Porzellan-Laminate sind \u00e4sthetische, sch\u00fctzende und langlebige Versorgungen, die fast ohne einen Eingriff in die Zahnsubstanz f\u00fcr dieses L\u00e4cheln hergestellt werden k\u00f6nnen. Die Konservativit\u00e4t der\u2026","rel":"","context":"\u00c4hnlicher Beitrag","block_context":{"text":"\u00c4hnlicher Beitrag","link":""},"img":{"alt_text":"","src":"https:\/\/i0.wp.com\/damlazenar.com\/wp-content\/uploads\/2024\/05\/1-13.jpg?fit=900%2C620&ssl=1&resize=350%2C200","width":350,"height":200,"srcset":"https:\/\/i0.wp.com\/damlazenar.com\/wp-content\/uploads\/2024\/05\/1-13.jpg?fit=900%2C620&ssl=1&resize=350%2C200 1x, https:\/\/i0.wp.com\/damlazenar.com\/wp-content\/uploads\/2024\/05\/1-13.jpg?fit=900%2C620&ssl=1&resize=525%2C300 1.5x, https:\/\/i0.wp.com\/damlazenar.com\/wp-content\/uploads\/2024\/05\/1-13.jpg?fit=900%2C620&ssl=1&resize=700%2C400 2x"},"classes":[]},{"id":1316,"url":"https:\/\/damlazenar.com\/de\/zahnaerztliches-anti-aging\/","url_meta":{"origin":1422,"position":1},"title":"Zahn\u00e4rztliches Anti-Aging","author":"Damla Zenar","date":"29. Mai 2024","format":false,"excerpt":"Viele Produkte und Anwendungen lassen uns heute j\u00fcnger aussehen. Die Verj\u00fcngung des L\u00e4chelns ist eine der effektivsten dieser Anwendungen. Mit den Jahren k\u00f6nnen wir beobachten, dass die Farbe unserer Z\u00e4hne dunkler wird, ihre L\u00e4nge sich verk\u00fcrzt und unser L\u00e4cheln dadurch blasser wird. Dank der korrekten Anwendung der \u00e4sthetischen Zahnmedizin k\u00f6nnen\u2026","rel":"","context":"\u00c4hnlicher Beitrag","block_context":{"text":"\u00c4hnlicher Beitrag","link":""},"img":{"alt_text":"","src":"https:\/\/i0.wp.com\/damlazenar.com\/wp-content\/uploads\/2024\/05\/1-10.jpg?resize=350%2C200&ssl=1","width":350,"height":200,"srcset":"https:\/\/i0.wp.com\/damlazenar.com\/wp-content\/uploads\/2024\/05\/1-10.jpg?resize=350%2C200&ssl=1 1x, https:\/\/i0.wp.com\/damlazenar.com\/wp-content\/uploads\/2024\/05\/1-10.jpg?resize=525%2C300&ssl=1 1.5x, https:\/\/i0.wp.com\/damlazenar.com\/wp-content\/uploads\/2024\/05\/1-10.jpg?resize=700%2C400&ssl=1 2x"},"classes":[]},{"id":2744,"url":"https:\/\/damlazenar.com\/de\/genehmigung-fuer-gesundheitstourismus\/","url_meta":{"origin":1422,"position":2},"title":"Genehmigung f\u00fcr Gesundheitstourismus","author":"Damla Zenar","date":"20. Februar 2026","format":false,"excerpt":"Die Klinik Dt. Damla Zenar ist vom Gesundheitsministerium der Republik T\u00fcrkei offiziell mit einem internationalen Zertifikat f\u00fcr Gesundheitstourismus zugelassen. Diese Zertifizierung best\u00e4tigt unsere Berechtigung, internationale Patienten gem\u00e4\u00df den t\u00fcrkischen Vorschriften f\u00fcr Gesundheitstourismus zahn\u00e4rztlich zu behandeln. Sie spiegelt auch unser Engagement wider, Dienstleistungen innerhalb eines regulierten Rahmens zu erbringen, der Patientensicherheit,\u2026","rel":"","context":"\u00c4hnlicher Beitrag","block_context":{"text":"\u00c4hnlicher Beitrag","link":""},"img":{"alt_text":"","src":"https:\/\/i0.wp.com\/damlazenar.com\/wp-content\/uploads\/2026\/02\/Ekran-goruntusu-2026-02-19-163722-300x208.png?resize=350%2C200&ssl=1","width":350,"height":200,"srcset":"https:\/\/i0.wp.com\/damlazenar.com\/wp-content\/uploads\/2026\/02\/Ekran-goruntusu-2026-02-19-163722-300x208.png?resize=350%2C200&ssl=1 1x, https:\/\/i0.wp.com\/damlazenar.com\/wp-content\/uploads\/2026\/02\/Ekran-goruntusu-2026-02-19-163722-300x208.png?resize=525%2C300&ssl=1 1.5x"},"classes":[]},{"id":1324,"url":"https:\/\/damlazenar.com\/de\/metallisierte-beschichtungen\/","url_meta":{"origin":1422,"position":3},"title":"Metallisierte Beschichtungen","author":"Damla Zenar","date":"29. Mai 2024","format":false,"excerpt":"Warum sollte ich eine \u00e4sthetische F\u00fcllung einer Metallf\u00fcllung (Amalgam) vorziehen? Im Einklang mit der sich entwickelnden Zahntechnik, der Forschung \u00fcber die Nachsorge von Patienten und den steigenden Erwartungen der Patienten sind Metall-\/Amalgamf\u00fcllungen , die in der Vergangenheit viel h\u00e4ufiger waren, heute durch \u00e4sthetische F\u00fcllungen ersetzt worden. Amalgamf\u00fcllungen k\u00f6nnen keine vollst\u00e4ndige\u2026","rel":"","context":"\u00c4hnlicher Beitrag","block_context":{"text":"\u00c4hnlicher Beitrag","link":""},"img":{"alt_text":"","src":"https:\/\/i0.wp.com\/damlazenar.com\/wp-content\/uploads\/2024\/05\/3-2.jpg?resize=350%2C200&ssl=1","width":350,"height":200,"srcset":"https:\/\/i0.wp.com\/damlazenar.com\/wp-content\/uploads\/2024\/05\/3-2.jpg?resize=350%2C200&ssl=1 1x, https:\/\/i0.wp.com\/damlazenar.com\/wp-content\/uploads\/2024\/05\/3-2.jpg?resize=525%2C300&ssl=1 1.5x, https:\/\/i0.wp.com\/damlazenar.com\/wp-content\/uploads\/2024\/05\/3-2.jpg?resize=700%2C400&ssl=1 2x"},"classes":[]},{"id":1326,"url":"https:\/\/damlazenar.com\/de\/laecheln-design\/","url_meta":{"origin":1422,"position":4},"title":"L\u00e4cheln Design","author":"Damla Zenar","date":"29. Mai 2024","format":false,"excerpt":"Untersuchungen haben ergeben, dass das Erste, worauf Menschen schauen, wenn sie sich treffen, Ihr L\u00e4cheln ist. Bei einem unharmonischen L\u00e4cheln konzentrieren sich Ihre Augen sofort auf die Z\u00e4hne der Person. Wir alle tun das, es ist Teil unserer sozialen Natur. Bei einem harmonischen L\u00e4cheln registriert Ihr Gehirn, dass die Person\u2026","rel":"","context":"\u00c4hnlicher Beitrag","block_context":{"text":"\u00c4hnlicher Beitrag","link":""},"img":{"alt_text":"","src":"https:\/\/i0.wp.com\/damlazenar.com\/wp-content\/uploads\/2024\/05\/4-2.jpg?resize=350%2C200&ssl=1","width":350,"height":200,"srcset":"https:\/\/i0.wp.com\/damlazenar.com\/wp-content\/uploads\/2024\/05\/4-2.jpg?resize=350%2C200&ssl=1 1x, https:\/\/i0.wp.com\/damlazenar.com\/wp-content\/uploads\/2024\/05\/4-2.jpg?resize=525%2C300&ssl=1 1.5x, https:\/\/i0.wp.com\/damlazenar.com\/wp-content\/uploads\/2024\/05\/4-2.jpg?resize=700%2C400&ssl=1 2x"},"classes":[]},{"id":1107,"url":"https:\/\/damlazenar.com\/de\/prothetik\/","url_meta":{"origin":1422,"position":5},"title":"Prothetik","author":"Damla Zenar","date":"29. Mai 2024","format":false,"excerpt":"Zahnkronen und Br\u00fccken In F\u00e4llen, in denen Implantate f\u00fcr Zahnl\u00fccken, die nach einem Zahnverlust entstanden sind, nicht geeignet sind oder nicht bevorzugt werden, kommen Zahnbr\u00fccken zum Einsatz. In F\u00e4llen, in denen die Z\u00e4hne \u00fcberm\u00e4\u00dfig besch\u00e4digt sind, sind Zahnkronen eine geeignete Option, um das L\u00e4cheln zu korrigieren und die verlorene Funktion\u2026","rel":"","context":"\u00c4hnlicher Beitrag","block_context":{"text":"\u00c4hnlicher Beitrag","link":""},"img":{"alt_text":"","src":"https:\/\/i0.wp.com\/damlazenar.com\/wp-content\/uploads\/2024\/05\/1-21.jpg?fit=900%2C620&ssl=1&resize=350%2C200","width":350,"height":200,"srcset":"https:\/\/i0.wp.com\/damlazenar.com\/wp-content\/uploads\/2024\/05\/1-21.jpg?fit=900%2C620&ssl=1&resize=350%2C200 1x, https:\/\/i0.wp.com\/damlazenar.com\/wp-content\/uploads\/2024\/05\/1-21.jpg?fit=900%2C620&ssl=1&resize=525%2C300 1.5x, https:\/\/i0.wp.com\/damlazenar.com\/wp-content\/uploads\/2024\/05\/1-21.jpg?fit=900%2C620&ssl=1&resize=700%2C400 2x"},"classes":[]}],"jetpack_sharing_enabled":true,"_links":{"self":[{"href":"https:\/\/damlazenar.com\/de\/wp-json\/wp\/v2\/pages\/1422","targetHints":{"allow":["GET"]}}],"collection":[{"href":"https:\/\/damlazenar.com\/de\/wp-json\/wp\/v2\/pages"}],"about":[{"href":"https:\/\/damlazenar.com\/de\/wp-json\/wp\/v2\/types\/page"}],"author":[{"embeddable":true,"href":"https:\/\/damlazenar.com\/de\/wp-json\/wp\/v2\/users\/251217416"}],"replies":[{"embeddable":true,"href":"https:\/\/damlazenar.com\/de\/wp-json\/wp\/v2\/comments?post=1422"}],"version-history":[{"count":3,"href":"https:\/\/damlazenar.com\/de\/wp-json\/wp\/v2\/pages\/1422\/revisions"}],"predecessor-version":[{"id":2136,"href":"https:\/\/damlazenar.com\/de\/wp-json\/wp\/v2\/pages\/1422\/revisions\/2136"}],"wp:featuredmedia":[{"embeddable":true,"href":"https:\/\/damlazenar.com\/de\/wp-json\/wp\/v2\/media\/732"}],"wp:attachment":[{"href":"https:\/\/damlazenar.com\/de\/wp-json\/wp\/v2\/media?parent=1422"}],"curies":[{"name":"wp","href":"https:\/\/api.w.org\/{rel}","templated":true}]}}