{"id":1356,"date":"2024-05-29T14:53:13","date_gmt":"2024-05-29T11:53:13","guid":{"rendered":"https:\/\/damlazenar.com\/anti-age-dentaire\/"},"modified":"2024-06-04T00:56:32","modified_gmt":"2024-06-03T21:56:32","slug":"anti-age-dentaire","status":"publish","type":"page","link":"https:\/\/damlazenar.com\/fr\/anti-age-dentaire\/","title":{"rendered":"Anti-\u00e2ge dentaire"},"content":{"rendered":"\n<figure class=\"wp-block-image size-full is-resized\"><img data-recalc-dims=\"1\" fetchpriority=\"high\" decoding=\"async\" width=\"900\" height=\"620\" src=\"https:\/\/i0.wp.com\/damlazenar.com\/wp-content\/uploads\/2024\/05\/1-10.jpg?resize=900%2C620&#038;ssl=1\" alt=\"\" class=\"wp-image-143\" style=\"width:736px;height:auto\" srcset=\"https:\/\/i0.wp.com\/damlazenar.com\/wp-content\/uploads\/2024\/05\/1-10.jpg?w=900&amp;ssl=1 900w, https:\/\/i0.wp.com\/damlazenar.com\/wp-content\/uploads\/2024\/05\/1-10.jpg?resize=300%2C207&amp;ssl=1 300w, https:\/\/i0.wp.com\/damlazenar.com\/wp-content\/uploads\/2024\/05\/1-10.jpg?resize=768%2C529&amp;ssl=1 768w\" sizes=\"(max-width: 900px) 100vw, 900px\" \/><\/figure>\n\n<p class=\"wp-block-paragraph\">Aujourd&rsquo;hui, de nombreux produits et applications nous font para\u00eetre plus jeunes. Le rajeunissement du sourire est l&rsquo;une des applications les plus efficaces. Avec les ann\u00e9es, on constate que la couleur des dents s&rsquo;assombrit, que leur longueur diminue et que, par cons\u00e9quent, le sourire s&rsquo;estompe. Gr\u00e2ce aux applications correctes de la dentisterie esth\u00e9tique, votre sourire et vos <strong>dents peuvent devenir tout \u00e0 fait naturels et id\u00e9aux<\/strong>.<\/p>\n\n<p class=\"wp-block-paragraph\">Au fil des ans, notre l\u00e8vre sup\u00e9rieure s&rsquo;affaisse sous l&rsquo;effet de la gravit\u00e9. La distance entre la pointe du nez et la pointe du menton se rapproche. La partie inf\u00e9rieure du visage est donc raccourcie.  <strong>Cela nous emp\u00eache \u00e9galement de mastiquer suffisamment.<\/strong>  S&rsquo;il y a \u00e9galement un probl\u00e8me de serrement et de grincement, les dents se raccourcissent rapidement et se cassent souvent. Les dents commencent \u00e0 avoir mauvaise mine, ne remplissent plus leurs fonctions et, en plus, des probl\u00e8mes au niveau de l&rsquo;articulation de la m\u00e2choire commencent \u00e0 se produire, ce qui <strong>donne \u00e0 la<\/strong> personne une <strong>apparence plus \u00e2g\u00e9e<\/strong>.<\/p>\n\n<p class=\"wp-block-paragraph\">Afin d&rsquo;\u00e9liminer ces probl\u00e8mes et de traiter le patient tant sur le plan de la sant\u00e9 que de l&rsquo;esth\u00e9tique, les traitements ad\u00e9quats sont appliqu\u00e9s en temps opportun et de mani\u00e8re appropri\u00e9e. Le <strong>lifting du sourire<\/strong> est effectu\u00e9 en r\u00e9cup\u00e9rant les l\u00e8vres, en r\u00e9duisant les lignes autour des l\u00e8vres et en veillant \u00e0 ce que les dents apparaissent dans des proportions correctes. Ce processus est \u00e9galement appel\u00e9 <strong>antivieillissement dentaire<\/strong>.<\/p>\n\n<p class=\"wp-block-paragraph\"><\/p>\n","protected":false},"excerpt":{"rendered":"<p>Aujourd&rsquo;hui, de nombreux produits et applications nous font para\u00eetre plus jeunes. Le rajeunissement du sourire est l&rsquo;une des applications les plus efficaces. Avec les ann\u00e9es, on constate que la couleur des dents s&rsquo;assombrit, que leur longueur diminue et que, par cons\u00e9quent, le sourire s&rsquo;estompe. Gr\u00e2ce aux applications correctes de la dentisterie esth\u00e9tique, votre sourire et [&hellip;]<\/p>\n","protected":false},"author":251217416,"featured_media":0,"parent":0,"menu_order":0,"comment_status":"closed","ping_status":"closed","template":"","meta":{"advanced_seo_description":"","jetpack_seo_html_title":"","jetpack_seo_noindex":false,"jetpack_seo_schema_type":"","_wpcom_ai_launchpad_about_page":false,"_wpcom_ai_launchpad_gallery_page":false,"_wpcom_ai_launchpad_contact_page":false,"_wpcom_ai_launchpad_events_page":false,"_wpcom_ai_launchpad_video_page":false,"_wpcom_ai_launchpad_portfolio_piece":false,"footnotes":""},"class_list":["post-1356","page","type-page","status-publish","hentry"],"jetpack_likes_enabled":true,"jetpack_shortlink":"https:\/\/wp.me\/PfO3hG-lS","jetpack-related-posts":[{"id":1348,"url":"https:\/\/damlazenar.com\/fr\/smile-design\/","url_meta":{"origin":1356,"position":0},"title":"Smile Design","author":"Damla Zenar","date":"29 mai 2024","format":false,"excerpt":"Selon des \u00e9tudes, la premi\u00e8re chose que les gens regardent lorsqu'ils se rencontrent est votre sourire. Si le sourire n'est pas harmonieux, votre regard se porte imm\u00e9diatement sur les dents de la personne. Nous le faisons tous, cela fait partie de notre nature sociale. Dans un sourire harmonieux, votre cerveau\u2026","rel":"","context":"Article similaire","block_context":{"text":"Article similaire","link":""},"img":{"alt_text":"","src":"https:\/\/i0.wp.com\/damlazenar.com\/wp-content\/uploads\/2024\/05\/4-2.jpg?resize=350%2C200&ssl=1","width":350,"height":200,"srcset":"https:\/\/i0.wp.com\/damlazenar.com\/wp-content\/uploads\/2024\/05\/4-2.jpg?resize=350%2C200&ssl=1 1x, https:\/\/i0.wp.com\/damlazenar.com\/wp-content\/uploads\/2024\/05\/4-2.jpg?resize=525%2C300&ssl=1 1.5x, https:\/\/i0.wp.com\/damlazenar.com\/wp-content\/uploads\/2024\/05\/4-2.jpg?resize=700%2C400&ssl=1 2x"},"classes":[]},{"id":1352,"url":"https:\/\/damlazenar.com\/fr\/esthetique-gingivale\/","url_meta":{"origin":1356,"position":1},"title":"Esth\u00e9tique gingivale","author":"Damla Zenar","date":"29 mai 2024","format":false,"excerpt":"La sant\u00e9 et l'aspect visuel du tissu gingival entourant la dent sont aussi importants que l'aspect des dents en termes d'esth\u00e9tique. Quelle que soit la beaut\u00e9 de nos dents, une mauvaise sant\u00e9 ou un probl\u00e8me esth\u00e9tique au niveau des gencives donnera toujours une image n\u00e9gative. Le probl\u00e8me le plus courant\u2026","rel":"","context":"Article similaire","block_context":{"text":"Article similaire","link":""},"img":{"alt_text":"","src":"https:\/\/i0.wp.com\/damlazenar.com\/wp-content\/uploads\/2024\/05\/2-1.jpg?resize=350%2C200&ssl=1","width":350,"height":200,"srcset":"https:\/\/i0.wp.com\/damlazenar.com\/wp-content\/uploads\/2024\/05\/2-1.jpg?resize=350%2C200&ssl=1 1x, https:\/\/i0.wp.com\/damlazenar.com\/wp-content\/uploads\/2024\/05\/2-1.jpg?resize=525%2C300&ssl=1 1.5x, https:\/\/i0.wp.com\/damlazenar.com\/wp-content\/uploads\/2024\/05\/2-1.jpg?resize=700%2C400&ssl=1 2x"},"classes":[]},{"id":1322,"url":"https:\/\/damlazenar.com\/fr\/stratifies-en-porcelaine\/","url_meta":{"origin":1356,"position":2},"title":"Stratifi\u00e9s en porcelaine","author":"Damla Zenar","date":"29 mai 2024","format":false,"excerpt":"Qu'est-ce que la facette en porcelaine (facette stratifi\u00e9e) ? Il s'agit de feuilles de porcelaine tr\u00e8s fines coll\u00e9es sur les faces avant des dents. Tout le monde m\u00e9rite un beau sourire. Les stratifi\u00e9s en porcelaine sont des restaurations esth\u00e9tiques, protectrices et durables qui peuvent \u00eatre r\u00e9alis\u00e9es sans pratiquement aucune intervention\u2026","rel":"","context":"Article similaire","block_context":{"text":"Article similaire","link":""},"img":{"alt_text":"","src":"https:\/\/i0.wp.com\/damlazenar.com\/wp-content\/uploads\/2024\/05\/1-13.jpg?fit=900%2C620&ssl=1&resize=350%2C200","width":350,"height":200,"srcset":"https:\/\/i0.wp.com\/damlazenar.com\/wp-content\/uploads\/2024\/05\/1-13.jpg?fit=900%2C620&ssl=1&resize=350%2C200 1x, https:\/\/i0.wp.com\/damlazenar.com\/wp-content\/uploads\/2024\/05\/1-13.jpg?fit=900%2C620&ssl=1&resize=525%2C300 1.5x, https:\/\/i0.wp.com\/damlazenar.com\/wp-content\/uploads\/2024\/05\/1-13.jpg?fit=900%2C620&ssl=1&resize=700%2C400 2x"},"classes":[]},{"id":1360,"url":"https:\/\/damlazenar.com\/fr\/dentisterie-pediatrique-pedodontie\/","url_meta":{"origin":1356,"position":3},"title":"Dentisterie p\u00e9diatrique (p\u00e9dodontie)","author":"Damla Zenar","date":"29 mai 2024","format":false,"excerpt":"Tout comme les dents permanentes, les dents de lait peuvent se carier pendant l'enfance en raison d'une mauvaise hygi\u00e8ne bucco-dentaire. Il arrive que des fractures se produisent sur les dents de lait en raison de facteurs externes tels que des chutes ou des chocs, et qu'un traitement soit n\u00e9cessaire. Les\u2026","rel":"","context":"Article similaire","block_context":{"text":"Article similaire","link":""},"img":{"alt_text":"","src":"https:\/\/i0.wp.com\/damlazenar.com\/wp-content\/uploads\/2024\/05\/3-6.jpg?resize=350%2C200&ssl=1","width":350,"height":200,"srcset":"https:\/\/i0.wp.com\/damlazenar.com\/wp-content\/uploads\/2024\/05\/3-6.jpg?resize=350%2C200&ssl=1 1x, https:\/\/i0.wp.com\/damlazenar.com\/wp-content\/uploads\/2024\/05\/3-6.jpg?resize=525%2C300&ssl=1 1.5x, https:\/\/i0.wp.com\/damlazenar.com\/wp-content\/uploads\/2024\/05\/3-6.jpg?resize=700%2C400&ssl=1 2x"},"classes":[]},{"id":1109,"url":"https:\/\/damlazenar.com\/fr\/traitement-dentaire-prothetique\/","url_meta":{"origin":1356,"position":4},"title":"Traitement dentaire proth\u00e9tique","author":"Damla Zenar","date":"29 mai 2024","format":false,"excerpt":"Les couronnes et ponts dentaires Dans les cas o\u00f9 les implants ne conviennent pas ou sont pr\u00e9f\u00e9rables pour les caries dentaires form\u00e9es apr\u00e8s la perte des dents, les ponts dentaires ; En cas de dommages excessifs aux dents, les couronnes dentaires sont une option appropri\u00e9e pour corriger le sourire et\u2026","rel":"","context":"Article similaire","block_context":{"text":"Article similaire","link":""},"img":{"alt_text":"","src":"https:\/\/i0.wp.com\/damlazenar.com\/wp-content\/uploads\/2024\/05\/1-21.jpg?fit=900%2C620&ssl=1&resize=350%2C200","width":350,"height":200,"srcset":"https:\/\/i0.wp.com\/damlazenar.com\/wp-content\/uploads\/2024\/05\/1-21.jpg?fit=900%2C620&ssl=1&resize=350%2C200 1x, https:\/\/i0.wp.com\/damlazenar.com\/wp-content\/uploads\/2024\/05\/1-21.jpg?fit=900%2C620&ssl=1&resize=525%2C300 1.5x, https:\/\/i0.wp.com\/damlazenar.com\/wp-content\/uploads\/2024\/05\/1-21.jpg?fit=900%2C620&ssl=1&resize=700%2C400 2x"},"classes":[]},{"id":1330,"url":"https:\/\/damlazenar.com\/fr\/blanchiment-des-dents-bleaching\/","url_meta":{"origin":1356,"position":5},"title":"Blanchiment des dents (Bleaching)","author":"Damla Zenar","date":"29 mai 2024","format":false,"excerpt":"Blanchiment des dents (Bleaching) Le blanchiment des dents est une m\u00e9thode utilis\u00e9e pour blanchir les dents qui ont chang\u00e9 de couleur pour diverses raisons ou pour \u00e9claircir la couleur de certaines dents de quelques tons. C'est une solution tr\u00e8s pratique pour les personnes qui ne sont pas satisfaites de la\u2026","rel":"","context":"Article similaire","block_context":{"text":"Article similaire","link":""},"img":{"alt_text":"","src":"https:\/\/i0.wp.com\/damlazenar.com\/wp-content\/uploads\/2024\/05\/4-1.jpg?resize=350%2C200&ssl=1","width":350,"height":200,"srcset":"https:\/\/i0.wp.com\/damlazenar.com\/wp-content\/uploads\/2024\/05\/4-1.jpg?resize=350%2C200&ssl=1 1x, https:\/\/i0.wp.com\/damlazenar.com\/wp-content\/uploads\/2024\/05\/4-1.jpg?resize=525%2C300&ssl=1 1.5x, https:\/\/i0.wp.com\/damlazenar.com\/wp-content\/uploads\/2024\/05\/4-1.jpg?resize=700%2C400&ssl=1 2x"},"classes":[]}],"jetpack_sharing_enabled":true,"_links":{"self":[{"href":"https:\/\/damlazenar.com\/fr\/wp-json\/wp\/v2\/pages\/1356","targetHints":{"allow":["GET"]}}],"collection":[{"href":"https:\/\/damlazenar.com\/fr\/wp-json\/wp\/v2\/pages"}],"about":[{"href":"https:\/\/damlazenar.com\/fr\/wp-json\/wp\/v2\/types\/page"}],"author":[{"embeddable":true,"href":"https:\/\/damlazenar.com\/fr\/wp-json\/wp\/v2\/users\/251217416"}],"replies":[{"embeddable":true,"href":"https:\/\/damlazenar.com\/fr\/wp-json\/wp\/v2\/comments?post=1356"}],"version-history":[{"count":1,"href":"https:\/\/damlazenar.com\/fr\/wp-json\/wp\/v2\/pages\/1356\/revisions"}],"predecessor-version":[{"id":1357,"href":"https:\/\/damlazenar.com\/fr\/wp-json\/wp\/v2\/pages\/1356\/revisions\/1357"}],"wp:attachment":[{"href":"https:\/\/damlazenar.com\/fr\/wp-json\/wp\/v2\/media?parent=1356"}],"curies":[{"name":"wp","href":"https:\/\/api.w.org\/{rel}","templated":true}]}}