{"id":1360,"date":"2024-05-29T16:03:19","date_gmt":"2024-05-29T13:03:19","guid":{"rendered":"https:\/\/damlazenar.com\/dentisterie-pediatrique-pedodontie\/"},"modified":"2024-06-04T00:57:19","modified_gmt":"2024-06-03T21:57:19","slug":"dentisterie-pediatrique-pedodontie","status":"publish","type":"page","link":"https:\/\/damlazenar.com\/fr\/dentisterie-pediatrique-pedodontie\/","title":{"rendered":"Dentisterie p\u00e9diatrique (p\u00e9dodontie)"},"content":{"rendered":"\n<figure class=\"wp-block-image size-full is-resized\"><img data-recalc-dims=\"1\" fetchpriority=\"high\" decoding=\"async\" width=\"900\" height=\"620\" src=\"https:\/\/i0.wp.com\/damlazenar.com\/wp-content\/uploads\/2024\/05\/1-20.jpg?resize=900%2C620&#038;ssl=1\" alt=\"\" class=\"wp-image-204\" style=\"width:825px;height:auto\" srcset=\"https:\/\/i0.wp.com\/damlazenar.com\/wp-content\/uploads\/2024\/05\/1-20.jpg?w=900&amp;ssl=1 900w, https:\/\/i0.wp.com\/damlazenar.com\/wp-content\/uploads\/2024\/05\/1-20.jpg?resize=300%2C207&amp;ssl=1 300w, https:\/\/i0.wp.com\/damlazenar.com\/wp-content\/uploads\/2024\/05\/1-20.jpg?resize=768%2C529&amp;ssl=1 768w\" sizes=\"(max-width: 900px) 100vw, 900px\" \/><\/figure>\n\n<p class=\"wp-block-paragraph\">Tout comme les dents permanentes, <strong>les dents de lait peuvent se carier<\/strong> pendant l&rsquo;enfance en raison d&rsquo;une mauvaise hygi\u00e8ne bucco-dentaire. Il arrive que des fractures se produisent sur les dents de lait en raison de facteurs externes tels que des chutes ou des chocs, et qu&rsquo;un traitement soit n\u00e9cessaire.<\/p>\n\n<p class=\"wp-block-paragraph\">Les <strong>pratiques de dentisterie pr\u00e9ventive<\/strong> rev\u00eatent une grande importance dans le traitement dentaire des enfants. Parce qu&rsquo;elles sont indolores, de courte dur\u00e9e et qu&rsquo;elles ne provoquent pas de phobie du dentiste, les applications de dentisterie pr\u00e9ventive sont privil\u00e9gi\u00e9es <strong>lors des premi\u00e8res rencontres des enfants avec le dentiste<\/strong>.<\/p>\n\n<p class=\"wp-block-paragraph\">Les applications de la dentisterie pr\u00e9ventive dans notre clinique sont les suivantes :<\/p>\n\n<h5 class=\"wp-block-heading has-black-color has-text-color has-link-color wp-elements-1\"><strong>\u00c9ducation \u00e0 l&rsquo;hygi\u00e8ne bucco-dentaire et r\u00e9gulation de la nutrition<\/strong><\/h5>\n\n<p class=\"wp-block-paragraph\">L&rsquo;<strong>\u00e9ducation \u00e0 l&rsquo;hygi\u00e8ne<\/strong>, qui comprend l&rsquo;enseignement du <strong>brossage des dents<\/strong> et de l&rsquo;<strong>utilisation du fil dentaire<\/strong>, la r\u00e9vision des habitudes alimentaires et l&rsquo;explication de l&rsquo;importance de la sant\u00e9 bucco-dentaire, est aussi importante pour les adultes que pour les enfants.<\/p>\n\n<h5 class=\"wp-block-heading has-black-color has-text-color has-link-color wp-elements-2\"><strong>D\u00e9termination du groupe de risque de caries<\/strong><\/h5>\n\n<p class=\"wp-block-paragraph\">\u00c0 l&rsquo;aide de diff\u00e9rentes techniques, les groupes d&rsquo;enfants \u00e0 risque de <strong>caries<\/strong>sont d\u00e9termin\u00e9s et <strong>leur susceptibilit\u00e9 \u00e0 la carie dentaire est \u00e9valu\u00e9e<\/strong>. L&rsquo;objectif est d&rsquo;identifier et de corriger les facteurs qui causent les caries dentaires plut\u00f4t que de traiter les caries dentaires.<\/p>\n\n<figure class=\"wp-block-image size-full is-resized\"><img data-recalc-dims=\"1\" decoding=\"async\" width=\"1000\" height=\"600\" src=\"https:\/\/i0.wp.com\/damlazenar.com\/wp-content\/uploads\/2024\/05\/2-9.jpg?resize=1000%2C600&#038;ssl=1\" alt=\"\" class=\"wp-image-205\" style=\"width:830px;height:auto\" srcset=\"https:\/\/i0.wp.com\/damlazenar.com\/wp-content\/uploads\/2024\/05\/2-9.jpg?w=1000&amp;ssl=1 1000w, https:\/\/i0.wp.com\/damlazenar.com\/wp-content\/uploads\/2024\/05\/2-9.jpg?resize=300%2C180&amp;ssl=1 300w, https:\/\/i0.wp.com\/damlazenar.com\/wp-content\/uploads\/2024\/05\/2-9.jpg?resize=768%2C461&amp;ssl=1 768w\" sizes=\"(max-width: 1000px) 100vw, 1000px\" \/><\/figure>\n\n<h5 class=\"wp-block-heading\">Application du scellant de fissure<\/h5>\n\n<p class=\"wp-block-paragraph\">Les caries dentaires se d\u00e9veloppent g\u00e9n\u00e9ralement dans les sillons appel\u00e9s<strong>\u00ab\u00a0fissures\u00a0\u00bb<\/strong> sur les surfaces de mastication des molaires et des pr\u00e9molaires. Les scellants de sillons cr\u00e9ent une surface <strong>qui r\u00e9duit l&rsquo;adh\u00e9rence des nutriments<\/strong> sur les dents <strong>et facilite le brossage<\/strong>. Ainsi, les germes et les r\u00e9sidus alimentaires ne peuvent pas s&rsquo;infiltrer dans cette zone et l&rsquo;apparition de caries est \u00e9vit\u00e9e. Cette proc\u00e9dure doit \u00eatre appliqu\u00e9e \u00e0 toutes les molaires et pr\u00e9molaires nouvellement apparues <strong>, avant que les caries ne commencent \u00e0 se d\u00e9velopper<\/strong>.<\/p>\n\n<h5 class=\"wp-block-heading\">Application du fluor<\/h5>\n\n<p class=\"wp-block-paragraph\">Le fluor renforce l&rsquo;\u00e9mail des dents, les <strong>prot\u00e8ge contre les attaques acides<\/strong> et aide \u00e0 pr\u00e9venir les caries. L&rsquo;application superficielle de fluorure est une m\u00e9thode pr\u00e9ventive qui ne peut \u00eatre appliqu\u00e9e que par les dentistes. Pour les enfants, il est disponible sous diff\u00e9rentes formes : gel, bain de bouche, vernis et diff\u00e9rents parfums tels que fraise, abricot, orange.<br\/>Le fluor doit \u00eatre appliqu\u00e9 r\u00e9guli\u00e8rement <strong>\u00e0 des intervalles de 3 ou 6 mois<\/strong> en fonction du groupe \u00e0 risque de caries de l&rsquo;enfant.<\/p>\n\n<h5 class=\"wp-block-heading\">Qu&rsquo;est-ce que la mousse dentaire ?<\/h5>\n\n<p class=\"wp-block-paragraph\">Il s&rsquo;agit d&rsquo;une cr\u00e8me \u00e0 base d&rsquo;eau, sans sucre, appliqu\u00e9e superficiellement, qui pr\u00e9vient la formation de caries en assurant l&rsquo;\u00e9quilibre acide intrabuccal. Il est recommand\u00e9 comme <strong>protecteur contre la formation de caries<\/strong> gr\u00e2ce \u00e0 la cas\u00e9ine, prot\u00e9ine du lait, et aux ions calcium et phosphate.<\/p>\n\n<h5 class=\"wp-block-heading\">Qu&rsquo;est-ce qu&rsquo;une candidature spontan\u00e9e ?<\/h5>\n\n<p class=\"wp-block-paragraph\">Les dents de lait cari\u00e9es qui ne peuvent pas \u00eatre trait\u00e9es doivent \u00eatre extraites et retir\u00e9es de la bouche. \u00c9tant donn\u00e9 qu&rsquo;une dent permanente remplacera les dents de lait retir\u00e9es de la bouche apr\u00e8s un certain temps, il est n\u00e9cessaire de maintenir la distance de cet espace. A cette fin, des appareils appel\u00e9s <strong>mainteneurs d&rsquo;espace <\/strong>doivent \u00eatre appliqu\u00e9s dans les cavit\u00e9s des dents de lait extraites. Sinon, les dents situ\u00e9es \u00e0 droite et \u00e0 gauche de la cavit\u00e9 glissent dans la cavit\u00e9 de la dent de lait extraite et ferment l&rsquo;endroit o\u00f9 la dent permanente fera \u00e9ruption. Plus tard, des traitements tr\u00e8s longs et co\u00fbteux peuvent \u00eatre n\u00e9cessaires pour corriger l&rsquo;alignement des dents. Cependant, le temps et le co\u00fbt de l&rsquo;installation d&rsquo;un petit appareil d&rsquo;entretien de l&rsquo;espace sont beaucoup moins importants que les autres.<\/p>\n\n<figure class=\"wp-block-image size-full is-resized\"><img data-recalc-dims=\"1\" decoding=\"async\" width=\"1000\" height=\"600\" src=\"https:\/\/i0.wp.com\/damlazenar.com\/wp-content\/uploads\/2024\/05\/3-6.jpg?resize=1000%2C600&#038;ssl=1\" alt=\"\" class=\"wp-image-207\" style=\"width:850px;height:auto\" srcset=\"https:\/\/i0.wp.com\/damlazenar.com\/wp-content\/uploads\/2024\/05\/3-6.jpg?w=1000&amp;ssl=1 1000w, https:\/\/i0.wp.com\/damlazenar.com\/wp-content\/uploads\/2024\/05\/3-6.jpg?resize=300%2C180&amp;ssl=1 300w, https:\/\/i0.wp.com\/damlazenar.com\/wp-content\/uploads\/2024\/05\/3-6.jpg?resize=768%2C461&amp;ssl=1 768w\" sizes=\"(max-width: 1000px) 100vw, 1000px\" \/><\/figure>\n\n<h3 class=\"wp-block-heading\">Les habitudes bucco-dentaires qui peuvent perturber le d\u00e9veloppement de la m\u00e2choire chez les enfants<\/h3>\n\n<h5 class=\"wp-block-heading\">Sucer le doigt et la sucette<\/h5>\n\n<p class=\"wp-block-paragraph\">Jusqu&rsquo;\u00e0 l&rsquo;\u00e2ge de deux ans, toutes les habitudes de succion sont normales et s&rsquo;arr\u00eatent g\u00e9n\u00e9ralement spontan\u00e9ment. Les habitudes de succion qui se poursuivent <strong>jusqu&rsquo;\u00e0 l&rsquo;\u00e2ge de quatre ans <\/strong>peuvent entra\u00eener des <strong>d\u00e9formations permanentes des dents et des m\u00e2choires<\/strong>, c&rsquo;est pourquoi il faut y mettre fin le plus t\u00f4t possible.<\/p>\n\n<p class=\"wp-block-paragraph\">Le doigt plac\u00e9 entre les incisives frontales fait basculer les dents frontales sup\u00e9rieures vers l&rsquo;avant et les dents sont espac\u00e9es, tandis que les incisives frontales inf\u00e9rieures sont positionn\u00e9es vers l&rsquo;arri\u00e8re. Lorsque l&rsquo;enfant a 7-8 ans, un appareil sp\u00e9cial appel\u00e9 \u00a0\u00bb <strong>habit breaker\u00a0\u00bb<\/strong>peut \u00eatre appliqu\u00e9.<\/p>\n\n<h5 class=\"wp-block-heading\">Respiration par la bouche<\/h5>\n\n<p class=\"wp-block-paragraph\">Les probl\u00e8mes respiratoires ont un effet n\u00e9gatif sur le d\u00e9veloppement des m\u00e2choires. Si la respiration ne se fait pas par le nez, mais uniquement par la bouche (ce qui est mieux compris pendant le sommeil), il convient de consulter un oto-rhino-laryngologiste. Une respiration buccale continue entra\u00eene des <strong>probl\u00e8mes orthodontiques<\/strong> et <strong>une augmentation des caries dentaires<\/strong> en raison de la s\u00e9cheresse buccale.<\/p>\n","protected":false},"excerpt":{"rendered":"<p>Tout comme les dents permanentes, les dents de lait peuvent se carier pendant l&rsquo;enfance en raison d&rsquo;une mauvaise hygi\u00e8ne bucco-dentaire. Il arrive que des fractures se produisent sur les dents de lait en raison de facteurs externes tels que des chutes ou des chocs, et qu&rsquo;un traitement soit n\u00e9cessaire. Les pratiques de dentisterie pr\u00e9ventive rev\u00eatent [&hellip;]<\/p>\n","protected":false},"author":251217416,"featured_media":0,"parent":0,"menu_order":0,"comment_status":"closed","ping_status":"closed","template":"","meta":{"advanced_seo_description":"","jetpack_seo_html_title":"","jetpack_seo_noindex":false,"jetpack_seo_schema_type":"","_wpcom_ai_launchpad_about_page":false,"_wpcom_ai_launchpad_gallery_page":false,"_wpcom_ai_launchpad_contact_page":false,"_wpcom_ai_launchpad_events_page":false,"_wpcom_ai_launchpad_video_page":false,"_wpcom_ai_launchpad_portfolio_piece":false,"footnotes":""},"class_list":["post-1360","page","type-page","status-publish","hentry"],"jetpack_likes_enabled":true,"jetpack_shortlink":"https:\/\/wp.me\/PfO3hG-lW","jetpack-related-posts":[{"id":1348,"url":"https:\/\/damlazenar.com\/fr\/smile-design\/","url_meta":{"origin":1360,"position":0},"title":"Smile Design","author":"Damla Zenar","date":"29 mai 2024","format":false,"excerpt":"Selon des \u00e9tudes, la premi\u00e8re chose que les gens regardent lorsqu'ils se rencontrent est votre sourire. Si le sourire n'est pas harmonieux, votre regard se porte imm\u00e9diatement sur les dents de la personne. Nous le faisons tous, cela fait partie de notre nature sociale. Dans un sourire harmonieux, votre cerveau\u2026","rel":"","context":"Article similaire","block_context":{"text":"Article similaire","link":""},"img":{"alt_text":"","src":"https:\/\/i0.wp.com\/damlazenar.com\/wp-content\/uploads\/2024\/05\/4-2.jpg?resize=350%2C200&ssl=1","width":350,"height":200,"srcset":"https:\/\/i0.wp.com\/damlazenar.com\/wp-content\/uploads\/2024\/05\/4-2.jpg?resize=350%2C200&ssl=1 1x, https:\/\/i0.wp.com\/damlazenar.com\/wp-content\/uploads\/2024\/05\/4-2.jpg?resize=525%2C300&ssl=1 1.5x, https:\/\/i0.wp.com\/damlazenar.com\/wp-content\/uploads\/2024\/05\/4-2.jpg?resize=700%2C400&ssl=1 2x"},"classes":[]},{"id":1109,"url":"https:\/\/damlazenar.com\/fr\/traitement-dentaire-prothetique\/","url_meta":{"origin":1360,"position":1},"title":"Traitement dentaire proth\u00e9tique","author":"Damla Zenar","date":"29 mai 2024","format":false,"excerpt":"Les couronnes et ponts dentaires Dans les cas o\u00f9 les implants ne conviennent pas ou sont pr\u00e9f\u00e9rables pour les caries dentaires form\u00e9es apr\u00e8s la perte des dents, les ponts dentaires ; En cas de dommages excessifs aux dents, les couronnes dentaires sont une option appropri\u00e9e pour corriger le sourire et\u2026","rel":"","context":"Article similaire","block_context":{"text":"Article similaire","link":""},"img":{"alt_text":"","src":"https:\/\/i0.wp.com\/damlazenar.com\/wp-content\/uploads\/2024\/05\/1-21.jpg?fit=900%2C620&ssl=1&resize=350%2C200","width":350,"height":200,"srcset":"https:\/\/i0.wp.com\/damlazenar.com\/wp-content\/uploads\/2024\/05\/1-21.jpg?fit=900%2C620&ssl=1&resize=350%2C200 1x, https:\/\/i0.wp.com\/damlazenar.com\/wp-content\/uploads\/2024\/05\/1-21.jpg?fit=900%2C620&ssl=1&resize=525%2C300 1.5x, https:\/\/i0.wp.com\/damlazenar.com\/wp-content\/uploads\/2024\/05\/1-21.jpg?fit=900%2C620&ssl=1&resize=700%2C400 2x"},"classes":[]},{"id":1252,"url":"https:\/\/damlazenar.com\/fr\/orthodontie-traitement-par-appareil-dentaire\/","url_meta":{"origin":1360,"position":2},"title":"Orthodontie (traitement par appareil dentaire)","author":"Damla Zenar","date":"29 mai 2024","format":false,"excerpt":"L'orthodontie est la branche de l'odontologie qui s'occupe du diagnostic et du traitement des irr\u00e9gularit\u00e9s dentaires et faciales. Contrairement \u00e0 la pratique g\u00e9n\u00e9rale de l'odontologie, il s'agit d'une branche de la science avec des proc\u00e9dures de traitement plus sp\u00e9cifiques et qui doivent \u00eatre appliqu\u00e9es par des sp\u00e9cialistes de cette branche.\u2026","rel":"","context":"Article similaire","block_context":{"text":"Article similaire","link":""},"img":{"alt_text":"","src":"https:\/\/i0.wp.com\/damlazenar.com\/wp-content\/uploads\/2024\/05\/1-1.jpg?fit=900%2C620&ssl=1&resize=350%2C200","width":350,"height":200,"srcset":"https:\/\/i0.wp.com\/damlazenar.com\/wp-content\/uploads\/2024\/05\/1-1.jpg?fit=900%2C620&ssl=1&resize=350%2C200 1x, https:\/\/i0.wp.com\/damlazenar.com\/wp-content\/uploads\/2024\/05\/1-1.jpg?fit=900%2C620&ssl=1&resize=525%2C300 1.5x, https:\/\/i0.wp.com\/damlazenar.com\/wp-content\/uploads\/2024\/05\/1-1.jpg?fit=900%2C620&ssl=1&resize=700%2C400 2x"},"classes":[]},{"id":1336,"url":"https:\/\/damlazenar.com\/fr\/dentisterie-restauratrice\/","url_meta":{"origin":1360,"position":3},"title":"Dentisterie restauratrice","author":"Damla Zenar","date":"29 mai 2024","format":false,"excerpt":"En dentisterie restauratrice, la carie dentaire est d\u00e9tect\u00e9e \u00e0 la suite d'un examen intraoral et radiographique, la carie est nettoy\u00e9e sans douleur sous anesth\u00e9sie locale et la cavit\u00e9 r\u00e9sultante est restaur\u00e9e \u00e0 l'aide de mat\u00e9riaux composites ou de porcelaine. Obturations en composite L'obturation en composite, utilis\u00e9e pour r\u00e9parer les dents\u2026","rel":"","context":"Article similaire","block_context":{"text":"Article similaire","link":""},"img":{"alt_text":"","src":"https:\/\/i0.wp.com\/damlazenar.com\/wp-content\/uploads\/2024\/05\/1-17.jpg?fit=900%2C620&ssl=1&resize=350%2C200","width":350,"height":200,"srcset":"https:\/\/i0.wp.com\/damlazenar.com\/wp-content\/uploads\/2024\/05\/1-17.jpg?fit=900%2C620&ssl=1&resize=350%2C200 1x, https:\/\/i0.wp.com\/damlazenar.com\/wp-content\/uploads\/2024\/05\/1-17.jpg?fit=900%2C620&ssl=1&resize=525%2C300 1.5x, https:\/\/i0.wp.com\/damlazenar.com\/wp-content\/uploads\/2024\/05\/1-17.jpg?fit=900%2C620&ssl=1&resize=700%2C400 2x"},"classes":[]},{"id":1332,"url":"https:\/\/damlazenar.com\/fr\/revetements-metallises\/","url_meta":{"origin":1360,"position":4},"title":"Rev\u00eatements m\u00e9tallis\u00e9s","author":"Damla Zenar","date":"29 mai 2024","format":false,"excerpt":"Pourquoi devrais-je pr\u00e9f\u00e9rer l'obturation esth\u00e9tique \u00e0 l'obturation m\u00e9tallique (amalgame) ? En raison de l'\u00e9volution de la technologie dentaire, des recherches sur le suivi des patients et des attentes croissantes des patients, les obturations en m\u00e9tal\/amalgame , qui \u00e9taient beaucoup plus courantes dans le pass\u00e9, ont \u00e9t\u00e9 remplac\u00e9es par des obturations\u2026","rel":"","context":"Article similaire","block_context":{"text":"Article similaire","link":""},"img":{"alt_text":"","src":"https:\/\/i0.wp.com\/damlazenar.com\/wp-content\/uploads\/2024\/05\/3-2.jpg?resize=350%2C200&ssl=1","width":350,"height":200,"srcset":"https:\/\/i0.wp.com\/damlazenar.com\/wp-content\/uploads\/2024\/05\/3-2.jpg?resize=350%2C200&ssl=1 1x, https:\/\/i0.wp.com\/damlazenar.com\/wp-content\/uploads\/2024\/05\/3-2.jpg?resize=525%2C300&ssl=1 1.5x, https:\/\/i0.wp.com\/damlazenar.com\/wp-content\/uploads\/2024\/05\/3-2.jpg?resize=700%2C400&ssl=1 2x"},"classes":[]},{"id":1322,"url":"https:\/\/damlazenar.com\/fr\/stratifies-en-porcelaine\/","url_meta":{"origin":1360,"position":5},"title":"Stratifi\u00e9s en porcelaine","author":"Damla Zenar","date":"29 mai 2024","format":false,"excerpt":"Qu'est-ce que la facette en porcelaine (facette stratifi\u00e9e) ? Il s'agit de feuilles de porcelaine tr\u00e8s fines coll\u00e9es sur les faces avant des dents. Tout le monde m\u00e9rite un beau sourire. Les stratifi\u00e9s en porcelaine sont des restaurations esth\u00e9tiques, protectrices et durables qui peuvent \u00eatre r\u00e9alis\u00e9es sans pratiquement aucune intervention\u2026","rel":"","context":"Article similaire","block_context":{"text":"Article similaire","link":""},"img":{"alt_text":"","src":"https:\/\/i0.wp.com\/damlazenar.com\/wp-content\/uploads\/2024\/05\/1-13.jpg?fit=900%2C620&ssl=1&resize=350%2C200","width":350,"height":200,"srcset":"https:\/\/i0.wp.com\/damlazenar.com\/wp-content\/uploads\/2024\/05\/1-13.jpg?fit=900%2C620&ssl=1&resize=350%2C200 1x, https:\/\/i0.wp.com\/damlazenar.com\/wp-content\/uploads\/2024\/05\/1-13.jpg?fit=900%2C620&ssl=1&resize=525%2C300 1.5x, https:\/\/i0.wp.com\/damlazenar.com\/wp-content\/uploads\/2024\/05\/1-13.jpg?fit=900%2C620&ssl=1&resize=700%2C400 2x"},"classes":[]}],"jetpack_sharing_enabled":true,"_links":{"self":[{"href":"https:\/\/damlazenar.com\/fr\/wp-json\/wp\/v2\/pages\/1360","targetHints":{"allow":["GET"]}}],"collection":[{"href":"https:\/\/damlazenar.com\/fr\/wp-json\/wp\/v2\/pages"}],"about":[{"href":"https:\/\/damlazenar.com\/fr\/wp-json\/wp\/v2\/types\/page"}],"author":[{"embeddable":true,"href":"https:\/\/damlazenar.com\/fr\/wp-json\/wp\/v2\/users\/251217416"}],"replies":[{"embeddable":true,"href":"https:\/\/damlazenar.com\/fr\/wp-json\/wp\/v2\/comments?post=1360"}],"version-history":[{"count":1,"href":"https:\/\/damlazenar.com\/fr\/wp-json\/wp\/v2\/pages\/1360\/revisions"}],"predecessor-version":[{"id":1361,"href":"https:\/\/damlazenar.com\/fr\/wp-json\/wp\/v2\/pages\/1360\/revisions\/1361"}],"wp:attachment":[{"href":"https:\/\/damlazenar.com\/fr\/wp-json\/wp\/v2\/media?parent=1360"}],"curies":[{"name":"wp","href":"https:\/\/api.w.org\/{rel}","templated":true}]}}